{"id":37953,"date":"2025-12-02T16:52:10","date_gmt":"2025-12-02T16:52:10","guid":{"rendered":"https:\/\/www.casa-and-co.com\/?post_type=property&#038;p=37953"},"modified":"2025-12-02T18:04:02","modified_gmt":"2025-12-02T18:04:02","slug":"terrain-a-batir-a-santanyi-a-usage-commercial-industriel-r5","status":"publish","type":"property","link":"https:\/\/www.casa-and-co.com\/fr\/propri\u00e9t\u00e9\/terrain-a-batir-a-santanyi-a-usage-commercial-industriel-r5\/","title":{"rendered":"Terrain \u00e0 b\u00e2tir \u00e0 SANTANYI pour activit\u00e9 COMMERCIALE\/INDUSTRIELLE (R5)"},"content":{"rendered":"<p>5 TERRAINS \u00e0 SANTANYI pour ACTIVIT\u00c9 COMMERCIALE\/INDUSTRIELLE<\/p>\n<p>Parcelles de terrain \u00e0 b\u00e2tir destin\u00e9es \u00e0 une activit\u00e9 commerciale ou industrielle<\/p>\n<p>&nbsp;<\/p>\n<p>Superficie des terrains\u00a0: de 2\u00a0000 \u00e0 4\u00a0400\u00a0m\u00b2<\/p>\n<p>&nbsp;<\/p>\n<p>TAUX D\u2019OCCUPATION MAXIMALE\u00a0: 60\u00a0%<\/p>\n<p>RECULS\u00a0: Fa\u00e7ade\u00a0: 10\u00a0m, c\u00f4t\u00e9s et arri\u00e8re\u00a0: 5\u00a0m<\/p>\n<p>HAUTEUR MAXIMALE\u00a0: 11\u00a0m<\/p>\n<p>SOUS-SOL\u00a0: Usage autoris\u00e9 comme espace de stockage, sous r\u00e9serve d\u2019autorisation sp\u00e9ciale.<\/p>\n<p>SUPERFICIE JARDIN : minimum 10 %<\/p>\n<p>HABITATION : usage interdit, sauf pour un \u00e9ventuel logement de gardien<\/p>\n<p>&nbsp;<\/p>\n<p>Parcelle R8 : superficie 2\u00a0120 m\u00b2, prix 1\u00a0653\u00a0600 \u20ac<\/p>\n<p><strong>PARCELLE R5 : SUPERFICIE 3 298 m\u00b2, PRIX 2 803 300 \u20ac<\/strong><\/p>\n<p>Parcelle R2 : superficie 3\u00a0456 m\u00b2, prix 2\u00a0695\u00a0680 \u20ac<\/p>\n<p>&nbsp;<\/p>\n<ul>\n<li>Et 2 parcelles voisines :<\/li>\n<\/ul>\n<p>Parcelle R9 : superficie 4\u00a0402 m\u00b2, prix 3\u00a0741\u00a0700 \u20ac<\/p>\n<p>Parcelle R10 : superficie 4\u00a0402 m\u00b2, prix 3\u00a0741\u00a0700 \u20ac<\/p>\n<p>&nbsp;<\/p>\n<p>Toutes parcelles avec compteurs pr\u00e9-install\u00e9s.<\/p>\n","protected":false},"excerpt":{"rendered":"<p>5 TERRAINS \u00e0 SANTANYI pour ACTIVIT\u00c9 COMMERCIALE\/INDUSTRIELLE Parcelles de terrain \u00e0 b\u00e2tir destin\u00e9es \u00e0 une activit\u00e9 commerciale ou industrielle &nbsp; Superficie des terrains\u00a0: de 2\u00a0000 \u00e0 4\u00a0400\u00a0m\u00b2 &nbsp; TAUX D\u2019OCCUPATION MAXIMALE\u00a0: 60\u00a0% RECULS\u00a0: Fa\u00e7ade\u00a0: 10\u00a0m, c\u00f4t\u00e9s et arri\u00e8re\u00a0: 5\u00a0m HAUTEUR MAXIMALE\u00a0: 11\u00a0m SOUS-SOL\u00a0: Usage autoris\u00e9 comme espace de stockage, sous r\u00e9serve d\u2019autorisation sp\u00e9ciale. SUPERFICIE JARDIN [&hellip;]<\/p>\n","protected":false},"author":2,"featured_media":37936,"parent":0,"menu_order":8,"template":"","property_type":[339,346,336],"property_status":[76],"property_feature":[],"property_label":[508],"property_country":[],"property_state":[],"property_city":[439],"property_area":[],"class_list":["post-37953","property","type-property","status-publish","has-post-thumbnail","hentry","property_type-appartement","property_type-local-commercial","property_type-terrain-urbain","property_status-en-vente","property_label-en-vente-fr","property_city-santanyi-fr-2"],"property_meta":{"_edit_lock":["1764698503:2"],"_edit_last":["2"],"_wpml_media_duplicate":["1"],"_wpml_media_featured":["1"],"houzez_featured_listing_date":[""],"_wpml_word_count":["155"],"fave_show_price_placeholder":["0"],"fave_property_location":["39.354886718888,3.1278148644653,15"],"houzez_geolocation_lat":["39.354886718888"],"houzez_geolocation_long":["3.1278148644653"],"fave_loggedintoview":["0"],"fave_prop_homeslider":["no"],"complete_open_graph":["a:7:{s:14:\"og:description\";s:0:\"\";s:8:\"og:title\";s:0:\"\";s:7:\"og:type\";s:0:\"\";s:12:\"twitter:card\";s:7:\"summary\";s:15:\"twitter:creator\";s:0:\"\";s:19:\"twitter:description\";s:0:\"\";s:8:\"og:image\";s:0:\"\";}"],"_wpb_vc_js_status":["true"],"_wpb_vc_editor_type":["classic"],"houzez_manual_expire":["0"],"_houzez_expiration_date_status":["saved"],"_thumbnail_id":["37936"],"_last_translation_edit_mode":["native-editor"],"_yoast_wpseo_primary_property_type":["336"],"_yoast_wpseo_primary_property_status":[""],"_yoast_wpseo_primary_property_feature":[""],"_yoast_wpseo_primary_property_label":[""],"_yoast_wpseo_primary_property_country":[""],"_yoast_wpseo_primary_property_state":[""],"_yoast_wpseo_primary_property_city":[""],"_yoast_wpseo_primary_property_area":[""],"_yoast_wpseo_content_score":["90"],"_yoast_wpseo_estimated-reading-time-minutes":["1"],"_wpb_post_custom_layout":["default"],"fave_property_price":["2803300"],"fave_property_id":["S44-R5"],"fave_property_map":["1"],"fave_property_map_address":["SANTANYI"],"fave_property_map_street_view":["hide"],"fave_featured":["0"],"fave_property_images":["37934","37898","37918","37930","37926","37922","37914","37910","37906","37902"],"fave_agent_display_option":["author_info"],"fave_property_land":["3298"],"fave_single_top_area":["global"],"fave_single_content_area":["global"],"houzez_total_property_views":["138"],"houzez_views_by_date":["a:61:{s:10:\"02-15-2026\";i:2;s:10:\"02-16-2026\";i:1;s:10:\"02-17-2026\";i:1;s:10:\"02-18-2026\";i:1;s:10:\"02-19-2026\";i:1;s:10:\"02-20-2026\";i:3;s:10:\"02-21-2026\";i:1;s:10:\"02-22-2026\";i:1;s:10:\"02-23-2026\";i:1;s:10:\"02-24-2026\";i:3;s:10:\"02-26-2026\";i:1;s:10:\"02-27-2026\";i:4;s:10:\"02-28-2026\";i:1;s:10:\"03-02-2026\";i:3;s:10:\"03-03-2026\";i:2;s:10:\"03-05-2026\";i:1;s:10:\"03-06-2026\";i:2;s:10:\"03-07-2026\";i:1;s:10:\"03-08-2026\";i:1;s:10:\"03-09-2026\";i:2;s:10:\"03-10-2026\";i:1;s:10:\"03-12-2026\";i:2;s:10:\"03-13-2026\";i:2;s:10:\"03-15-2026\";i:1;s:10:\"03-16-2026\";i:2;s:10:\"03-17-2026\";i:1;s:10:\"03-18-2026\";i:1;s:10:\"03-19-2026\";i:1;s:10:\"03-20-2026\";i:2;s:10:\"03-21-2026\";i:1;s:10:\"03-22-2026\";i:2;s:10:\"03-23-2026\";i:1;s:10:\"03-24-2026\";i:2;s:10:\"03-25-2026\";i:1;s:10:\"03-26-2026\";i:1;s:10:\"03-27-2026\";i:3;s:10:\"03-29-2026\";i:1;s:10:\"03-30-2026\";i:1;s:10:\"03-31-2026\";i:2;s:10:\"04-02-2026\";i:1;s:10:\"04-03-2026\";i:1;s:10:\"04-04-2026\";i:1;s:10:\"04-06-2026\";i:1;s:10:\"04-07-2026\";i:1;s:10:\"04-08-2026\";i:1;s:10:\"04-10-2026\";i:3;s:10:\"04-12-2026\";i:1;s:10:\"04-14-2026\";i:1;s:10:\"04-15-2026\";i:1;s:10:\"04-17-2026\";i:2;s:10:\"04-18-2026\";i:1;s:10:\"04-19-2026\";i:2;s:10:\"04-20-2026\";i:2;s:10:\"04-21-2026\";i:1;s:10:\"04-22-2026\";i:1;s:10:\"04-24-2026\";i:2;s:10:\"04-26-2026\";i:1;s:10:\"04-28-2026\";i:1;s:10:\"04-29-2026\";i:1;s:10:\"04-30-2026\";i:1;s:10:\"05-01-2026\";i:1;}"],"houzez_recently_viewed":["2026-05-01 07:46:26"]},"yoast_head":"<!-- This site is optimized with the Yoast SEO plugin v26.9 - https:\/\/yoast.com\/product\/yoast-seo-wordpress\/ -->\n<title>Terrain \u00e0 b\u00e2tir \u00e0 SANTANYI pour activit\u00e9 COMMERCIALE\/INDUSTRIELLE (R5) - Casa and Co<\/title>\n<meta name=\"robots\" content=\"index, follow, max-snippet:-1, max-image-preview:large, max-video-preview:-1\" \/>\n<link rel=\"canonical\" href=\"https:\/\/www.casa-and-co.com\/fr\/propri\u00e9t\u00e9\/terrain-a-batir-a-santanyi-a-usage-commercial-industriel-r5\/\" \/>\n<meta property=\"og:locale\" content=\"fr_FR\" \/>\n<meta property=\"og:type\" content=\"article\" \/>\n<meta property=\"og:title\" content=\"Terrain \u00e0 b\u00e2tir \u00e0 SANTANYI pour activit\u00e9 COMMERCIALE\/INDUSTRIELLE (R5) - Casa and Co\" \/>\n<meta property=\"og:description\" content=\"5 TERRAINS \u00e0 SANTANYI pour ACTIVIT\u00c9 COMMERCIALE\/INDUSTRIELLE Parcelles de terrain \u00e0 b\u00e2tir destin\u00e9es \u00e0 une activit\u00e9 commerciale ou industrielle &nbsp; Superficie des terrains\u00a0: de 2\u00a0000 \u00e0 4\u00a0400\u00a0m\u00b2 &nbsp; TAUX D\u2019OCCUPATION MAXIMALE\u00a0: 60\u00a0% RECULS\u00a0: Fa\u00e7ade\u00a0: 10\u00a0m, c\u00f4t\u00e9s et arri\u00e8re\u00a0: 5\u00a0m HAUTEUR MAXIMALE\u00a0: 11\u00a0m SOUS-SOL\u00a0: Usage autoris\u00e9 comme espace de stockage, sous r\u00e9serve d\u2019autorisation sp\u00e9ciale. SUPERFICIE JARDIN [&hellip;]\" \/>\n<meta property=\"og:url\" content=\"https:\/\/www.casa-and-co.com\/fr\/propri\u00e9t\u00e9\/terrain-a-batir-a-santanyi-a-usage-commercial-industriel-r5\/\" \/>\n<meta property=\"og:site_name\" content=\"Casa and Co\" \/>\n<meta property=\"article:modified_time\" content=\"2025-12-02T18:04:02+00:00\" \/>\n<meta property=\"og:image\" content=\"https:\/\/www.casa-and-co.com\/wp-content\/uploads\/2025\/12\/A20250925_132351.jpg\" \/>\n\t<meta property=\"og:image:width\" content=\"1200\" \/>\n\t<meta property=\"og:image:height\" content=\"900\" \/>\n\t<meta property=\"og:image:type\" content=\"image\/jpeg\" \/>\n<meta name=\"twitter:card\" content=\"summary_large_image\" \/>\n<meta name=\"twitter:label1\" content=\"Dur\u00e9e de lecture estim\u00e9e\" \/>\n\t<meta name=\"twitter:data1\" content=\"1 minute\" \/>\n<script type=\"application\/ld+json\" class=\"yoast-schema-graph\">{\"@context\":\"https:\/\/schema.org\",\"@graph\":[{\"@type\":\"WebPage\",\"@id\":\"https:\/\/www.casa-and-co.com\/fr\/propri\u00e9t\u00e9\/terrain-a-batir-a-santanyi-a-usage-commercial-industriel-r5\/\",\"url\":\"https:\/\/www.casa-and-co.com\/fr\/propri\u00e9t\u00e9\/terrain-a-batir-a-santanyi-a-usage-commercial-industriel-r5\/\",\"name\":\"Terrain \u00e0 b\u00e2tir \u00e0 SANTANYI pour activit\u00e9 COMMERCIALE\/INDUSTRIELLE (R5) - Casa and Co\",\"isPartOf\":{\"@id\":\"https:\/\/www.casa-and-co.com\/fr\/#website\"},\"primaryImageOfPage\":{\"@id\":\"https:\/\/www.casa-and-co.com\/fr\/propri\u00e9t\u00e9\/terrain-a-batir-a-santanyi-a-usage-commercial-industriel-r5\/#primaryimage\"},\"image\":{\"@id\":\"https:\/\/www.casa-and-co.com\/fr\/propri\u00e9t\u00e9\/terrain-a-batir-a-santanyi-a-usage-commercial-industriel-r5\/#primaryimage\"},\"thumbnailUrl\":\"https:\/\/www.casa-and-co.com\/wp-content\/uploads\/2025\/12\/A20250925_132351.jpg\",\"datePublished\":\"2025-12-02T16:52:10+00:00\",\"dateModified\":\"2025-12-02T18:04:02+00:00\",\"breadcrumb\":{\"@id\":\"https:\/\/www.casa-and-co.com\/fr\/propri\u00e9t\u00e9\/terrain-a-batir-a-santanyi-a-usage-commercial-industriel-r5\/#breadcrumb\"},\"inLanguage\":\"fr-FR\",\"potentialAction\":[{\"@type\":\"ReadAction\",\"target\":[\"https:\/\/www.casa-and-co.com\/fr\/propri\u00e9t\u00e9\/terrain-a-batir-a-santanyi-a-usage-commercial-industriel-r5\/\"]}]},{\"@type\":\"ImageObject\",\"inLanguage\":\"fr-FR\",\"@id\":\"https:\/\/www.casa-and-co.com\/fr\/propri\u00e9t\u00e9\/terrain-a-batir-a-santanyi-a-usage-commercial-industriel-r5\/#primaryimage\",\"url\":\"https:\/\/www.casa-and-co.com\/wp-content\/uploads\/2025\/12\/A20250925_132351.jpg\",\"contentUrl\":\"https:\/\/www.casa-and-co.com\/wp-content\/uploads\/2025\/12\/A20250925_132351.jpg\",\"width\":1200,\"height\":900},{\"@type\":\"BreadcrumbList\",\"@id\":\"https:\/\/www.casa-and-co.com\/fr\/propri\u00e9t\u00e9\/terrain-a-batir-a-santanyi-a-usage-commercial-industriel-r5\/#breadcrumb\",\"itemListElement\":[{\"@type\":\"ListItem\",\"position\":1,\"name\":\"Portada\",\"item\":\"https:\/\/www.casa-and-co.com\/fr\/\"},{\"@type\":\"ListItem\",\"position\":2,\"name\":\"Propri\u00e9t\u00e9s\",\"item\":\"https:\/\/www.casa-and-co.com\/fr\/propri\u00e9t\u00e9\/\"},{\"@type\":\"ListItem\",\"position\":3,\"name\":\"Terrain \u00e0 b\u00e2tir \u00e0 SANTANYI pour activit\u00e9 COMMERCIALE\/INDUSTRIELLE (R5)\"}]},{\"@type\":\"WebSite\",\"@id\":\"https:\/\/www.casa-and-co.com\/fr\/#website\",\"url\":\"https:\/\/www.casa-and-co.com\/fr\/\",\"name\":\"Casa and Co\",\"description\":\"Real Estate - Santany\u00ed - Mallorca\",\"publisher\":{\"@id\":\"https:\/\/www.casa-and-co.com\/fr\/#organization\"},\"potentialAction\":[{\"@type\":\"SearchAction\",\"target\":{\"@type\":\"EntryPoint\",\"urlTemplate\":\"https:\/\/www.casa-and-co.com\/fr\/?s={search_term_string}\"},\"query-input\":{\"@type\":\"PropertyValueSpecification\",\"valueRequired\":true,\"valueName\":\"search_term_string\"}}],\"inLanguage\":\"fr-FR\"},{\"@type\":\"Organization\",\"@id\":\"https:\/\/www.casa-and-co.com\/fr\/#organization\",\"name\":\"Casa and Co\",\"url\":\"https:\/\/www.casa-and-co.com\/fr\/\",\"logo\":{\"@type\":\"ImageObject\",\"inLanguage\":\"fr-FR\",\"@id\":\"https:\/\/www.casa-and-co.com\/fr\/#\/schema\/logo\/image\/\",\"url\":\"https:\/\/www.casa-and-co.com\/wp-content\/uploads\/2019\/08\/casa-and-co-inmobiliaria-real-estate-mallorca.png\",\"contentUrl\":\"https:\/\/www.casa-and-co.com\/wp-content\/uploads\/2019\/08\/casa-and-co-inmobiliaria-real-estate-mallorca.png\",\"width\":200,\"height\":80,\"caption\":\"Casa and Co\"},\"image\":{\"@id\":\"https:\/\/www.casa-and-co.com\/fr\/#\/schema\/logo\/image\/\"}}]}<\/script>\n<!-- \/ Yoast SEO plugin. -->","yoast_head_json":{"title":"Terrain \u00e0 b\u00e2tir \u00e0 SANTANYI pour activit\u00e9 COMMERCIALE\/INDUSTRIELLE (R5) - Casa and Co","robots":{"index":"index","follow":"follow","max-snippet":"max-snippet:-1","max-image-preview":"max-image-preview:large","max-video-preview":"max-video-preview:-1"},"canonical":"https:\/\/www.casa-and-co.com\/fr\/propri\u00e9t\u00e9\/terrain-a-batir-a-santanyi-a-usage-commercial-industriel-r5\/","og_locale":"fr_FR","og_type":"article","og_title":"Terrain \u00e0 b\u00e2tir \u00e0 SANTANYI pour activit\u00e9 COMMERCIALE\/INDUSTRIELLE (R5) - Casa and Co","og_description":"5 TERRAINS \u00e0 SANTANYI pour ACTIVIT\u00c9 COMMERCIALE\/INDUSTRIELLE Parcelles de terrain \u00e0 b\u00e2tir destin\u00e9es \u00e0 une activit\u00e9 commerciale ou industrielle &nbsp; Superficie des terrains\u00a0: de 2\u00a0000 \u00e0 4\u00a0400\u00a0m\u00b2 &nbsp; TAUX D\u2019OCCUPATION MAXIMALE\u00a0: 60\u00a0% RECULS\u00a0: Fa\u00e7ade\u00a0: 10\u00a0m, c\u00f4t\u00e9s et arri\u00e8re\u00a0: 5\u00a0m HAUTEUR MAXIMALE\u00a0: 11\u00a0m SOUS-SOL\u00a0: Usage autoris\u00e9 comme espace de stockage, sous r\u00e9serve d\u2019autorisation sp\u00e9ciale. SUPERFICIE JARDIN [&hellip;]","og_url":"https:\/\/www.casa-and-co.com\/fr\/propri\u00e9t\u00e9\/terrain-a-batir-a-santanyi-a-usage-commercial-industriel-r5\/","og_site_name":"Casa and Co","article_modified_time":"2025-12-02T18:04:02+00:00","og_image":[{"width":1200,"height":900,"url":"https:\/\/www.casa-and-co.com\/wp-content\/uploads\/2025\/12\/A20250925_132351.jpg","type":"image\/jpeg"}],"twitter_card":"summary_large_image","twitter_misc":{"Dur\u00e9e de lecture estim\u00e9e":"1 minute"},"schema":{"@context":"https:\/\/schema.org","@graph":[{"@type":"WebPage","@id":"https:\/\/www.casa-and-co.com\/fr\/propri\u00e9t\u00e9\/terrain-a-batir-a-santanyi-a-usage-commercial-industriel-r5\/","url":"https:\/\/www.casa-and-co.com\/fr\/propri\u00e9t\u00e9\/terrain-a-batir-a-santanyi-a-usage-commercial-industriel-r5\/","name":"Terrain \u00e0 b\u00e2tir \u00e0 SANTANYI pour activit\u00e9 COMMERCIALE\/INDUSTRIELLE (R5) - Casa and Co","isPartOf":{"@id":"https:\/\/www.casa-and-co.com\/fr\/#website"},"primaryImageOfPage":{"@id":"https:\/\/www.casa-and-co.com\/fr\/propri\u00e9t\u00e9\/terrain-a-batir-a-santanyi-a-usage-commercial-industriel-r5\/#primaryimage"},"image":{"@id":"https:\/\/www.casa-and-co.com\/fr\/propri\u00e9t\u00e9\/terrain-a-batir-a-santanyi-a-usage-commercial-industriel-r5\/#primaryimage"},"thumbnailUrl":"https:\/\/www.casa-and-co.com\/wp-content\/uploads\/2025\/12\/A20250925_132351.jpg","datePublished":"2025-12-02T16:52:10+00:00","dateModified":"2025-12-02T18:04:02+00:00","breadcrumb":{"@id":"https:\/\/www.casa-and-co.com\/fr\/propri\u00e9t\u00e9\/terrain-a-batir-a-santanyi-a-usage-commercial-industriel-r5\/#breadcrumb"},"inLanguage":"fr-FR","potentialAction":[{"@type":"ReadAction","target":["https:\/\/www.casa-and-co.com\/fr\/propri\u00e9t\u00e9\/terrain-a-batir-a-santanyi-a-usage-commercial-industriel-r5\/"]}]},{"@type":"ImageObject","inLanguage":"fr-FR","@id":"https:\/\/www.casa-and-co.com\/fr\/propri\u00e9t\u00e9\/terrain-a-batir-a-santanyi-a-usage-commercial-industriel-r5\/#primaryimage","url":"https:\/\/www.casa-and-co.com\/wp-content\/uploads\/2025\/12\/A20250925_132351.jpg","contentUrl":"https:\/\/www.casa-and-co.com\/wp-content\/uploads\/2025\/12\/A20250925_132351.jpg","width":1200,"height":900},{"@type":"BreadcrumbList","@id":"https:\/\/www.casa-and-co.com\/fr\/propri\u00e9t\u00e9\/terrain-a-batir-a-santanyi-a-usage-commercial-industriel-r5\/#breadcrumb","itemListElement":[{"@type":"ListItem","position":1,"name":"Portada","item":"https:\/\/www.casa-and-co.com\/fr\/"},{"@type":"ListItem","position":2,"name":"Propri\u00e9t\u00e9s","item":"https:\/\/www.casa-and-co.com\/fr\/propri\u00e9t\u00e9\/"},{"@type":"ListItem","position":3,"name":"Terrain \u00e0 b\u00e2tir \u00e0 SANTANYI pour activit\u00e9 COMMERCIALE\/INDUSTRIELLE (R5)"}]},{"@type":"WebSite","@id":"https:\/\/www.casa-and-co.com\/fr\/#website","url":"https:\/\/www.casa-and-co.com\/fr\/","name":"Casa and Co","description":"Real Estate - Santany\u00ed - Mallorca","publisher":{"@id":"https:\/\/www.casa-and-co.com\/fr\/#organization"},"potentialAction":[{"@type":"SearchAction","target":{"@type":"EntryPoint","urlTemplate":"https:\/\/www.casa-and-co.com\/fr\/?s={search_term_string}"},"query-input":{"@type":"PropertyValueSpecification","valueRequired":true,"valueName":"search_term_string"}}],"inLanguage":"fr-FR"},{"@type":"Organization","@id":"https:\/\/www.casa-and-co.com\/fr\/#organization","name":"Casa and Co","url":"https:\/\/www.casa-and-co.com\/fr\/","logo":{"@type":"ImageObject","inLanguage":"fr-FR","@id":"https:\/\/www.casa-and-co.com\/fr\/#\/schema\/logo\/image\/","url":"https:\/\/www.casa-and-co.com\/wp-content\/uploads\/2019\/08\/casa-and-co-inmobiliaria-real-estate-mallorca.png","contentUrl":"https:\/\/www.casa-and-co.com\/wp-content\/uploads\/2019\/08\/casa-and-co-inmobiliaria-real-estate-mallorca.png","width":200,"height":80,"caption":"Casa and Co"},"image":{"@id":"https:\/\/www.casa-and-co.com\/fr\/#\/schema\/logo\/image\/"}}]}},"_links":{"self":[{"href":"https:\/\/www.casa-and-co.com\/fr\/wp-json\/wp\/v2\/properties\/37953","targetHints":{"allow":["GET"]}}],"collection":[{"href":"https:\/\/www.casa-and-co.com\/fr\/wp-json\/wp\/v2\/properties"}],"about":[{"href":"https:\/\/www.casa-and-co.com\/fr\/wp-json\/wp\/v2\/types\/property"}],"author":[{"embeddable":true,"href":"https:\/\/www.casa-and-co.com\/fr\/wp-json\/wp\/v2\/users\/2"}],"version-history":[{"count":3,"href":"https:\/\/www.casa-and-co.com\/fr\/wp-json\/wp\/v2\/properties\/37953\/revisions"}],"predecessor-version":[{"id":37979,"href":"https:\/\/www.casa-and-co.com\/fr\/wp-json\/wp\/v2\/properties\/37953\/revisions\/37979"}],"wp:featuredmedia":[{"embeddable":true,"href":"https:\/\/www.casa-and-co.com\/fr\/wp-json\/wp\/v2\/media\/37936"}],"wp:attachment":[{"href":"https:\/\/www.casa-and-co.com\/fr\/wp-json\/wp\/v2\/media?parent=37953"}],"wp:term":[{"taxonomy":"property_type","embeddable":true,"href":"https:\/\/www.casa-and-co.com\/fr\/wp-json\/wp\/v2\/property_type?post=37953"},{"taxonomy":"property_status","embeddable":true,"href":"https:\/\/www.casa-and-co.com\/fr\/wp-json\/wp\/v2\/property_status?post=37953"},{"taxonomy":"property_feature","embeddable":true,"href":"https:\/\/www.casa-and-co.com\/fr\/wp-json\/wp\/v2\/property_feature?post=37953"},{"taxonomy":"property_label","embeddable":true,"href":"https:\/\/www.casa-and-co.com\/fr\/wp-json\/wp\/v2\/property_label?post=37953"},{"taxonomy":"property_country","embeddable":true,"href":"https:\/\/www.casa-and-co.com\/fr\/wp-json\/wp\/v2\/property_country?post=37953"},{"taxonomy":"property_state","embeddable":true,"href":"https:\/\/www.casa-and-co.com\/fr\/wp-json\/wp\/v2\/property_state?post=37953"},{"taxonomy":"property_city","embeddable":true,"href":"https:\/\/www.casa-and-co.com\/fr\/wp-json\/wp\/v2\/property_city?post=37953"},{"taxonomy":"property_area","embeddable":true,"href":"https:\/\/www.casa-and-co.com\/fr\/wp-json\/wp\/v2\/property_area?post=37953"}],"curies":[{"name":"wp","href":"https:\/\/api.w.org\/{rel}","templated":true}]}}