{"id":37864,"date":"2025-11-28T13:09:41","date_gmt":"2025-11-28T13:09:41","guid":{"rendered":"https:\/\/www.casa-and-co.com\/?post_type=property&#038;p=37864"},"modified":"2025-12-02T13:40:56","modified_gmt":"2025-12-02T13:40:56","slug":"maison-de-village-a-santanyi-a-renover-pres-du-centre","status":"publish","type":"property","link":"https:\/\/www.casa-and-co.com\/fr\/propri\u00e9t\u00e9\/maison-de-village-a-santanyi-a-renover-pres-du-centre\/","title":{"rendered":"MAISON DE VILLAGE \u00e0 SANTANYI, \u00e0 r\u00e9nover pr\u00e8s du centre"},"content":{"rendered":"<p>MAISON DE VILLAGE \u00e0 r\u00e9nover \u00e0 SANTANYI<\/p>\n<p>&nbsp;<\/p>\n<p>Ancienne maison sur deux \u00e9tages avec patio et garage, n\u00e9cessitant des travaux de r\u00e9novation.<\/p>\n<p>\u00c0 200 m du centre-ville et \u00e0 proximit\u00e9 des commerces.<\/p>\n<p>&nbsp;<\/p>\n<p>Inscrite au registre foncier en 1930, elle b\u00e9n\u00e9ficie d&#8217;une belle hauteur sous plafond et de carrelages d&#8217;origine.<\/p>\n<p>&nbsp;<\/p>\n<p>REZ-DE-CHAUSS\u00c9E<\/p>\n<p>2 salles, 3 chambres, cuisine et salle de bains.<\/p>\n<p>Garage, v\u00e9randa et plusieurs d\u00e9pendances dans le patio.<\/p>\n<p>&nbsp;<\/p>\n<p>PREMIER \u00c9TAGE<\/p>\n<p>Appartement s\u00e9par\u00e9, avec 2 salles, 3 chambres, salle de bains, cuisine et grande terrasse avec buanderie.<\/p>\n<p>(Entr\u00e9e ind\u00e9pendante du rez-de-chauss\u00e9e.)<\/p>\n<p>&nbsp;<\/p>\n<p>Superficie du terrain\u00a0: 200 m\u00b2<\/p>\n<p>Surface habitable selon le cadastre\u00a0: 228 m\u00b2<\/p>\n<p>V\u00e9randa\u00a0: environ 30 m\u00b2<\/p>\n<p>+ D\u00e9pendances<\/p>\n","protected":false},"excerpt":{"rendered":"<p>MAISON DE VILLAGE \u00e0 r\u00e9nover \u00e0 SANTANYI &nbsp; Ancienne maison sur deux \u00e9tages avec patio et garage, n\u00e9cessitant des travaux de r\u00e9novation. \u00c0 200 m du centre-ville et \u00e0 proximit\u00e9 des commerces. &nbsp; Inscrite au registre foncier en 1930, elle b\u00e9n\u00e9ficie d&#8217;une belle hauteur sous plafond et de carrelages d&#8217;origine. &nbsp; REZ-DE-CHAUSS\u00c9E 2 salles, 3 [&hellip;]<\/p>\n","protected":false},"author":2,"featured_media":37799,"parent":0,"menu_order":6,"template":"","property_type":[332,324],"property_status":[76],"property_feature":[],"property_label":[508],"property_country":[],"property_state":[],"property_city":[439],"property_area":[],"class_list":["post-37864","property","type-property","status-publish","has-post-thumbnail","hentry","property_type-a-renover","property_type-maison-de-village","property_status-en-vente","property_label-en-vente-fr","property_city-santanyi-fr-2"],"property_meta":{"_edit_lock":["1764682725:2"],"_edit_last":["2"],"_wpml_media_duplicate":["1"],"_wpml_media_featured":["1"],"houzez_featured_listing_date":[""],"_wpml_word_count":["136"],"fave_show_price_placeholder":["0"],"fave_property_location":["39.3561145,3.1391016,15"],"houzez_geolocation_lat":["39.3561145"],"houzez_geolocation_long":["3.1391016"],"fave_loggedintoview":["0"],"fave_prop_homeslider":["no"],"complete_open_graph":["a:7:{s:14:\"og:description\";s:0:\"\";s:8:\"og:title\";s:0:\"\";s:7:\"og:type\";s:0:\"\";s:12:\"twitter:card\";s:7:\"summary\";s:15:\"twitter:creator\";s:0:\"\";s:19:\"twitter:description\";s:0:\"\";s:8:\"og:image\";s:0:\"\";}"],"_wpb_vc_js_status":["true"],"_wpb_vc_editor_type":["classic"],"houzez_manual_expire":["0"],"_houzez_expiration_date_status":["saved"],"_last_translation_edit_mode":["native-editor"],"_yoast_wpseo_primary_property_type":["324"],"_yoast_wpseo_primary_property_status":[""],"_yoast_wpseo_primary_property_feature":[""],"_yoast_wpseo_primary_property_label":["508"],"_yoast_wpseo_primary_property_country":[""],"_yoast_wpseo_primary_property_state":[""],"_yoast_wpseo_primary_property_city":[""],"_yoast_wpseo_primary_property_area":[""],"_yoast_wpseo_content_score":["90"],"_yoast_wpseo_estimated-reading-time-minutes":["1"],"_thumbnail_id":["37799"],"houzez_total_property_views":["163"],"houzez_views_by_date":["a:61:{s:10:\"02-13-2026\";i:1;s:10:\"02-14-2026\";i:1;s:10:\"02-15-2026\";i:2;s:10:\"02-16-2026\";i:1;s:10:\"02-17-2026\";i:2;s:10:\"02-19-2026\";i:2;s:10:\"02-20-2026\";i:2;s:10:\"02-21-2026\";i:1;s:10:\"02-22-2026\";i:2;s:10:\"02-24-2026\";i:3;s:10:\"02-26-2026\";i:1;s:10:\"02-27-2026\";i:2;s:10:\"02-28-2026\";i:1;s:10:\"03-02-2026\";i:2;s:10:\"03-03-2026\";i:1;s:10:\"03-04-2026\";i:1;s:10:\"03-05-2026\";i:1;s:10:\"03-06-2026\";i:1;s:10:\"03-08-2026\";i:2;s:10:\"03-10-2026\";i:1;s:10:\"03-12-2026\";i:2;s:10:\"03-13-2026\";i:2;s:10:\"03-14-2026\";i:1;s:10:\"03-15-2026\";i:1;s:10:\"03-16-2026\";i:3;s:10:\"03-17-2026\";i:1;s:10:\"03-18-2026\";i:2;s:10:\"03-19-2026\";i:1;s:10:\"03-20-2026\";i:1;s:10:\"03-21-2026\";i:2;s:10:\"03-22-2026\";i:1;s:10:\"03-23-2026\";i:1;s:10:\"03-24-2026\";i:2;s:10:\"03-25-2026\";i:1;s:10:\"03-26-2026\";i:1;s:10:\"03-27-2026\";i:4;s:10:\"03-29-2026\";i:2;s:10:\"03-31-2026\";i:2;s:10:\"04-01-2026\";i:1;s:10:\"04-03-2026\";i:2;s:10:\"04-04-2026\";i:1;s:10:\"04-05-2026\";i:1;s:10:\"04-06-2026\";i:2;s:10:\"04-08-2026\";i:1;s:10:\"04-09-2026\";i:1;s:10:\"04-10-2026\";i:2;s:10:\"04-11-2026\";i:1;s:10:\"04-12-2026\";i:1;s:10:\"04-14-2026\";i:2;s:10:\"04-16-2026\";i:1;s:10:\"04-17-2026\";i:1;s:10:\"04-19-2026\";i:2;s:10:\"04-20-2026\";i:2;s:10:\"04-22-2026\";i:2;s:10:\"04-23-2026\";i:2;s:10:\"04-24-2026\";i:3;s:10:\"04-25-2026\";i:2;s:10:\"04-27-2026\";i:1;s:10:\"04-28-2026\";i:1;s:10:\"04-29-2026\";i:1;s:10:\"04-30-2026\";i:1;}"],"houzez_recently_viewed":["2026-04-30 09:13:46"],"_wpb_post_custom_layout":["default"],"fave_property_price":["850000"],"fave_property_size":["228"],"fave_property_bedrooms":["6"],"fave_property_bathrooms":["2"],"fave_property_garage":["si"],"fave_property_year":["1930"],"fave_property_id":["H164"],"fave_property_map":["1"],"fave_property_map_street_view":["hide"],"fave_featured":["0"],"fave_property_images":["37817","37821","37825","37829","37833","37837","37841","37793","37797","37801","37805","37809","37853","37857"],"fave_agent_display_option":["author_info"],"fave_property_land":["200"],"fave_single_top_area":["global"],"fave_single_content_area":["global"],"_elementor_page_assets":["a:0:{}"]},"yoast_head":"<!-- This site is optimized with the Yoast SEO plugin v26.9 - https:\/\/yoast.com\/product\/yoast-seo-wordpress\/ -->\n<title>MAISON DE VILLAGE \u00e0 SANTANYI, \u00e0 r\u00e9nover pr\u00e8s du centre - Casa and Co<\/title>\n<meta name=\"robots\" content=\"index, follow, max-snippet:-1, max-image-preview:large, max-video-preview:-1\" \/>\n<link rel=\"canonical\" href=\"https:\/\/www.casa-and-co.com\/fr\/propri\u00e9t\u00e9\/maison-de-village-a-santanyi-a-renover-pres-du-centre\/\" \/>\n<meta property=\"og:locale\" content=\"fr_FR\" \/>\n<meta property=\"og:type\" content=\"article\" \/>\n<meta property=\"og:title\" content=\"MAISON DE VILLAGE \u00e0 SANTANYI, \u00e0 r\u00e9nover pr\u00e8s du centre - Casa and Co\" \/>\n<meta property=\"og:description\" content=\"MAISON DE VILLAGE \u00e0 r\u00e9nover \u00e0 SANTANYI &nbsp; Ancienne maison sur deux \u00e9tages avec patio et garage, n\u00e9cessitant des travaux de r\u00e9novation. \u00c0 200 m du centre-ville et \u00e0 proximit\u00e9 des commerces. &nbsp; Inscrite au registre foncier en 1930, elle b\u00e9n\u00e9ficie d&#8217;une belle hauteur sous plafond et de carrelages d&#8217;origine. &nbsp; REZ-DE-CHAUSS\u00c9E 2 salles, 3 [&hellip;]\" \/>\n<meta property=\"og:url\" content=\"https:\/\/www.casa-and-co.com\/fr\/propri\u00e9t\u00e9\/maison-de-village-a-santanyi-a-renover-pres-du-centre\/\" \/>\n<meta property=\"og:site_name\" content=\"Casa and Co\" \/>\n<meta property=\"article:modified_time\" content=\"2025-12-02T13:40:56+00:00\" \/>\n<meta property=\"og:image\" content=\"https:\/\/www.casa-and-co.com\/wp-content\/uploads\/2025\/11\/9.20251112_142054.jpg\" \/>\n\t<meta property=\"og:image:width\" content=\"1200\" \/>\n\t<meta property=\"og:image:height\" content=\"900\" \/>\n\t<meta property=\"og:image:type\" content=\"image\/jpeg\" \/>\n<meta name=\"twitter:card\" content=\"summary_large_image\" \/>\n<meta name=\"twitter:label1\" content=\"Dur\u00e9e de lecture estim\u00e9e\" \/>\n\t<meta name=\"twitter:data1\" content=\"1 minute\" \/>\n<script type=\"application\/ld+json\" class=\"yoast-schema-graph\">{\"@context\":\"https:\/\/schema.org\",\"@graph\":[{\"@type\":\"WebPage\",\"@id\":\"https:\/\/www.casa-and-co.com\/fr\/propri\u00e9t\u00e9\/maison-de-village-a-santanyi-a-renover-pres-du-centre\/\",\"url\":\"https:\/\/www.casa-and-co.com\/fr\/propri\u00e9t\u00e9\/maison-de-village-a-santanyi-a-renover-pres-du-centre\/\",\"name\":\"MAISON DE VILLAGE \u00e0 SANTANYI, \u00e0 r\u00e9nover pr\u00e8s du centre - Casa and Co\",\"isPartOf\":{\"@id\":\"https:\/\/www.casa-and-co.com\/fr\/#website\"},\"primaryImageOfPage\":{\"@id\":\"https:\/\/www.casa-and-co.com\/fr\/propri\u00e9t\u00e9\/maison-de-village-a-santanyi-a-renover-pres-du-centre\/#primaryimage\"},\"image\":{\"@id\":\"https:\/\/www.casa-and-co.com\/fr\/propri\u00e9t\u00e9\/maison-de-village-a-santanyi-a-renover-pres-du-centre\/#primaryimage\"},\"thumbnailUrl\":\"https:\/\/www.casa-and-co.com\/wp-content\/uploads\/2025\/11\/9.20251112_142054.jpg\",\"datePublished\":\"2025-11-28T13:09:41+00:00\",\"dateModified\":\"2025-12-02T13:40:56+00:00\",\"breadcrumb\":{\"@id\":\"https:\/\/www.casa-and-co.com\/fr\/propri\u00e9t\u00e9\/maison-de-village-a-santanyi-a-renover-pres-du-centre\/#breadcrumb\"},\"inLanguage\":\"fr-FR\",\"potentialAction\":[{\"@type\":\"ReadAction\",\"target\":[\"https:\/\/www.casa-and-co.com\/fr\/propri\u00e9t\u00e9\/maison-de-village-a-santanyi-a-renover-pres-du-centre\/\"]}]},{\"@type\":\"ImageObject\",\"inLanguage\":\"fr-FR\",\"@id\":\"https:\/\/www.casa-and-co.com\/fr\/propri\u00e9t\u00e9\/maison-de-village-a-santanyi-a-renover-pres-du-centre\/#primaryimage\",\"url\":\"https:\/\/www.casa-and-co.com\/wp-content\/uploads\/2025\/11\/9.20251112_142054.jpg\",\"contentUrl\":\"https:\/\/www.casa-and-co.com\/wp-content\/uploads\/2025\/11\/9.20251112_142054.jpg\",\"width\":1200,\"height\":900},{\"@type\":\"BreadcrumbList\",\"@id\":\"https:\/\/www.casa-and-co.com\/fr\/propri\u00e9t\u00e9\/maison-de-village-a-santanyi-a-renover-pres-du-centre\/#breadcrumb\",\"itemListElement\":[{\"@type\":\"ListItem\",\"position\":1,\"name\":\"Portada\",\"item\":\"https:\/\/www.casa-and-co.com\/fr\/\"},{\"@type\":\"ListItem\",\"position\":2,\"name\":\"Propri\u00e9t\u00e9s\",\"item\":\"https:\/\/www.casa-and-co.com\/fr\/propri\u00e9t\u00e9\/\"},{\"@type\":\"ListItem\",\"position\":3,\"name\":\"MAISON DE VILLAGE \u00e0 SANTANYI, \u00e0 r\u00e9nover pr\u00e8s du centre\"}]},{\"@type\":\"WebSite\",\"@id\":\"https:\/\/www.casa-and-co.com\/fr\/#website\",\"url\":\"https:\/\/www.casa-and-co.com\/fr\/\",\"name\":\"Casa and Co\",\"description\":\"Real Estate - Santany\u00ed - Mallorca\",\"publisher\":{\"@id\":\"https:\/\/www.casa-and-co.com\/fr\/#organization\"},\"potentialAction\":[{\"@type\":\"SearchAction\",\"target\":{\"@type\":\"EntryPoint\",\"urlTemplate\":\"https:\/\/www.casa-and-co.com\/fr\/?s={search_term_string}\"},\"query-input\":{\"@type\":\"PropertyValueSpecification\",\"valueRequired\":true,\"valueName\":\"search_term_string\"}}],\"inLanguage\":\"fr-FR\"},{\"@type\":\"Organization\",\"@id\":\"https:\/\/www.casa-and-co.com\/fr\/#organization\",\"name\":\"Casa and Co\",\"url\":\"https:\/\/www.casa-and-co.com\/fr\/\",\"logo\":{\"@type\":\"ImageObject\",\"inLanguage\":\"fr-FR\",\"@id\":\"https:\/\/www.casa-and-co.com\/fr\/#\/schema\/logo\/image\/\",\"url\":\"https:\/\/www.casa-and-co.com\/wp-content\/uploads\/2019\/08\/casa-and-co-inmobiliaria-real-estate-mallorca.png\",\"contentUrl\":\"https:\/\/www.casa-and-co.com\/wp-content\/uploads\/2019\/08\/casa-and-co-inmobiliaria-real-estate-mallorca.png\",\"width\":200,\"height\":80,\"caption\":\"Casa and Co\"},\"image\":{\"@id\":\"https:\/\/www.casa-and-co.com\/fr\/#\/schema\/logo\/image\/\"}}]}<\/script>\n<!-- \/ Yoast SEO plugin. -->","yoast_head_json":{"title":"MAISON DE VILLAGE \u00e0 SANTANYI, \u00e0 r\u00e9nover pr\u00e8s du centre - Casa and Co","robots":{"index":"index","follow":"follow","max-snippet":"max-snippet:-1","max-image-preview":"max-image-preview:large","max-video-preview":"max-video-preview:-1"},"canonical":"https:\/\/www.casa-and-co.com\/fr\/propri\u00e9t\u00e9\/maison-de-village-a-santanyi-a-renover-pres-du-centre\/","og_locale":"fr_FR","og_type":"article","og_title":"MAISON DE VILLAGE \u00e0 SANTANYI, \u00e0 r\u00e9nover pr\u00e8s du centre - Casa and Co","og_description":"MAISON DE VILLAGE \u00e0 r\u00e9nover \u00e0 SANTANYI &nbsp; Ancienne maison sur deux \u00e9tages avec patio et garage, n\u00e9cessitant des travaux de r\u00e9novation. \u00c0 200 m du centre-ville et \u00e0 proximit\u00e9 des commerces. &nbsp; Inscrite au registre foncier en 1930, elle b\u00e9n\u00e9ficie d&#8217;une belle hauteur sous plafond et de carrelages d&#8217;origine. &nbsp; REZ-DE-CHAUSS\u00c9E 2 salles, 3 [&hellip;]","og_url":"https:\/\/www.casa-and-co.com\/fr\/propri\u00e9t\u00e9\/maison-de-village-a-santanyi-a-renover-pres-du-centre\/","og_site_name":"Casa and Co","article_modified_time":"2025-12-02T13:40:56+00:00","og_image":[{"width":1200,"height":900,"url":"https:\/\/www.casa-and-co.com\/wp-content\/uploads\/2025\/11\/9.20251112_142054.jpg","type":"image\/jpeg"}],"twitter_card":"summary_large_image","twitter_misc":{"Dur\u00e9e de lecture estim\u00e9e":"1 minute"},"schema":{"@context":"https:\/\/schema.org","@graph":[{"@type":"WebPage","@id":"https:\/\/www.casa-and-co.com\/fr\/propri\u00e9t\u00e9\/maison-de-village-a-santanyi-a-renover-pres-du-centre\/","url":"https:\/\/www.casa-and-co.com\/fr\/propri\u00e9t\u00e9\/maison-de-village-a-santanyi-a-renover-pres-du-centre\/","name":"MAISON DE VILLAGE \u00e0 SANTANYI, \u00e0 r\u00e9nover pr\u00e8s du centre - Casa and Co","isPartOf":{"@id":"https:\/\/www.casa-and-co.com\/fr\/#website"},"primaryImageOfPage":{"@id":"https:\/\/www.casa-and-co.com\/fr\/propri\u00e9t\u00e9\/maison-de-village-a-santanyi-a-renover-pres-du-centre\/#primaryimage"},"image":{"@id":"https:\/\/www.casa-and-co.com\/fr\/propri\u00e9t\u00e9\/maison-de-village-a-santanyi-a-renover-pres-du-centre\/#primaryimage"},"thumbnailUrl":"https:\/\/www.casa-and-co.com\/wp-content\/uploads\/2025\/11\/9.20251112_142054.jpg","datePublished":"2025-11-28T13:09:41+00:00","dateModified":"2025-12-02T13:40:56+00:00","breadcrumb":{"@id":"https:\/\/www.casa-and-co.com\/fr\/propri\u00e9t\u00e9\/maison-de-village-a-santanyi-a-renover-pres-du-centre\/#breadcrumb"},"inLanguage":"fr-FR","potentialAction":[{"@type":"ReadAction","target":["https:\/\/www.casa-and-co.com\/fr\/propri\u00e9t\u00e9\/maison-de-village-a-santanyi-a-renover-pres-du-centre\/"]}]},{"@type":"ImageObject","inLanguage":"fr-FR","@id":"https:\/\/www.casa-and-co.com\/fr\/propri\u00e9t\u00e9\/maison-de-village-a-santanyi-a-renover-pres-du-centre\/#primaryimage","url":"https:\/\/www.casa-and-co.com\/wp-content\/uploads\/2025\/11\/9.20251112_142054.jpg","contentUrl":"https:\/\/www.casa-and-co.com\/wp-content\/uploads\/2025\/11\/9.20251112_142054.jpg","width":1200,"height":900},{"@type":"BreadcrumbList","@id":"https:\/\/www.casa-and-co.com\/fr\/propri\u00e9t\u00e9\/maison-de-village-a-santanyi-a-renover-pres-du-centre\/#breadcrumb","itemListElement":[{"@type":"ListItem","position":1,"name":"Portada","item":"https:\/\/www.casa-and-co.com\/fr\/"},{"@type":"ListItem","position":2,"name":"Propri\u00e9t\u00e9s","item":"https:\/\/www.casa-and-co.com\/fr\/propri\u00e9t\u00e9\/"},{"@type":"ListItem","position":3,"name":"MAISON DE VILLAGE \u00e0 SANTANYI, \u00e0 r\u00e9nover pr\u00e8s du centre"}]},{"@type":"WebSite","@id":"https:\/\/www.casa-and-co.com\/fr\/#website","url":"https:\/\/www.casa-and-co.com\/fr\/","name":"Casa and Co","description":"Real Estate - Santany\u00ed - Mallorca","publisher":{"@id":"https:\/\/www.casa-and-co.com\/fr\/#organization"},"potentialAction":[{"@type":"SearchAction","target":{"@type":"EntryPoint","urlTemplate":"https:\/\/www.casa-and-co.com\/fr\/?s={search_term_string}"},"query-input":{"@type":"PropertyValueSpecification","valueRequired":true,"valueName":"search_term_string"}}],"inLanguage":"fr-FR"},{"@type":"Organization","@id":"https:\/\/www.casa-and-co.com\/fr\/#organization","name":"Casa and Co","url":"https:\/\/www.casa-and-co.com\/fr\/","logo":{"@type":"ImageObject","inLanguage":"fr-FR","@id":"https:\/\/www.casa-and-co.com\/fr\/#\/schema\/logo\/image\/","url":"https:\/\/www.casa-and-co.com\/wp-content\/uploads\/2019\/08\/casa-and-co-inmobiliaria-real-estate-mallorca.png","contentUrl":"https:\/\/www.casa-and-co.com\/wp-content\/uploads\/2019\/08\/casa-and-co-inmobiliaria-real-estate-mallorca.png","width":200,"height":80,"caption":"Casa and Co"},"image":{"@id":"https:\/\/www.casa-and-co.com\/fr\/#\/schema\/logo\/image\/"}}]}},"_links":{"self":[{"href":"https:\/\/www.casa-and-co.com\/fr\/wp-json\/wp\/v2\/properties\/37864","targetHints":{"allow":["GET"]}}],"collection":[{"href":"https:\/\/www.casa-and-co.com\/fr\/wp-json\/wp\/v2\/properties"}],"about":[{"href":"https:\/\/www.casa-and-co.com\/fr\/wp-json\/wp\/v2\/types\/property"}],"author":[{"embeddable":true,"href":"https:\/\/www.casa-and-co.com\/fr\/wp-json\/wp\/v2\/users\/2"}],"version-history":[{"count":1,"href":"https:\/\/www.casa-and-co.com\/fr\/wp-json\/wp\/v2\/properties\/37864\/revisions"}],"predecessor-version":[{"id":37865,"href":"https:\/\/www.casa-and-co.com\/fr\/wp-json\/wp\/v2\/properties\/37864\/revisions\/37865"}],"wp:featuredmedia":[{"embeddable":true,"href":"https:\/\/www.casa-and-co.com\/fr\/wp-json\/wp\/v2\/media\/37799"}],"wp:attachment":[{"href":"https:\/\/www.casa-and-co.com\/fr\/wp-json\/wp\/v2\/media?parent=37864"}],"wp:term":[{"taxonomy":"property_type","embeddable":true,"href":"https:\/\/www.casa-and-co.com\/fr\/wp-json\/wp\/v2\/property_type?post=37864"},{"taxonomy":"property_status","embeddable":true,"href":"https:\/\/www.casa-and-co.com\/fr\/wp-json\/wp\/v2\/property_status?post=37864"},{"taxonomy":"property_feature","embeddable":true,"href":"https:\/\/www.casa-and-co.com\/fr\/wp-json\/wp\/v2\/property_feature?post=37864"},{"taxonomy":"property_label","embeddable":true,"href":"https:\/\/www.casa-and-co.com\/fr\/wp-json\/wp\/v2\/property_label?post=37864"},{"taxonomy":"property_country","embeddable":true,"href":"https:\/\/www.casa-and-co.com\/fr\/wp-json\/wp\/v2\/property_country?post=37864"},{"taxonomy":"property_state","embeddable":true,"href":"https:\/\/www.casa-and-co.com\/fr\/wp-json\/wp\/v2\/property_state?post=37864"},{"taxonomy":"property_city","embeddable":true,"href":"https:\/\/www.casa-and-co.com\/fr\/wp-json\/wp\/v2\/property_city?post=37864"},{"taxonomy":"property_area","embeddable":true,"href":"https:\/\/www.casa-and-co.com\/fr\/wp-json\/wp\/v2\/property_area?post=37864"}],"curies":[{"name":"wp","href":"https:\/\/api.w.org\/{rel}","templated":true}]}}