{"id":34989,"date":"2024-06-24T11:04:38","date_gmt":"2024-06-24T11:04:38","guid":{"rendered":"https:\/\/www.casa-and-co.com\/?post_type=property&#038;p=34989"},"modified":"2025-08-08T11:05:57","modified_gmt":"2025-08-08T11:05:57","slug":"maison-de-village-a-es-llombards-avec-piscine-et-garage","status":"publish","type":"property","link":"https:\/\/www.casa-and-co.com\/fr\/propri\u00e9t\u00e9\/maison-de-village-a-es-llombards-avec-piscine-et-garage\/","title":{"rendered":"MAISON DE VILLAGE \u00e0 ES LLOMBARDS, avec PISCINE et GARAGE"},"content":{"rendered":"<p>MAISON DE VILLAGE \u00e0 ES LLOMBARDS, avec PISCINE et GARAGE<\/p>\n<p>Maison datant \u00e0 l&#8217;origine de 1949, avec murs en pierre, enti\u00e8rement r\u00e9nov\u00e9e, \u00e0 3 kms de Santanyi. et aussi des plages.<\/p>\n<p>Elle se compose d&#8217;une maison principale avec quatre chambres et trois salles de bains. Plus une unit\u00e9 ind\u00e9pendante de la maison, type studio, avec une chambre et une salle de bain.<\/p>\n<p>Le total de 300 m\u00e8tres carr\u00e9s est r\u00e9parti comme suit :<\/p>\n<p>&nbsp;<\/p>\n<p>REZ-DE-CHAUSS\u00c9E : entr\u00e9e\/s\u00e9jour avec TV, cuisine enti\u00e8rement \u00e9quip\u00e9e \u2013 salle \u00e0 manger, 2 chambres (actuellement transform\u00e9es en dressings), et salle de bains. Plus buanderie avec acc\u00e8s ext\u00e9rieur<\/p>\n<p>REZ-DE-CHAUSS\u00c9E : un autre salon tr\u00e8s spacieux (4 m\u00e8tres de hauteur sous plafond, poutres apparentes, parquet en ch\u00eane massif, grandes fen\u00eatres et TV 65 pouces), la troisi\u00e8me chambre double avec terrasse et salle de bain en suite, et la quatri\u00e8me chambre de 40 m\u00e8tres. avec salle de bain attenante.<\/p>\n<p>(\u2026quelques d\u00e9tails sur la cuisine avec des \u00e9quipements modernes de luxe, pr\u00e9par\u00e9e pour cuisiner pour 10 personnes : grand r\u00e9frig\u00e9rateur, cong\u00e9lateur. \u00c9quipements de marque Siemens (micro-ondes, lave-vaisselle et cafeti\u00e8re). Plaque de cuisson gaz 5 feux et four \u00e9lectrique de 90 cm de large)<\/p>\n<p>De la cuisine, vous avez un acc\u00e8s direct au porche avec une table \u00e0 manger. Les fen\u00eatres coulissantes la prot\u00e8gent du froid en hiver et s&#8217;ouvrent en \u00e9t\u00e9.<\/p>\n<p>La D\u00cbPENDANCE \/ APPARTEMENT se trouve dans le patio, il fait environ 35 m\u00e8tres carr\u00e9s et se compose d&#8217;une chambre double avec TV, d&#8217;une salle de bain moderne et d&#8217;un r\u00e9frig\u00e9rateur.<\/p>\n<p>PATIO EXT\u00c9RIEUR \/ ESPACE JARDIN\u00a0: porche pr\u00e8s de la cuisine, avec barbecue, piscine (33 m\u00b2) et terrasse avec chaises longues, douche ext\u00e9rieure et espace pergola entour\u00e9 de palmiers.<\/p>\n<p>Elle dispose \u00e9galement d&#8217;un grand GARAGE (26 m\u00b2)<\/p>\n<p>.<\/p>\n<p>&nbsp;<\/p>\n<p>\u00c9QUIPEMENT : Toutes les chambres disposent d&#8217;une connexion sans fil, de matelas de haute qualit\u00e9 et d&#8217;une t\u00e9l\u00e9vision \u00e0 \u00e9cran plat.<\/p>\n<p>Isolation totale des murs, plafonds, fen\u00eatres et portes, associ\u00e9e \u00e0 des ventilateurs de plafond pour un climat frais sain et agr\u00e9able; + air conditionn\u00e9 dans une chambre.<\/p>\n","protected":false},"excerpt":{"rendered":"<p>MAISON DE VILLAGE \u00e0 ES LLOMBARDS, avec PISCINE et GARAGE Maison datant \u00e0 l&#8217;origine de 1949, avec murs en pierre, enti\u00e8rement r\u00e9nov\u00e9e, \u00e0 3 kms de Santanyi. et aussi des plages. Elle se compose d&#8217;une maison principale avec quatre chambres et trois salles de bains. Plus une unit\u00e9 ind\u00e9pendante de la maison, type studio, avec [&hellip;]<\/p>\n","protected":false},"author":2,"featured_media":34929,"parent":0,"menu_order":1,"template":"","property_type":[324],"property_status":[76],"property_feature":[],"property_label":[508],"property_country":[],"property_state":[],"property_city":[],"property_area":[],"class_list":["post-34989","property","type-property","status-publish","has-post-thumbnail","hentry","property_type-maison-de-village","property_status-en-vente","property_label-en-vente-fr"],"property_meta":{"_wpml_word_count":["368"],"_edit_lock":["1754651055:1"],"_edit_last":["1"],"_wpml_media_duplicate":["1"],"_wpml_media_featured":["1"],"houzez_featured_listing_date":[""],"_last_translation_edit_mode":["native-editor"],"fave_show_price_placeholder":["0"],"fave_property_garage_size":["26 m\u00b2"],"fave_swimming-poolf5c61477e456a3":["oui"],"fave_heatf5c751dfe209c2":["oui"],"fave_property_location":["39.3561145,3.1391016,15"],"houzez_geolocation_lat":["39.3561145"],"houzez_geolocation_long":["3.1391016"],"fave_loggedintoview":["0"],"fave_agent_display_option":["author_info"],"fave_prop_homeslider":["no"],"complete_open_graph":["a:7:{s:14:\"og:description\";s:0:\"\";s:8:\"og:title\";s:0:\"\";s:7:\"og:type\";s:0:\"\";s:12:\"twitter:card\";s:7:\"summary\";s:15:\"twitter:creator\";s:0:\"\";s:19:\"twitter:description\";s:0:\"\";s:8:\"og:image\";s:0:\"\";}"],"houzez_manual_expire":["0"],"_houzez_expiration_date_status":["saved"],"_thumbnail_id":["34929"],"_yoast_wpseo_primary_property_type":[""],"_yoast_wpseo_primary_property_status":[""],"_yoast_wpseo_primary_property_feature":[""],"_yoast_wpseo_primary_property_label":[""],"_yoast_wpseo_primary_property_country":[""],"_yoast_wpseo_primary_property_state":[""],"_yoast_wpseo_primary_property_city":[""],"_yoast_wpseo_primary_property_area":[""],"_yoast_wpseo_content_score":["60"],"_yoast_wpseo_estimated-reading-time-minutes":["2"],"_yoast_wpseo_wordproof_timestamp":[""],"houzez_total_property_views":["958"],"houzez_views_by_date":["a:61:{s:10:\"02-09-2026\";i:2;s:10:\"02-10-2026\";i:3;s:10:\"02-11-2026\";i:1;s:10:\"02-12-2026\";i:1;s:10:\"02-13-2026\";i:2;s:10:\"02-14-2026\";i:2;s:10:\"02-15-2026\";i:1;s:10:\"02-16-2026\";i:2;s:10:\"02-17-2026\";i:2;s:10:\"02-18-2026\";i:2;s:10:\"02-19-2026\";i:1;s:10:\"02-20-2026\";i:2;s:10:\"02-21-2026\";i:1;s:10:\"02-22-2026\";i:2;s:10:\"02-23-2026\";i:2;s:10:\"02-24-2026\";i:4;s:10:\"02-25-2026\";i:2;s:10:\"02-27-2026\";i:4;s:10:\"03-02-2026\";i:3;s:10:\"03-03-2026\";i:1;s:10:\"03-05-2026\";i:1;s:10:\"03-06-2026\";i:2;s:10:\"03-07-2026\";i:1;s:10:\"03-08-2026\";i:1;s:10:\"03-09-2026\";i:1;s:10:\"03-12-2026\";i:2;s:10:\"03-13-2026\";i:3;s:10:\"03-14-2026\";i:1;s:10:\"03-15-2026\";i:1;s:10:\"03-16-2026\";i:1;s:10:\"03-17-2026\";i:2;s:10:\"03-19-2026\";i:1;s:10:\"03-20-2026\";i:3;s:10:\"03-21-2026\";i:2;s:10:\"03-22-2026\";i:1;s:10:\"03-23-2026\";i:1;s:10:\"03-24-2026\";i:2;s:10:\"03-26-2026\";i:1;s:10:\"03-27-2026\";i:4;s:10:\"03-29-2026\";i:1;s:10:\"03-30-2026\";i:1;s:10:\"03-31-2026\";i:2;s:10:\"04-01-2026\";i:1;s:10:\"04-03-2026\";i:1;s:10:\"04-05-2026\";i:1;s:10:\"04-06-2026\";i:1;s:10:\"04-07-2026\";i:1;s:10:\"04-08-2026\";i:1;s:10:\"04-09-2026\";i:2;s:10:\"04-10-2026\";i:1;s:10:\"04-11-2026\";i:1;s:10:\"04-12-2026\";i:2;s:10:\"04-13-2026\";i:2;s:10:\"04-14-2026\";i:1;s:10:\"04-17-2026\";i:2;s:10:\"04-18-2026\";i:1;s:10:\"04-19-2026\";i:2;s:10:\"04-22-2026\";i:1;s:10:\"04-24-2026\";i:1;s:10:\"04-26-2026\";i:1;s:10:\"04-27-2026\";i:1;}"],"houzez_recently_viewed":["2026-04-27 21:05:28"],"_wpb_vc_js_status":["true"],"_wpb_post_custom_layout":["default"],"rank_math_primary_property_type":[""],"rank_math_primary_property_status":[""],"rank_math_primary_property_feature":[""],"rank_math_primary_property_label":[""],"rank_math_primary_property_country":[""],"rank_math_primary_property_state":[""],"rank_math_primary_property_city":[""],"rank_math_primary_property_area":[""],"rank_math_news_sitemap_robots":["index"],"rank_math_robots":["a:1:{i:0;s:5:\"index\";}"],"rank_math_analytic_object_id":["20"],"fave_property_images":["34919","34923","34927","34931","34935","34939","34943","34947","34951","34955","34959","34963","34967","34971","34975","34979","34895","34899","34903","34907","34911","34915"],"_wpb_vc_editor_type":["backend"],"fave_property_price":["1880000"],"fave_property_size":["300"],"fave_property_bedrooms":["5"],"fave_property_bathrooms":["4"],"fave_property_id":["H149"],"fave_property_map":["1"],"fave_property_map_address":["ES LLOMBARDS \/ SANTANYI"],"fave_property_map_street_view":["show"],"fave_featured":["0"],"fave_property_land":["530"],"fave_single_top_area":["global"],"fave_single_content_area":["global"],"_yoast_wpseo_metadesc":["Maison de village \u00e0 Es Llombards avec piscine, garage, 5 chambres et studio ind\u00e9pendant, enti\u00e8rement r\u00e9nov\u00e9e, proche de Santany\u00ed et des plages."],"_elementor_page_assets":["a:0:{}"]},"yoast_head":"<!-- This site is optimized with the Yoast SEO plugin v26.9 - https:\/\/yoast.com\/product\/yoast-seo-wordpress\/ -->\n<title>MAISON DE VILLAGE \u00e0 ES LLOMBARDS, avec PISCINE et GARAGE - Casa and Co<\/title>\n<meta name=\"description\" content=\"Maison de village \u00e0 Es Llombards avec piscine, garage, 5 chambres et studio ind\u00e9pendant, enti\u00e8rement r\u00e9nov\u00e9e, proche de Santany\u00ed et des plages.\" \/>\n<meta name=\"robots\" content=\"index, follow, max-snippet:-1, max-image-preview:large, max-video-preview:-1\" \/>\n<link rel=\"canonical\" href=\"https:\/\/www.casa-and-co.com\/fr\/propri\u00e9t\u00e9\/maison-de-village-a-es-llombards-avec-piscine-et-garage\/\" \/>\n<meta property=\"og:locale\" content=\"fr_FR\" \/>\n<meta property=\"og:type\" content=\"article\" \/>\n<meta property=\"og:title\" content=\"MAISON DE VILLAGE \u00e0 ES LLOMBARDS, avec PISCINE et GARAGE - Casa and Co\" \/>\n<meta property=\"og:description\" content=\"Maison de village \u00e0 Es Llombards avec piscine, garage, 5 chambres et studio ind\u00e9pendant, enti\u00e8rement r\u00e9nov\u00e9e, proche de Santany\u00ed et des plages.\" \/>\n<meta property=\"og:url\" content=\"https:\/\/www.casa-and-co.com\/fr\/propri\u00e9t\u00e9\/maison-de-village-a-es-llombards-avec-piscine-et-garage\/\" \/>\n<meta property=\"og:site_name\" content=\"Casa and Co\" \/>\n<meta property=\"article:modified_time\" content=\"2025-08-08T11:05:57+00:00\" \/>\n<meta property=\"og:image\" content=\"https:\/\/www.casa-and-co.com\/wp-content\/uploads\/2024\/06\/3.IC001CN-R.Web-0015.jpg\" \/>\n\t<meta property=\"og:image:width\" content=\"1200\" \/>\n\t<meta property=\"og:image:height\" content=\"800\" \/>\n\t<meta property=\"og:image:type\" content=\"image\/jpeg\" \/>\n<meta name=\"twitter:card\" content=\"summary_large_image\" \/>\n<meta name=\"twitter:label1\" content=\"Dur\u00e9e de lecture estim\u00e9e\" \/>\n\t<meta name=\"twitter:data1\" content=\"2 minutes\" \/>\n<script type=\"application\/ld+json\" class=\"yoast-schema-graph\">{\"@context\":\"https:\/\/schema.org\",\"@graph\":[{\"@type\":\"WebPage\",\"@id\":\"https:\/\/www.casa-and-co.com\/fr\/propri\u00e9t\u00e9\/maison-de-village-a-es-llombards-avec-piscine-et-garage\/\",\"url\":\"https:\/\/www.casa-and-co.com\/fr\/propri\u00e9t\u00e9\/maison-de-village-a-es-llombards-avec-piscine-et-garage\/\",\"name\":\"MAISON DE VILLAGE \u00e0 ES LLOMBARDS, avec PISCINE et GARAGE - Casa and Co\",\"isPartOf\":{\"@id\":\"https:\/\/www.casa-and-co.com\/fr\/#website\"},\"primaryImageOfPage\":{\"@id\":\"https:\/\/www.casa-and-co.com\/fr\/propri\u00e9t\u00e9\/maison-de-village-a-es-llombards-avec-piscine-et-garage\/#primaryimage\"},\"image\":{\"@id\":\"https:\/\/www.casa-and-co.com\/fr\/propri\u00e9t\u00e9\/maison-de-village-a-es-llombards-avec-piscine-et-garage\/#primaryimage\"},\"thumbnailUrl\":\"https:\/\/www.casa-and-co.com\/wp-content\/uploads\/2024\/06\/3.IC001CN-R.Web-0015.jpg\",\"datePublished\":\"2024-06-24T11:04:38+00:00\",\"dateModified\":\"2025-08-08T11:05:57+00:00\",\"description\":\"Maison de village \u00e0 Es Llombards avec piscine, garage, 5 chambres et studio ind\u00e9pendant, enti\u00e8rement r\u00e9nov\u00e9e, proche de Santany\u00ed et des plages.\",\"breadcrumb\":{\"@id\":\"https:\/\/www.casa-and-co.com\/fr\/propri\u00e9t\u00e9\/maison-de-village-a-es-llombards-avec-piscine-et-garage\/#breadcrumb\"},\"inLanguage\":\"fr-FR\",\"potentialAction\":[{\"@type\":\"ReadAction\",\"target\":[\"https:\/\/www.casa-and-co.com\/fr\/propri\u00e9t\u00e9\/maison-de-village-a-es-llombards-avec-piscine-et-garage\/\"]}]},{\"@type\":\"ImageObject\",\"inLanguage\":\"fr-FR\",\"@id\":\"https:\/\/www.casa-and-co.com\/fr\/propri\u00e9t\u00e9\/maison-de-village-a-es-llombards-avec-piscine-et-garage\/#primaryimage\",\"url\":\"https:\/\/www.casa-and-co.com\/wp-content\/uploads\/2024\/06\/3.IC001CN-R.Web-0015.jpg\",\"contentUrl\":\"https:\/\/www.casa-and-co.com\/wp-content\/uploads\/2024\/06\/3.IC001CN-R.Web-0015.jpg\",\"width\":1200,\"height\":800,\"caption\":\"fotografia de arquitectura e interiorismo\"},{\"@type\":\"BreadcrumbList\",\"@id\":\"https:\/\/www.casa-and-co.com\/fr\/propri\u00e9t\u00e9\/maison-de-village-a-es-llombards-avec-piscine-et-garage\/#breadcrumb\",\"itemListElement\":[{\"@type\":\"ListItem\",\"position\":1,\"name\":\"Portada\",\"item\":\"https:\/\/www.casa-and-co.com\/fr\/\"},{\"@type\":\"ListItem\",\"position\":2,\"name\":\"Propri\u00e9t\u00e9s\",\"item\":\"https:\/\/www.casa-and-co.com\/fr\/propri\u00e9t\u00e9\/\"},{\"@type\":\"ListItem\",\"position\":3,\"name\":\"MAISON DE VILLAGE \u00e0 ES LLOMBARDS, avec PISCINE et GARAGE\"}]},{\"@type\":\"WebSite\",\"@id\":\"https:\/\/www.casa-and-co.com\/fr\/#website\",\"url\":\"https:\/\/www.casa-and-co.com\/fr\/\",\"name\":\"Casa and Co\",\"description\":\"Real Estate - Santany\u00ed - Mallorca\",\"publisher\":{\"@id\":\"https:\/\/www.casa-and-co.com\/fr\/#organization\"},\"potentialAction\":[{\"@type\":\"SearchAction\",\"target\":{\"@type\":\"EntryPoint\",\"urlTemplate\":\"https:\/\/www.casa-and-co.com\/fr\/?s={search_term_string}\"},\"query-input\":{\"@type\":\"PropertyValueSpecification\",\"valueRequired\":true,\"valueName\":\"search_term_string\"}}],\"inLanguage\":\"fr-FR\"},{\"@type\":\"Organization\",\"@id\":\"https:\/\/www.casa-and-co.com\/fr\/#organization\",\"name\":\"Casa and Co\",\"url\":\"https:\/\/www.casa-and-co.com\/fr\/\",\"logo\":{\"@type\":\"ImageObject\",\"inLanguage\":\"fr-FR\",\"@id\":\"https:\/\/www.casa-and-co.com\/fr\/#\/schema\/logo\/image\/\",\"url\":\"https:\/\/www.casa-and-co.com\/wp-content\/uploads\/2019\/08\/casa-and-co-inmobiliaria-real-estate-mallorca.png\",\"contentUrl\":\"https:\/\/www.casa-and-co.com\/wp-content\/uploads\/2019\/08\/casa-and-co-inmobiliaria-real-estate-mallorca.png\",\"width\":200,\"height\":80,\"caption\":\"Casa and Co\"},\"image\":{\"@id\":\"https:\/\/www.casa-and-co.com\/fr\/#\/schema\/logo\/image\/\"}}]}<\/script>\n<!-- \/ Yoast SEO plugin. -->","yoast_head_json":{"title":"MAISON DE VILLAGE \u00e0 ES LLOMBARDS, avec PISCINE et GARAGE - Casa and Co","description":"Maison de village \u00e0 Es Llombards avec piscine, garage, 5 chambres et studio ind\u00e9pendant, enti\u00e8rement r\u00e9nov\u00e9e, proche de Santany\u00ed et des plages.","robots":{"index":"index","follow":"follow","max-snippet":"max-snippet:-1","max-image-preview":"max-image-preview:large","max-video-preview":"max-video-preview:-1"},"canonical":"https:\/\/www.casa-and-co.com\/fr\/propri\u00e9t\u00e9\/maison-de-village-a-es-llombards-avec-piscine-et-garage\/","og_locale":"fr_FR","og_type":"article","og_title":"MAISON DE VILLAGE \u00e0 ES LLOMBARDS, avec PISCINE et GARAGE - Casa and Co","og_description":"Maison de village \u00e0 Es Llombards avec piscine, garage, 5 chambres et studio ind\u00e9pendant, enti\u00e8rement r\u00e9nov\u00e9e, proche de Santany\u00ed et des plages.","og_url":"https:\/\/www.casa-and-co.com\/fr\/propri\u00e9t\u00e9\/maison-de-village-a-es-llombards-avec-piscine-et-garage\/","og_site_name":"Casa and Co","article_modified_time":"2025-08-08T11:05:57+00:00","og_image":[{"width":1200,"height":800,"url":"https:\/\/www.casa-and-co.com\/wp-content\/uploads\/2024\/06\/3.IC001CN-R.Web-0015.jpg","type":"image\/jpeg"}],"twitter_card":"summary_large_image","twitter_misc":{"Dur\u00e9e de lecture estim\u00e9e":"2 minutes"},"schema":{"@context":"https:\/\/schema.org","@graph":[{"@type":"WebPage","@id":"https:\/\/www.casa-and-co.com\/fr\/propri\u00e9t\u00e9\/maison-de-village-a-es-llombards-avec-piscine-et-garage\/","url":"https:\/\/www.casa-and-co.com\/fr\/propri\u00e9t\u00e9\/maison-de-village-a-es-llombards-avec-piscine-et-garage\/","name":"MAISON DE VILLAGE \u00e0 ES LLOMBARDS, avec PISCINE et GARAGE - Casa and Co","isPartOf":{"@id":"https:\/\/www.casa-and-co.com\/fr\/#website"},"primaryImageOfPage":{"@id":"https:\/\/www.casa-and-co.com\/fr\/propri\u00e9t\u00e9\/maison-de-village-a-es-llombards-avec-piscine-et-garage\/#primaryimage"},"image":{"@id":"https:\/\/www.casa-and-co.com\/fr\/propri\u00e9t\u00e9\/maison-de-village-a-es-llombards-avec-piscine-et-garage\/#primaryimage"},"thumbnailUrl":"https:\/\/www.casa-and-co.com\/wp-content\/uploads\/2024\/06\/3.IC001CN-R.Web-0015.jpg","datePublished":"2024-06-24T11:04:38+00:00","dateModified":"2025-08-08T11:05:57+00:00","description":"Maison de village \u00e0 Es Llombards avec piscine, garage, 5 chambres et studio ind\u00e9pendant, enti\u00e8rement r\u00e9nov\u00e9e, proche de Santany\u00ed et des plages.","breadcrumb":{"@id":"https:\/\/www.casa-and-co.com\/fr\/propri\u00e9t\u00e9\/maison-de-village-a-es-llombards-avec-piscine-et-garage\/#breadcrumb"},"inLanguage":"fr-FR","potentialAction":[{"@type":"ReadAction","target":["https:\/\/www.casa-and-co.com\/fr\/propri\u00e9t\u00e9\/maison-de-village-a-es-llombards-avec-piscine-et-garage\/"]}]},{"@type":"ImageObject","inLanguage":"fr-FR","@id":"https:\/\/www.casa-and-co.com\/fr\/propri\u00e9t\u00e9\/maison-de-village-a-es-llombards-avec-piscine-et-garage\/#primaryimage","url":"https:\/\/www.casa-and-co.com\/wp-content\/uploads\/2024\/06\/3.IC001CN-R.Web-0015.jpg","contentUrl":"https:\/\/www.casa-and-co.com\/wp-content\/uploads\/2024\/06\/3.IC001CN-R.Web-0015.jpg","width":1200,"height":800,"caption":"fotografia de arquitectura e interiorismo"},{"@type":"BreadcrumbList","@id":"https:\/\/www.casa-and-co.com\/fr\/propri\u00e9t\u00e9\/maison-de-village-a-es-llombards-avec-piscine-et-garage\/#breadcrumb","itemListElement":[{"@type":"ListItem","position":1,"name":"Portada","item":"https:\/\/www.casa-and-co.com\/fr\/"},{"@type":"ListItem","position":2,"name":"Propri\u00e9t\u00e9s","item":"https:\/\/www.casa-and-co.com\/fr\/propri\u00e9t\u00e9\/"},{"@type":"ListItem","position":3,"name":"MAISON DE VILLAGE \u00e0 ES LLOMBARDS, avec PISCINE et GARAGE"}]},{"@type":"WebSite","@id":"https:\/\/www.casa-and-co.com\/fr\/#website","url":"https:\/\/www.casa-and-co.com\/fr\/","name":"Casa and Co","description":"Real Estate - Santany\u00ed - Mallorca","publisher":{"@id":"https:\/\/www.casa-and-co.com\/fr\/#organization"},"potentialAction":[{"@type":"SearchAction","target":{"@type":"EntryPoint","urlTemplate":"https:\/\/www.casa-and-co.com\/fr\/?s={search_term_string}"},"query-input":{"@type":"PropertyValueSpecification","valueRequired":true,"valueName":"search_term_string"}}],"inLanguage":"fr-FR"},{"@type":"Organization","@id":"https:\/\/www.casa-and-co.com\/fr\/#organization","name":"Casa and Co","url":"https:\/\/www.casa-and-co.com\/fr\/","logo":{"@type":"ImageObject","inLanguage":"fr-FR","@id":"https:\/\/www.casa-and-co.com\/fr\/#\/schema\/logo\/image\/","url":"https:\/\/www.casa-and-co.com\/wp-content\/uploads\/2019\/08\/casa-and-co-inmobiliaria-real-estate-mallorca.png","contentUrl":"https:\/\/www.casa-and-co.com\/wp-content\/uploads\/2019\/08\/casa-and-co-inmobiliaria-real-estate-mallorca.png","width":200,"height":80,"caption":"Casa and Co"},"image":{"@id":"https:\/\/www.casa-and-co.com\/fr\/#\/schema\/logo\/image\/"}}]}},"_links":{"self":[{"href":"https:\/\/www.casa-and-co.com\/fr\/wp-json\/wp\/v2\/properties\/34989","targetHints":{"allow":["GET"]}}],"collection":[{"href":"https:\/\/www.casa-and-co.com\/fr\/wp-json\/wp\/v2\/properties"}],"about":[{"href":"https:\/\/www.casa-and-co.com\/fr\/wp-json\/wp\/v2\/types\/property"}],"author":[{"embeddable":true,"href":"https:\/\/www.casa-and-co.com\/fr\/wp-json\/wp\/v2\/users\/2"}],"version-history":[{"count":3,"href":"https:\/\/www.casa-and-co.com\/fr\/wp-json\/wp\/v2\/properties\/34989\/revisions"}],"predecessor-version":[{"id":36832,"href":"https:\/\/www.casa-and-co.com\/fr\/wp-json\/wp\/v2\/properties\/34989\/revisions\/36832"}],"wp:featuredmedia":[{"embeddable":true,"href":"https:\/\/www.casa-and-co.com\/fr\/wp-json\/wp\/v2\/media\/34929"}],"wp:attachment":[{"href":"https:\/\/www.casa-and-co.com\/fr\/wp-json\/wp\/v2\/media?parent=34989"}],"wp:term":[{"taxonomy":"property_type","embeddable":true,"href":"https:\/\/www.casa-and-co.com\/fr\/wp-json\/wp\/v2\/property_type?post=34989"},{"taxonomy":"property_status","embeddable":true,"href":"https:\/\/www.casa-and-co.com\/fr\/wp-json\/wp\/v2\/property_status?post=34989"},{"taxonomy":"property_feature","embeddable":true,"href":"https:\/\/www.casa-and-co.com\/fr\/wp-json\/wp\/v2\/property_feature?post=34989"},{"taxonomy":"property_label","embeddable":true,"href":"https:\/\/www.casa-and-co.com\/fr\/wp-json\/wp\/v2\/property_label?post=34989"},{"taxonomy":"property_country","embeddable":true,"href":"https:\/\/www.casa-and-co.com\/fr\/wp-json\/wp\/v2\/property_country?post=34989"},{"taxonomy":"property_state","embeddable":true,"href":"https:\/\/www.casa-and-co.com\/fr\/wp-json\/wp\/v2\/property_state?post=34989"},{"taxonomy":"property_city","embeddable":true,"href":"https:\/\/www.casa-and-co.com\/fr\/wp-json\/wp\/v2\/property_city?post=34989"},{"taxonomy":"property_area","embeddable":true,"href":"https:\/\/www.casa-and-co.com\/fr\/wp-json\/wp\/v2\/property_area?post=34989"}],"curies":[{"name":"wp","href":"https:\/\/api.w.org\/{rel}","templated":true}]}}