{"id":32684,"date":"2023-06-16T11:02:14","date_gmt":"2023-06-16T11:02:14","guid":{"rendered":"https:\/\/www.casa-and-co.com\/?post_type=property&#038;p=32684"},"modified":"2025-04-29T10:46:28","modified_gmt":"2025-04-29T10:46:28","slug":"maison-de-village-moderne-a-ses-salines-ref-h146","status":"publish","type":"property","link":"https:\/\/www.casa-and-co.com\/fr\/propri\u00e9t\u00e9\/maison-de-village-moderne-a-ses-salines-ref-h146\/","title":{"rendered":"MAISON DE VILLAGE MODERNE \u00e0 SES SALINES       R\u00e9f H146"},"content":{"rendered":"<p>MAISON DE VILLAGE MODERNE \u00e0 SES SALINES \u00a0\u00a0\u00a0\u00a0\u00a0 R\u00e9f H146<\/p>\n<p>Cette maison de ville de style moderne est situ\u00e9e dans le quartier populaire de Ses Salines, \u00e0 seulement 12 minutes en voiture du littoral pittoresque de Colonia San Jordi et de la magnifique plage naturelle d&#8217;Es Trenc.<\/p>\n<p>Restaurants, bars et boutiques sont facilement accessibles \u00e0 pied.<\/p>\n<p>Dans une rue calme au sud, 168 m\u00b2 habitables \u00e9difi\u00e9s sur diff\u00e9rents niveaux vous attendent :<\/p>\n<p>Hall d&#8217;entr\u00e9e, cuisine ouverte enti\u00e8rement \u00e9quip\u00e9e avec snack, et salle \u00e0 manger avec de grandes baies vitr\u00e9es coulissantes et acc\u00e8s direct au patio ext\u00e9rieur plant\u00e9 et am\u00e9nag\u00e9 avec go\u00fbt (qui offre \u00e9galement un espace pour la construction d&#8217;une petite piscine);<\/p>\n<p>Au niveau sup\u00e9rieur se trouve un salon lumineux avec une bonne hauteur sous plafond et un balcon-terrasse orient\u00e9 au sud, avec de grandes baies vitr\u00e9es sur toute la largeur de la pi\u00e8ce. Vous pouvez m\u00eame voir un peu de littoral et l&#8217;\u00eele de Cabrera au loin.<\/p>\n<p>Au total, 3 chambres doubles (1 en bas et 2 en haut) avec placards, et 2 salles de bains;<\/p>\n<p>Au niveau sup\u00e9rieur il y a un espace de type mezzanine pour un bureau, et un acc\u00e8s au roof top (avec coin buanderie)<\/p>\n<p>Et en bas devant la maison : une place de parking pour 1 \u00e0 2 voitures.<\/p>\n<p>Le chauffage au sol et la climatisation maintiennent un climat int\u00e9rieur agr\u00e9able tout au long de l&#8217;ann\u00e9e.<\/p>\n<p>Elle est vendue meubl\u00e9e.<\/p>\n","protected":false},"excerpt":{"rendered":"<p>MAISON DE VILLAGE MODERNE \u00e0 SES SALINES \u00a0\u00a0\u00a0\u00a0\u00a0 R\u00e9f H146 Cette maison de ville de style moderne est situ\u00e9e dans le quartier populaire de Ses Salines, \u00e0 seulement 12 minutes en voiture du littoral pittoresque de Colonia San Jordi et de la magnifique plage naturelle d&#8217;Es Trenc. Restaurants, bars et boutiques sont facilement accessibles \u00e0 [&hellip;]<\/p>\n","protected":false},"author":2,"featured_media":32643,"parent":0,"menu_order":80,"template":"","property_type":[324],"property_status":[76],"property_feature":[],"property_label":[508,449],"property_country":[],"property_state":[],"property_city":[107],"property_area":[],"class_list":["post-32684","property","type-property","status-publish","has-post-thumbnail","hentry","property_type-maison-de-village","property_status-en-vente","property_label-en-vente-fr","property_label-en-vente","property_city-ses-salines-fr"],"property_meta":{"_wpml_word_count":["238"],"_edit_lock":["1686913203:2"],"_edit_last":["2"],"_wpml_media_duplicate":["1"],"_wpml_media_featured":["1"],"fave_property_map":["1"],"fave_property_map_street_view":["hide"],"fave_featured":["0"],"fave_single_top_area":["global"],"fave_single_content_area":["global"],"_last_translation_edit_mode":["translation-editor"],"complete_open_graph":["a:7:{s:14:\"og:description\";s:0:\"\";s:8:\"og:title\";s:0:\"\";s:7:\"og:type\";s:0:\"\";s:12:\"twitter:card\";s:7:\"summary\";s:15:\"twitter:creator\";s:0:\"\";s:19:\"twitter:description\";s:0:\"\";s:8:\"og:image\";s:0:\"\";}"],"_yoast_wpseo_content_score":["90"],"_yoast_wpseo_estimated-reading-time-minutes":["2"],"_yoast_wpseo_wordproof_timestamp":[""],"fave_swimming-poolf5c61477e456a3":["possible"],"fave_heatf5c751dfe209c2":["oui"],"fave_property_location":["39.3561145,3.1391016,15"],"houzez_geolocation_lat":["39.3561145"],"houzez_geolocation_long":["3.1391016"],"fave_loggedintoview":["0"],"fave_agent_display_option":["author_info"],"fave_prop_homeslider":["no"],"_wpml_media_has_media":["1"],"houzez_manual_expire":["0"],"_houzez_expiration_date_status":["saved"],"fave_property_price":["657000"],"fave_property_bedrooms":["3"],"fave_property_bathrooms":["2"],"fave_property_garage":["1-2"],"fave_property_year":["2009"],"fave_property_id":["H146"],"fave_property_map_address":["Ses Salines"],"fave_property_images":["32591","32595","32599","32603","32607","32611","32615","32619","32627","32631","32635","32639","32671","32643","32647","32651","32655","32659","32663","32667","32675","32623","32587"],"fave_property_land":["112"],"_yoast_wpseo_primary_property_type":[""],"_yoast_wpseo_primary_property_status":[""],"_yoast_wpseo_primary_property_feature":[""],"_yoast_wpseo_primary_property_label":["449"],"_yoast_wpseo_primary_property_country":[""],"_yoast_wpseo_primary_property_state":[""],"_yoast_wpseo_primary_property_city":[""],"_yoast_wpseo_primary_property_area":[""],"houzez_total_property_views":["1026"],"houzez_views_by_date":["a:61:{s:10:\"11-21-2025\";i:2;s:10:\"11-28-2025\";i:1;s:10:\"12-01-2025\";i:1;s:10:\"12-05-2025\";i:1;s:10:\"12-07-2025\";i:1;s:10:\"12-09-2025\";i:1;s:10:\"12-10-2025\";i:2;s:10:\"12-11-2025\";i:1;s:10:\"12-12-2025\";i:1;s:10:\"12-15-2025\";i:1;s:10:\"12-19-2025\";i:1;s:10:\"12-20-2025\";i:1;s:10:\"12-22-2025\";i:1;s:10:\"12-26-2025\";i:1;s:10:\"12-30-2025\";i:1;s:10:\"01-02-2026\";i:1;s:10:\"01-03-2026\";i:1;s:10:\"01-09-2026\";i:1;s:10:\"01-14-2026\";i:1;s:10:\"01-16-2026\";i:1;s:10:\"01-19-2026\";i:1;s:10:\"01-22-2026\";i:1;s:10:\"01-23-2026\";i:1;s:10:\"01-27-2026\";i:1;s:10:\"01-29-2026\";i:1;s:10:\"01-30-2026\";i:1;s:10:\"02-02-2026\";i:1;s:10:\"02-06-2026\";i:4;s:10:\"02-07-2026\";i:2;s:10:\"02-09-2026\";i:2;s:10:\"02-10-2026\";i:2;s:10:\"02-11-2026\";i:1;s:10:\"02-12-2026\";i:1;s:10:\"02-13-2026\";i:2;s:10:\"02-14-2026\";i:2;s:10:\"02-15-2026\";i:1;s:10:\"02-16-2026\";i:1;s:10:\"02-17-2026\";i:1;s:10:\"02-20-2026\";i:2;s:10:\"02-21-2026\";i:1;s:10:\"02-23-2026\";i:1;s:10:\"02-24-2026\";i:1;s:10:\"02-27-2026\";i:2;s:10:\"03-02-2026\";i:1;s:10:\"03-03-2026\";i:1;s:10:\"03-06-2026\";i:1;s:10:\"03-08-2026\";i:1;s:10:\"03-13-2026\";i:1;s:10:\"03-16-2026\";i:1;s:10:\"03-20-2026\";i:1;s:10:\"03-26-2026\";i:1;s:10:\"03-27-2026\";i:1;s:10:\"04-03-2026\";i:1;s:10:\"04-05-2026\";i:1;s:10:\"04-08-2026\";i:1;s:10:\"04-10-2026\";i:1;s:10:\"04-17-2026\";i:1;s:10:\"04-21-2026\";i:1;s:10:\"04-24-2026\";i:1;s:10:\"05-01-2026\";i:1;s:10:\"05-02-2026\";i:2;}"],"houzez_recently_viewed":["2026-05-02 05:30:03"],"_thumbnail_id":["32643"],"fave_property_size":["178"],"rank_math_primary_property_type":[""],"rank_math_primary_property_status":[""],"rank_math_primary_property_feature":[""],"rank_math_primary_property_label":["449"],"rank_math_primary_property_country":[""],"rank_math_primary_property_state":[""],"rank_math_primary_property_city":[""],"rank_math_primary_property_area":[""],"rank_math_news_sitemap_robots":["index"],"rank_math_robots":["a:1:{i:0;s:5:\"index\";}"],"rank_math_analytic_object_id":["46"],"_elementor_page_assets":["a:0:{}"]},"yoast_head":"<!-- This site is optimized with the Yoast SEO plugin v26.9 - https:\/\/yoast.com\/product\/yoast-seo-wordpress\/ -->\n<title>MAISON DE VILLAGE MODERNE \u00e0 SES SALINES    R\u00e9f H146 - Casa and Co<\/title>\n<meta name=\"robots\" content=\"index, follow, max-snippet:-1, max-image-preview:large, max-video-preview:-1\" \/>\n<link rel=\"canonical\" href=\"https:\/\/www.casa-and-co.com\/fr\/propri\u00e9t\u00e9\/maison-de-village-moderne-a-ses-salines-ref-h146\/\" \/>\n<meta property=\"og:locale\" content=\"fr_FR\" \/>\n<meta property=\"og:type\" content=\"article\" \/>\n<meta property=\"og:title\" content=\"MAISON DE VILLAGE MODERNE \u00e0 SES SALINES    R\u00e9f H146 - Casa and Co\" \/>\n<meta property=\"og:description\" content=\"MAISON DE VILLAGE MODERNE \u00e0 SES SALINES \u00a0\u00a0\u00a0\u00a0\u00a0 R\u00e9f H146 Cette maison de ville de style moderne est situ\u00e9e dans le quartier populaire de Ses Salines, \u00e0 seulement 12 minutes en voiture du littoral pittoresque de Colonia San Jordi et de la magnifique plage naturelle d&#8217;Es Trenc. Restaurants, bars et boutiques sont facilement accessibles \u00e0 [&hellip;]\" \/>\n<meta property=\"og:url\" content=\"https:\/\/www.casa-and-co.com\/fr\/propri\u00e9t\u00e9\/maison-de-village-moderne-a-ses-salines-ref-h146\/\" \/>\n<meta property=\"og:site_name\" content=\"Casa and Co\" \/>\n<meta property=\"article:modified_time\" content=\"2025-04-29T10:46:28+00:00\" \/>\n<meta property=\"og:image\" content=\"https:\/\/www.casa-and-co.com\/wp-content\/uploads\/2023\/06\/20230614_181337.jpg\" \/>\n\t<meta property=\"og:image:width\" content=\"1200\" \/>\n\t<meta property=\"og:image:height\" content=\"900\" \/>\n\t<meta property=\"og:image:type\" content=\"image\/jpeg\" \/>\n<meta name=\"twitter:card\" content=\"summary_large_image\" \/>\n<meta name=\"twitter:label1\" content=\"Dur\u00e9e de lecture estim\u00e9e\" \/>\n\t<meta name=\"twitter:data1\" content=\"2 minutes\" \/>\n<script type=\"application\/ld+json\" class=\"yoast-schema-graph\">{\"@context\":\"https:\/\/schema.org\",\"@graph\":[{\"@type\":\"WebPage\",\"@id\":\"https:\/\/www.casa-and-co.com\/fr\/propri\u00e9t\u00e9\/maison-de-village-moderne-a-ses-salines-ref-h146\/\",\"url\":\"https:\/\/www.casa-and-co.com\/fr\/propri\u00e9t\u00e9\/maison-de-village-moderne-a-ses-salines-ref-h146\/\",\"name\":\"MAISON DE VILLAGE MODERNE \u00e0 SES SALINES R\u00e9f H146 - Casa and Co\",\"isPartOf\":{\"@id\":\"https:\/\/www.casa-and-co.com\/fr\/#website\"},\"primaryImageOfPage\":{\"@id\":\"https:\/\/www.casa-and-co.com\/fr\/propri\u00e9t\u00e9\/maison-de-village-moderne-a-ses-salines-ref-h146\/#primaryimage\"},\"image\":{\"@id\":\"https:\/\/www.casa-and-co.com\/fr\/propri\u00e9t\u00e9\/maison-de-village-moderne-a-ses-salines-ref-h146\/#primaryimage\"},\"thumbnailUrl\":\"https:\/\/www.casa-and-co.com\/wp-content\/uploads\/2023\/06\/20230614_181337.jpg\",\"datePublished\":\"2023-06-16T11:02:14+00:00\",\"dateModified\":\"2025-04-29T10:46:28+00:00\",\"breadcrumb\":{\"@id\":\"https:\/\/www.casa-and-co.com\/fr\/propri\u00e9t\u00e9\/maison-de-village-moderne-a-ses-salines-ref-h146\/#breadcrumb\"},\"inLanguage\":\"fr-FR\",\"potentialAction\":[{\"@type\":\"ReadAction\",\"target\":[\"https:\/\/www.casa-and-co.com\/fr\/propri\u00e9t\u00e9\/maison-de-village-moderne-a-ses-salines-ref-h146\/\"]}]},{\"@type\":\"ImageObject\",\"inLanguage\":\"fr-FR\",\"@id\":\"https:\/\/www.casa-and-co.com\/fr\/propri\u00e9t\u00e9\/maison-de-village-moderne-a-ses-salines-ref-h146\/#primaryimage\",\"url\":\"https:\/\/www.casa-and-co.com\/wp-content\/uploads\/2023\/06\/20230614_181337.jpg\",\"contentUrl\":\"https:\/\/www.casa-and-co.com\/wp-content\/uploads\/2023\/06\/20230614_181337.jpg\",\"width\":1200,\"height\":900},{\"@type\":\"BreadcrumbList\",\"@id\":\"https:\/\/www.casa-and-co.com\/fr\/propri\u00e9t\u00e9\/maison-de-village-moderne-a-ses-salines-ref-h146\/#breadcrumb\",\"itemListElement\":[{\"@type\":\"ListItem\",\"position\":1,\"name\":\"Portada\",\"item\":\"https:\/\/www.casa-and-co.com\/fr\/\"},{\"@type\":\"ListItem\",\"position\":2,\"name\":\"Propri\u00e9t\u00e9s\",\"item\":\"https:\/\/www.casa-and-co.com\/fr\/propri\u00e9t\u00e9\/\"},{\"@type\":\"ListItem\",\"position\":3,\"name\":\"MAISON DE VILLAGE MODERNE \u00e0 SES SALINES R\u00e9f H146\"}]},{\"@type\":\"WebSite\",\"@id\":\"https:\/\/www.casa-and-co.com\/fr\/#website\",\"url\":\"https:\/\/www.casa-and-co.com\/fr\/\",\"name\":\"Casa and Co\",\"description\":\"Real Estate - Santany\u00ed - Mallorca\",\"publisher\":{\"@id\":\"https:\/\/www.casa-and-co.com\/fr\/#organization\"},\"potentialAction\":[{\"@type\":\"SearchAction\",\"target\":{\"@type\":\"EntryPoint\",\"urlTemplate\":\"https:\/\/www.casa-and-co.com\/fr\/?s={search_term_string}\"},\"query-input\":{\"@type\":\"PropertyValueSpecification\",\"valueRequired\":true,\"valueName\":\"search_term_string\"}}],\"inLanguage\":\"fr-FR\"},{\"@type\":\"Organization\",\"@id\":\"https:\/\/www.casa-and-co.com\/fr\/#organization\",\"name\":\"Casa and Co\",\"url\":\"https:\/\/www.casa-and-co.com\/fr\/\",\"logo\":{\"@type\":\"ImageObject\",\"inLanguage\":\"fr-FR\",\"@id\":\"https:\/\/www.casa-and-co.com\/fr\/#\/schema\/logo\/image\/\",\"url\":\"https:\/\/www.casa-and-co.com\/wp-content\/uploads\/2019\/08\/casa-and-co-inmobiliaria-real-estate-mallorca.png\",\"contentUrl\":\"https:\/\/www.casa-and-co.com\/wp-content\/uploads\/2019\/08\/casa-and-co-inmobiliaria-real-estate-mallorca.png\",\"width\":200,\"height\":80,\"caption\":\"Casa and Co\"},\"image\":{\"@id\":\"https:\/\/www.casa-and-co.com\/fr\/#\/schema\/logo\/image\/\"}}]}<\/script>\n<!-- \/ Yoast SEO plugin. -->","yoast_head_json":{"title":"MAISON DE VILLAGE MODERNE \u00e0 SES SALINES    R\u00e9f H146 - Casa and Co","robots":{"index":"index","follow":"follow","max-snippet":"max-snippet:-1","max-image-preview":"max-image-preview:large","max-video-preview":"max-video-preview:-1"},"canonical":"https:\/\/www.casa-and-co.com\/fr\/propri\u00e9t\u00e9\/maison-de-village-moderne-a-ses-salines-ref-h146\/","og_locale":"fr_FR","og_type":"article","og_title":"MAISON DE VILLAGE MODERNE \u00e0 SES SALINES    R\u00e9f H146 - Casa and Co","og_description":"MAISON DE VILLAGE MODERNE \u00e0 SES SALINES \u00a0\u00a0\u00a0\u00a0\u00a0 R\u00e9f H146 Cette maison de ville de style moderne est situ\u00e9e dans le quartier populaire de Ses Salines, \u00e0 seulement 12 minutes en voiture du littoral pittoresque de Colonia San Jordi et de la magnifique plage naturelle d&#8217;Es Trenc. Restaurants, bars et boutiques sont facilement accessibles \u00e0 [&hellip;]","og_url":"https:\/\/www.casa-and-co.com\/fr\/propri\u00e9t\u00e9\/maison-de-village-moderne-a-ses-salines-ref-h146\/","og_site_name":"Casa and Co","article_modified_time":"2025-04-29T10:46:28+00:00","og_image":[{"width":1200,"height":900,"url":"https:\/\/www.casa-and-co.com\/wp-content\/uploads\/2023\/06\/20230614_181337.jpg","type":"image\/jpeg"}],"twitter_card":"summary_large_image","twitter_misc":{"Dur\u00e9e de lecture estim\u00e9e":"2 minutes"},"schema":{"@context":"https:\/\/schema.org","@graph":[{"@type":"WebPage","@id":"https:\/\/www.casa-and-co.com\/fr\/propri\u00e9t\u00e9\/maison-de-village-moderne-a-ses-salines-ref-h146\/","url":"https:\/\/www.casa-and-co.com\/fr\/propri\u00e9t\u00e9\/maison-de-village-moderne-a-ses-salines-ref-h146\/","name":"MAISON DE VILLAGE MODERNE \u00e0 SES SALINES R\u00e9f H146 - Casa and Co","isPartOf":{"@id":"https:\/\/www.casa-and-co.com\/fr\/#website"},"primaryImageOfPage":{"@id":"https:\/\/www.casa-and-co.com\/fr\/propri\u00e9t\u00e9\/maison-de-village-moderne-a-ses-salines-ref-h146\/#primaryimage"},"image":{"@id":"https:\/\/www.casa-and-co.com\/fr\/propri\u00e9t\u00e9\/maison-de-village-moderne-a-ses-salines-ref-h146\/#primaryimage"},"thumbnailUrl":"https:\/\/www.casa-and-co.com\/wp-content\/uploads\/2023\/06\/20230614_181337.jpg","datePublished":"2023-06-16T11:02:14+00:00","dateModified":"2025-04-29T10:46:28+00:00","breadcrumb":{"@id":"https:\/\/www.casa-and-co.com\/fr\/propri\u00e9t\u00e9\/maison-de-village-moderne-a-ses-salines-ref-h146\/#breadcrumb"},"inLanguage":"fr-FR","potentialAction":[{"@type":"ReadAction","target":["https:\/\/www.casa-and-co.com\/fr\/propri\u00e9t\u00e9\/maison-de-village-moderne-a-ses-salines-ref-h146\/"]}]},{"@type":"ImageObject","inLanguage":"fr-FR","@id":"https:\/\/www.casa-and-co.com\/fr\/propri\u00e9t\u00e9\/maison-de-village-moderne-a-ses-salines-ref-h146\/#primaryimage","url":"https:\/\/www.casa-and-co.com\/wp-content\/uploads\/2023\/06\/20230614_181337.jpg","contentUrl":"https:\/\/www.casa-and-co.com\/wp-content\/uploads\/2023\/06\/20230614_181337.jpg","width":1200,"height":900},{"@type":"BreadcrumbList","@id":"https:\/\/www.casa-and-co.com\/fr\/propri\u00e9t\u00e9\/maison-de-village-moderne-a-ses-salines-ref-h146\/#breadcrumb","itemListElement":[{"@type":"ListItem","position":1,"name":"Portada","item":"https:\/\/www.casa-and-co.com\/fr\/"},{"@type":"ListItem","position":2,"name":"Propri\u00e9t\u00e9s","item":"https:\/\/www.casa-and-co.com\/fr\/propri\u00e9t\u00e9\/"},{"@type":"ListItem","position":3,"name":"MAISON DE VILLAGE MODERNE \u00e0 SES SALINES R\u00e9f H146"}]},{"@type":"WebSite","@id":"https:\/\/www.casa-and-co.com\/fr\/#website","url":"https:\/\/www.casa-and-co.com\/fr\/","name":"Casa and Co","description":"Real Estate - Santany\u00ed - Mallorca","publisher":{"@id":"https:\/\/www.casa-and-co.com\/fr\/#organization"},"potentialAction":[{"@type":"SearchAction","target":{"@type":"EntryPoint","urlTemplate":"https:\/\/www.casa-and-co.com\/fr\/?s={search_term_string}"},"query-input":{"@type":"PropertyValueSpecification","valueRequired":true,"valueName":"search_term_string"}}],"inLanguage":"fr-FR"},{"@type":"Organization","@id":"https:\/\/www.casa-and-co.com\/fr\/#organization","name":"Casa and Co","url":"https:\/\/www.casa-and-co.com\/fr\/","logo":{"@type":"ImageObject","inLanguage":"fr-FR","@id":"https:\/\/www.casa-and-co.com\/fr\/#\/schema\/logo\/image\/","url":"https:\/\/www.casa-and-co.com\/wp-content\/uploads\/2019\/08\/casa-and-co-inmobiliaria-real-estate-mallorca.png","contentUrl":"https:\/\/www.casa-and-co.com\/wp-content\/uploads\/2019\/08\/casa-and-co-inmobiliaria-real-estate-mallorca.png","width":200,"height":80,"caption":"Casa and Co"},"image":{"@id":"https:\/\/www.casa-and-co.com\/fr\/#\/schema\/logo\/image\/"}}]}},"_links":{"self":[{"href":"https:\/\/www.casa-and-co.com\/fr\/wp-json\/wp\/v2\/properties\/32684","targetHints":{"allow":["GET"]}}],"collection":[{"href":"https:\/\/www.casa-and-co.com\/fr\/wp-json\/wp\/v2\/properties"}],"about":[{"href":"https:\/\/www.casa-and-co.com\/fr\/wp-json\/wp\/v2\/types\/property"}],"author":[{"embeddable":true,"href":"https:\/\/www.casa-and-co.com\/fr\/wp-json\/wp\/v2\/users\/2"}],"version-history":[{"count":1,"href":"https:\/\/www.casa-and-co.com\/fr\/wp-json\/wp\/v2\/properties\/32684\/revisions"}],"predecessor-version":[{"id":32685,"href":"https:\/\/www.casa-and-co.com\/fr\/wp-json\/wp\/v2\/properties\/32684\/revisions\/32685"}],"wp:featuredmedia":[{"embeddable":true,"href":"https:\/\/www.casa-and-co.com\/fr\/wp-json\/wp\/v2\/media\/32643"}],"wp:attachment":[{"href":"https:\/\/www.casa-and-co.com\/fr\/wp-json\/wp\/v2\/media?parent=32684"}],"wp:term":[{"taxonomy":"property_type","embeddable":true,"href":"https:\/\/www.casa-and-co.com\/fr\/wp-json\/wp\/v2\/property_type?post=32684"},{"taxonomy":"property_status","embeddable":true,"href":"https:\/\/www.casa-and-co.com\/fr\/wp-json\/wp\/v2\/property_status?post=32684"},{"taxonomy":"property_feature","embeddable":true,"href":"https:\/\/www.casa-and-co.com\/fr\/wp-json\/wp\/v2\/property_feature?post=32684"},{"taxonomy":"property_label","embeddable":true,"href":"https:\/\/www.casa-and-co.com\/fr\/wp-json\/wp\/v2\/property_label?post=32684"},{"taxonomy":"property_country","embeddable":true,"href":"https:\/\/www.casa-and-co.com\/fr\/wp-json\/wp\/v2\/property_country?post=32684"},{"taxonomy":"property_state","embeddable":true,"href":"https:\/\/www.casa-and-co.com\/fr\/wp-json\/wp\/v2\/property_state?post=32684"},{"taxonomy":"property_city","embeddable":true,"href":"https:\/\/www.casa-and-co.com\/fr\/wp-json\/wp\/v2\/property_city?post=32684"},{"taxonomy":"property_area","embeddable":true,"href":"https:\/\/www.casa-and-co.com\/fr\/wp-json\/wp\/v2\/property_area?post=32684"}],"curies":[{"name":"wp","href":"https:\/\/api.w.org\/{rel}","templated":true}]}}