{"id":32341,"date":"2023-04-26T13:31:44","date_gmt":"2023-04-26T13:31:44","guid":{"rendered":"https:\/\/www.casa-and-co.com\/?post_type=property&#038;p=32341"},"modified":"2025-04-29T10:46:28","modified_gmt":"2025-04-29T10:46:28","slug":"maison-de-village-de-nouvelle-construction-avec-piscine-et-vue-sur-la-mer-et-lile-de-cabrera-ses-salines-ref-h128","status":"publish","type":"property","link":"https:\/\/www.casa-and-co.com\/fr\/propri\u00e9t\u00e9\/maison-de-village-de-nouvelle-construction-avec-piscine-et-vue-sur-la-mer-et-lile-de-cabrera-ses-salines-ref-h128\/","title":{"rendered":"MAISON DE VILLAGE de nouvelle construction avec piscine, et vue sur la mer et l&#8217;\u00efle de Cabrera &#8211; SES SALINES         R\u00e9f H128"},"content":{"rendered":"<p>MAISON DE VILLAGE de nouvelle construction avec piscine &#8211; SES SALINES R\u00e9f H128<\/p>\n<p>270 m\u00b2 construits sur 2 \u00e9tages, et 300 m\u00b2 de terrain<\/p>\n<p>&nbsp;<\/p>\n<p>Maison nouvellement construite avec une fa\u00e7ade en pierre, avec une piscine et des terrasses en pierre de Santanyi.<\/p>\n<p>Dans un quartier calme avec vue sur la mer depuis le premier \u00e9tage et la terrasse sur le toit.<\/p>\n<p>&nbsp;<\/p>\n<p>DISTRIBUTION:<\/p>\n<p>REZ-DE-CHAUSS\u00c9E:<\/p>\n<p>Patio d&#8217;entr\u00e9e int\u00e9rieur, grand espace ouvert et lumineux : salon et salle \u00e0 manger avec cuisine ouverte, une chambre double, une salle de bain, un garage et une buanderie.<\/p>\n<p>&nbsp;<\/p>\n<p>PREMIER ETAGE\u00a0:<\/p>\n<p>3 chambres doubles, 3 salles de bain ; et un salon avec baie vitr\u00e9e ouverte au sud.<\/p>\n<p>&nbsp;<\/p>\n<p>2\u00e8me \u00e9tage:<\/p>\n<p>terrasse sol\u00e1rium avec vue sur la mer et l&#8217;\u00eele de Cabrera<\/p>\n<p>&nbsp;<\/p>\n<p>EXTERIEUR : Piscine 3&#215;7, et terrasses.<\/p>\n<p>&nbsp;<\/p>\n<p>CHAUFFAGE : chauffage au sol, et air conditionn\u00e9.<\/p>\n","protected":false},"excerpt":{"rendered":"<p>MAISON DE VILLAGE de nouvelle construction avec piscine &#8211; SES SALINES R\u00e9f H128 270 m\u00b2 construits sur 2 \u00e9tages, et 300 m\u00b2 de terrain &nbsp; Maison nouvellement construite avec une fa\u00e7ade en pierre, avec une piscine et des terrasses en pierre de Santanyi. Dans un quartier calme avec vue sur la mer depuis le premier [&hellip;]<\/p>\n","protected":false},"author":2,"featured_media":32297,"parent":0,"menu_order":85,"template":"","property_type":[324],"property_status":[76],"property_feature":[],"property_label":[449,508],"property_country":[],"property_state":[],"property_city":[107],"property_area":[],"class_list":["post-32341","property","type-property","status-publish","has-post-thumbnail","hentry","property_type-maison-de-village","property_status-en-vente","property_label-en-vente","property_label-en-vente-fr","property_city-ses-salines-fr"],"property_meta":{"_wpml_word_count":["160"],"_edit_lock":["1682515774:2"],"_edit_last":["2"],"_wpml_media_duplicate":["1"],"_wpml_media_featured":["1"],"fave_property_map":["1"],"fave_property_map_street_view":["hide"],"fave_featured":["0"],"fave_single_top_area":["global"],"fave_single_content_area":["global"],"_last_translation_edit_mode":["translation-editor"],"complete_open_graph":["a:7:{s:14:\"og:description\";s:0:\"\";s:8:\"og:title\";s:0:\"\";s:7:\"og:type\";s:0:\"\";s:12:\"twitter:card\";s:7:\"summary\";s:15:\"twitter:creator\";s:0:\"\";s:19:\"twitter:description\";s:0:\"\";s:8:\"og:image\";s:0:\"\";}"],"_yoast_wpseo_content_score":["90"],"_yoast_wpseo_estimated-reading-time-minutes":["1"],"_yoast_wpseo_wordproof_timestamp":[""],"fave_swimming-poolf5c61477e456a3":["3 x 7"],"fave_heatf5c751dfe209c2":["oui"],"fave_property_location":["39.3561145,3.1391016,15"],"houzez_geolocation_lat":["39.3561145"],"houzez_geolocation_long":["3.1391016"],"fave_loggedintoview":["0"],"fave_agent_display_option":["author_info"],"fave_prop_homeslider":["no"],"_wpml_media_has_media":["1"],"houzez_manual_expire":["0"],"_houzez_expiration_date_status":["saved"],"_thumbnail_id":["32297"],"fave_property_size":["270"],"fave_property_bedrooms":["4"],"fave_property_bathrooms":["4"],"fave_property_id":["H128"],"fave_property_map_address":["Ses Salines"],"fave_property_images":["32259","32263","32267","32271","32275","32279","32283","32287","32291","32295","32299","32303","32307","32315","32323","32327","32319"],"fave_property_land":["300"],"_yoast_wpseo_primary_property_type":[""],"_yoast_wpseo_primary_property_status":[""],"_yoast_wpseo_primary_property_feature":[""],"_yoast_wpseo_primary_property_label":["449"],"_yoast_wpseo_primary_property_country":[""],"_yoast_wpseo_primary_property_state":[""],"_yoast_wpseo_primary_property_city":[""],"_yoast_wpseo_primary_property_area":[""],"houzez_total_property_views":["1032"],"houzez_views_by_date":["a:61:{s:10:\"11-09-2025\";i:1;s:10:\"11-11-2025\";i:1;s:10:\"11-14-2025\";i:1;s:10:\"11-15-2025\";i:1;s:10:\"11-16-2025\";i:2;s:10:\"11-19-2025\";i:1;s:10:\"11-21-2025\";i:2;s:10:\"11-28-2025\";i:1;s:10:\"12-01-2025\";i:1;s:10:\"12-05-2025\";i:1;s:10:\"12-07-2025\";i:1;s:10:\"12-08-2025\";i:1;s:10:\"12-12-2025\";i:1;s:10:\"12-15-2025\";i:1;s:10:\"12-19-2025\";i:2;s:10:\"12-20-2025\";i:1;s:10:\"12-21-2025\";i:1;s:10:\"12-26-2025\";i:1;s:10:\"12-27-2025\";i:1;s:10:\"01-02-2026\";i:1;s:10:\"01-03-2026\";i:1;s:10:\"01-04-2026\";i:1;s:10:\"01-09-2026\";i:1;s:10:\"01-14-2026\";i:1;s:10:\"01-16-2026\";i:1;s:10:\"01-19-2026\";i:1;s:10:\"01-20-2026\";i:1;s:10:\"01-22-2026\";i:2;s:10:\"01-30-2026\";i:1;s:10:\"02-06-2026\";i:2;s:10:\"02-08-2026\";i:1;s:10:\"02-10-2026\";i:1;s:10:\"02-12-2026\";i:1;s:10:\"02-13-2026\";i:1;s:10:\"02-14-2026\";i:2;s:10:\"02-15-2026\";i:1;s:10:\"02-17-2026\";i:1;s:10:\"02-19-2026\";i:2;s:10:\"02-20-2026\";i:1;s:10:\"02-21-2026\";i:1;s:10:\"02-24-2026\";i:1;s:10:\"02-27-2026\";i:3;s:10:\"02-28-2026\";i:1;s:10:\"03-06-2026\";i:1;s:10:\"03-11-2026\";i:1;s:10:\"03-13-2026\";i:1;s:10:\"03-16-2026\";i:1;s:10:\"03-19-2026\";i:1;s:10:\"03-20-2026\";i:1;s:10:\"03-22-2026\";i:1;s:10:\"03-23-2026\";i:1;s:10:\"03-24-2026\";i:1;s:10:\"03-27-2026\";i:1;s:10:\"04-03-2026\";i:2;s:10:\"04-08-2026\";i:1;s:10:\"04-10-2026\";i:1;s:10:\"04-12-2026\";i:1;s:10:\"04-13-2026\";i:1;s:10:\"04-17-2026\";i:1;s:10:\"04-24-2026\";i:1;s:10:\"04-26-2026\";i:1;}"],"houzez_recently_viewed":["2026-04-26 07:28:09"],"fave_property_price":["1650000"],"rank_math_primary_property_type":[""],"rank_math_primary_property_status":[""],"rank_math_primary_property_feature":[""],"rank_math_primary_property_label":["449"],"rank_math_primary_property_country":[""],"rank_math_primary_property_state":[""],"rank_math_primary_property_city":[""],"rank_math_primary_property_area":[""],"rank_math_news_sitemap_robots":["index"],"rank_math_robots":["a:1:{i:0;s:5:\"index\";}"],"rank_math_analytic_object_id":["47"],"_elementor_page_assets":["a:0:{}"]},"yoast_head":"<!-- This site is optimized with the Yoast SEO plugin v26.9 - https:\/\/yoast.com\/product\/yoast-seo-wordpress\/ -->\n<title>MAISON DE VILLAGE de nouvelle construction avec piscine, et vue sur la mer et l&#039;\u00efle de Cabrera - SES SALINES     R\u00e9f H128 - Casa and Co<\/title>\n<meta name=\"robots\" content=\"index, follow, max-snippet:-1, max-image-preview:large, max-video-preview:-1\" \/>\n<link rel=\"canonical\" href=\"https:\/\/www.casa-and-co.com\/fr\/propri\u00e9t\u00e9\/maison-de-village-de-nouvelle-construction-avec-piscine-et-vue-sur-la-mer-et-lile-de-cabrera-ses-salines-ref-h128\/\" \/>\n<meta property=\"og:locale\" content=\"fr_FR\" \/>\n<meta property=\"og:type\" content=\"article\" \/>\n<meta property=\"og:title\" content=\"MAISON DE VILLAGE de nouvelle construction avec piscine, et vue sur la mer et l&#039;\u00efle de Cabrera - SES SALINES     R\u00e9f H128 - Casa and Co\" \/>\n<meta property=\"og:description\" content=\"MAISON DE VILLAGE de nouvelle construction avec piscine &#8211; SES SALINES R\u00e9f H128 270 m\u00b2 construits sur 2 \u00e9tages, et 300 m\u00b2 de terrain &nbsp; Maison nouvellement construite avec une fa\u00e7ade en pierre, avec une piscine et des terrasses en pierre de Santanyi. Dans un quartier calme avec vue sur la mer depuis le premier [&hellip;]\" \/>\n<meta property=\"og:url\" content=\"https:\/\/www.casa-and-co.com\/fr\/propri\u00e9t\u00e9\/maison-de-village-de-nouvelle-construction-avec-piscine-et-vue-sur-la-mer-et-lile-de-cabrera-ses-salines-ref-h128\/\" \/>\n<meta property=\"og:site_name\" content=\"Casa and Co\" \/>\n<meta property=\"article:modified_time\" content=\"2025-04-29T10:46:28+00:00\" \/>\n<meta property=\"og:image\" content=\"https:\/\/www.casa-and-co.com\/wp-content\/uploads\/2023\/04\/20230424_121613.jpg\" \/>\n\t<meta property=\"og:image:width\" content=\"1500\" \/>\n\t<meta property=\"og:image:height\" content=\"1125\" \/>\n\t<meta property=\"og:image:type\" content=\"image\/jpeg\" \/>\n<meta name=\"twitter:card\" content=\"summary_large_image\" \/>\n<meta name=\"twitter:label1\" content=\"Dur\u00e9e de lecture estim\u00e9e\" \/>\n\t<meta name=\"twitter:data1\" content=\"1 minute\" \/>\n<script type=\"application\/ld+json\" class=\"yoast-schema-graph\">{\"@context\":\"https:\/\/schema.org\",\"@graph\":[{\"@type\":\"WebPage\",\"@id\":\"https:\/\/www.casa-and-co.com\/fr\/propri\u00e9t\u00e9\/maison-de-village-de-nouvelle-construction-avec-piscine-et-vue-sur-la-mer-et-lile-de-cabrera-ses-salines-ref-h128\/\",\"url\":\"https:\/\/www.casa-and-co.com\/fr\/propri\u00e9t\u00e9\/maison-de-village-de-nouvelle-construction-avec-piscine-et-vue-sur-la-mer-et-lile-de-cabrera-ses-salines-ref-h128\/\",\"name\":\"MAISON DE VILLAGE de nouvelle construction avec piscine, et vue sur la mer et l'\u00efle de Cabrera - SES SALINES R\u00e9f H128 - Casa and Co\",\"isPartOf\":{\"@id\":\"https:\/\/www.casa-and-co.com\/fr\/#website\"},\"primaryImageOfPage\":{\"@id\":\"https:\/\/www.casa-and-co.com\/fr\/propri\u00e9t\u00e9\/maison-de-village-de-nouvelle-construction-avec-piscine-et-vue-sur-la-mer-et-lile-de-cabrera-ses-salines-ref-h128\/#primaryimage\"},\"image\":{\"@id\":\"https:\/\/www.casa-and-co.com\/fr\/propri\u00e9t\u00e9\/maison-de-village-de-nouvelle-construction-avec-piscine-et-vue-sur-la-mer-et-lile-de-cabrera-ses-salines-ref-h128\/#primaryimage\"},\"thumbnailUrl\":\"https:\/\/www.casa-and-co.com\/wp-content\/uploads\/2023\/04\/20230424_121613.jpg\",\"datePublished\":\"2023-04-26T13:31:44+00:00\",\"dateModified\":\"2025-04-29T10:46:28+00:00\",\"breadcrumb\":{\"@id\":\"https:\/\/www.casa-and-co.com\/fr\/propri\u00e9t\u00e9\/maison-de-village-de-nouvelle-construction-avec-piscine-et-vue-sur-la-mer-et-lile-de-cabrera-ses-salines-ref-h128\/#breadcrumb\"},\"inLanguage\":\"fr-FR\",\"potentialAction\":[{\"@type\":\"ReadAction\",\"target\":[\"https:\/\/www.casa-and-co.com\/fr\/propri\u00e9t\u00e9\/maison-de-village-de-nouvelle-construction-avec-piscine-et-vue-sur-la-mer-et-lile-de-cabrera-ses-salines-ref-h128\/\"]}]},{\"@type\":\"ImageObject\",\"inLanguage\":\"fr-FR\",\"@id\":\"https:\/\/www.casa-and-co.com\/fr\/propri\u00e9t\u00e9\/maison-de-village-de-nouvelle-construction-avec-piscine-et-vue-sur-la-mer-et-lile-de-cabrera-ses-salines-ref-h128\/#primaryimage\",\"url\":\"https:\/\/www.casa-and-co.com\/wp-content\/uploads\/2023\/04\/20230424_121613.jpg\",\"contentUrl\":\"https:\/\/www.casa-and-co.com\/wp-content\/uploads\/2023\/04\/20230424_121613.jpg\",\"width\":1500,\"height\":1125},{\"@type\":\"BreadcrumbList\",\"@id\":\"https:\/\/www.casa-and-co.com\/fr\/propri\u00e9t\u00e9\/maison-de-village-de-nouvelle-construction-avec-piscine-et-vue-sur-la-mer-et-lile-de-cabrera-ses-salines-ref-h128\/#breadcrumb\",\"itemListElement\":[{\"@type\":\"ListItem\",\"position\":1,\"name\":\"Portada\",\"item\":\"https:\/\/www.casa-and-co.com\/fr\/\"},{\"@type\":\"ListItem\",\"position\":2,\"name\":\"Propri\u00e9t\u00e9s\",\"item\":\"https:\/\/www.casa-and-co.com\/fr\/propri\u00e9t\u00e9\/\"},{\"@type\":\"ListItem\",\"position\":3,\"name\":\"MAISON DE VILLAGE de nouvelle construction avec piscine, et vue sur la mer et l&#8217;\u00efle de Cabrera &#8211; SES SALINES R\u00e9f H128\"}]},{\"@type\":\"WebSite\",\"@id\":\"https:\/\/www.casa-and-co.com\/fr\/#website\",\"url\":\"https:\/\/www.casa-and-co.com\/fr\/\",\"name\":\"Casa and Co\",\"description\":\"Real Estate - Santany\u00ed - Mallorca\",\"publisher\":{\"@id\":\"https:\/\/www.casa-and-co.com\/fr\/#organization\"},\"potentialAction\":[{\"@type\":\"SearchAction\",\"target\":{\"@type\":\"EntryPoint\",\"urlTemplate\":\"https:\/\/www.casa-and-co.com\/fr\/?s={search_term_string}\"},\"query-input\":{\"@type\":\"PropertyValueSpecification\",\"valueRequired\":true,\"valueName\":\"search_term_string\"}}],\"inLanguage\":\"fr-FR\"},{\"@type\":\"Organization\",\"@id\":\"https:\/\/www.casa-and-co.com\/fr\/#organization\",\"name\":\"Casa and Co\",\"url\":\"https:\/\/www.casa-and-co.com\/fr\/\",\"logo\":{\"@type\":\"ImageObject\",\"inLanguage\":\"fr-FR\",\"@id\":\"https:\/\/www.casa-and-co.com\/fr\/#\/schema\/logo\/image\/\",\"url\":\"https:\/\/www.casa-and-co.com\/wp-content\/uploads\/2019\/08\/casa-and-co-inmobiliaria-real-estate-mallorca.png\",\"contentUrl\":\"https:\/\/www.casa-and-co.com\/wp-content\/uploads\/2019\/08\/casa-and-co-inmobiliaria-real-estate-mallorca.png\",\"width\":200,\"height\":80,\"caption\":\"Casa and Co\"},\"image\":{\"@id\":\"https:\/\/www.casa-and-co.com\/fr\/#\/schema\/logo\/image\/\"}}]}<\/script>\n<!-- \/ Yoast SEO plugin. -->","yoast_head_json":{"title":"MAISON DE VILLAGE de nouvelle construction avec piscine, et vue sur la mer et l'\u00efle de Cabrera - SES SALINES     R\u00e9f H128 - Casa and Co","robots":{"index":"index","follow":"follow","max-snippet":"max-snippet:-1","max-image-preview":"max-image-preview:large","max-video-preview":"max-video-preview:-1"},"canonical":"https:\/\/www.casa-and-co.com\/fr\/propri\u00e9t\u00e9\/maison-de-village-de-nouvelle-construction-avec-piscine-et-vue-sur-la-mer-et-lile-de-cabrera-ses-salines-ref-h128\/","og_locale":"fr_FR","og_type":"article","og_title":"MAISON DE VILLAGE de nouvelle construction avec piscine, et vue sur la mer et l'\u00efle de Cabrera - SES SALINES     R\u00e9f H128 - Casa and Co","og_description":"MAISON DE VILLAGE de nouvelle construction avec piscine &#8211; SES SALINES R\u00e9f H128 270 m\u00b2 construits sur 2 \u00e9tages, et 300 m\u00b2 de terrain &nbsp; Maison nouvellement construite avec une fa\u00e7ade en pierre, avec une piscine et des terrasses en pierre de Santanyi. Dans un quartier calme avec vue sur la mer depuis le premier [&hellip;]","og_url":"https:\/\/www.casa-and-co.com\/fr\/propri\u00e9t\u00e9\/maison-de-village-de-nouvelle-construction-avec-piscine-et-vue-sur-la-mer-et-lile-de-cabrera-ses-salines-ref-h128\/","og_site_name":"Casa and Co","article_modified_time":"2025-04-29T10:46:28+00:00","og_image":[{"width":1500,"height":1125,"url":"https:\/\/www.casa-and-co.com\/wp-content\/uploads\/2023\/04\/20230424_121613.jpg","type":"image\/jpeg"}],"twitter_card":"summary_large_image","twitter_misc":{"Dur\u00e9e de lecture estim\u00e9e":"1 minute"},"schema":{"@context":"https:\/\/schema.org","@graph":[{"@type":"WebPage","@id":"https:\/\/www.casa-and-co.com\/fr\/propri\u00e9t\u00e9\/maison-de-village-de-nouvelle-construction-avec-piscine-et-vue-sur-la-mer-et-lile-de-cabrera-ses-salines-ref-h128\/","url":"https:\/\/www.casa-and-co.com\/fr\/propri\u00e9t\u00e9\/maison-de-village-de-nouvelle-construction-avec-piscine-et-vue-sur-la-mer-et-lile-de-cabrera-ses-salines-ref-h128\/","name":"MAISON DE VILLAGE de nouvelle construction avec piscine, et vue sur la mer et l'\u00efle de Cabrera - SES SALINES R\u00e9f H128 - Casa and Co","isPartOf":{"@id":"https:\/\/www.casa-and-co.com\/fr\/#website"},"primaryImageOfPage":{"@id":"https:\/\/www.casa-and-co.com\/fr\/propri\u00e9t\u00e9\/maison-de-village-de-nouvelle-construction-avec-piscine-et-vue-sur-la-mer-et-lile-de-cabrera-ses-salines-ref-h128\/#primaryimage"},"image":{"@id":"https:\/\/www.casa-and-co.com\/fr\/propri\u00e9t\u00e9\/maison-de-village-de-nouvelle-construction-avec-piscine-et-vue-sur-la-mer-et-lile-de-cabrera-ses-salines-ref-h128\/#primaryimage"},"thumbnailUrl":"https:\/\/www.casa-and-co.com\/wp-content\/uploads\/2023\/04\/20230424_121613.jpg","datePublished":"2023-04-26T13:31:44+00:00","dateModified":"2025-04-29T10:46:28+00:00","breadcrumb":{"@id":"https:\/\/www.casa-and-co.com\/fr\/propri\u00e9t\u00e9\/maison-de-village-de-nouvelle-construction-avec-piscine-et-vue-sur-la-mer-et-lile-de-cabrera-ses-salines-ref-h128\/#breadcrumb"},"inLanguage":"fr-FR","potentialAction":[{"@type":"ReadAction","target":["https:\/\/www.casa-and-co.com\/fr\/propri\u00e9t\u00e9\/maison-de-village-de-nouvelle-construction-avec-piscine-et-vue-sur-la-mer-et-lile-de-cabrera-ses-salines-ref-h128\/"]}]},{"@type":"ImageObject","inLanguage":"fr-FR","@id":"https:\/\/www.casa-and-co.com\/fr\/propri\u00e9t\u00e9\/maison-de-village-de-nouvelle-construction-avec-piscine-et-vue-sur-la-mer-et-lile-de-cabrera-ses-salines-ref-h128\/#primaryimage","url":"https:\/\/www.casa-and-co.com\/wp-content\/uploads\/2023\/04\/20230424_121613.jpg","contentUrl":"https:\/\/www.casa-and-co.com\/wp-content\/uploads\/2023\/04\/20230424_121613.jpg","width":1500,"height":1125},{"@type":"BreadcrumbList","@id":"https:\/\/www.casa-and-co.com\/fr\/propri\u00e9t\u00e9\/maison-de-village-de-nouvelle-construction-avec-piscine-et-vue-sur-la-mer-et-lile-de-cabrera-ses-salines-ref-h128\/#breadcrumb","itemListElement":[{"@type":"ListItem","position":1,"name":"Portada","item":"https:\/\/www.casa-and-co.com\/fr\/"},{"@type":"ListItem","position":2,"name":"Propri\u00e9t\u00e9s","item":"https:\/\/www.casa-and-co.com\/fr\/propri\u00e9t\u00e9\/"},{"@type":"ListItem","position":3,"name":"MAISON DE VILLAGE de nouvelle construction avec piscine, et vue sur la mer et l&#8217;\u00efle de Cabrera &#8211; SES SALINES R\u00e9f H128"}]},{"@type":"WebSite","@id":"https:\/\/www.casa-and-co.com\/fr\/#website","url":"https:\/\/www.casa-and-co.com\/fr\/","name":"Casa and Co","description":"Real Estate - Santany\u00ed - Mallorca","publisher":{"@id":"https:\/\/www.casa-and-co.com\/fr\/#organization"},"potentialAction":[{"@type":"SearchAction","target":{"@type":"EntryPoint","urlTemplate":"https:\/\/www.casa-and-co.com\/fr\/?s={search_term_string}"},"query-input":{"@type":"PropertyValueSpecification","valueRequired":true,"valueName":"search_term_string"}}],"inLanguage":"fr-FR"},{"@type":"Organization","@id":"https:\/\/www.casa-and-co.com\/fr\/#organization","name":"Casa and Co","url":"https:\/\/www.casa-and-co.com\/fr\/","logo":{"@type":"ImageObject","inLanguage":"fr-FR","@id":"https:\/\/www.casa-and-co.com\/fr\/#\/schema\/logo\/image\/","url":"https:\/\/www.casa-and-co.com\/wp-content\/uploads\/2019\/08\/casa-and-co-inmobiliaria-real-estate-mallorca.png","contentUrl":"https:\/\/www.casa-and-co.com\/wp-content\/uploads\/2019\/08\/casa-and-co-inmobiliaria-real-estate-mallorca.png","width":200,"height":80,"caption":"Casa and Co"},"image":{"@id":"https:\/\/www.casa-and-co.com\/fr\/#\/schema\/logo\/image\/"}}]}},"_links":{"self":[{"href":"https:\/\/www.casa-and-co.com\/fr\/wp-json\/wp\/v2\/properties\/32341","targetHints":{"allow":["GET"]}}],"collection":[{"href":"https:\/\/www.casa-and-co.com\/fr\/wp-json\/wp\/v2\/properties"}],"about":[{"href":"https:\/\/www.casa-and-co.com\/fr\/wp-json\/wp\/v2\/types\/property"}],"author":[{"embeddable":true,"href":"https:\/\/www.casa-and-co.com\/fr\/wp-json\/wp\/v2\/users\/2"}],"version-history":[{"count":1,"href":"https:\/\/www.casa-and-co.com\/fr\/wp-json\/wp\/v2\/properties\/32341\/revisions"}],"predecessor-version":[{"id":32342,"href":"https:\/\/www.casa-and-co.com\/fr\/wp-json\/wp\/v2\/properties\/32341\/revisions\/32342"}],"wp:featuredmedia":[{"embeddable":true,"href":"https:\/\/www.casa-and-co.com\/fr\/wp-json\/wp\/v2\/media\/32297"}],"wp:attachment":[{"href":"https:\/\/www.casa-and-co.com\/fr\/wp-json\/wp\/v2\/media?parent=32341"}],"wp:term":[{"taxonomy":"property_type","embeddable":true,"href":"https:\/\/www.casa-and-co.com\/fr\/wp-json\/wp\/v2\/property_type?post=32341"},{"taxonomy":"property_status","embeddable":true,"href":"https:\/\/www.casa-and-co.com\/fr\/wp-json\/wp\/v2\/property_status?post=32341"},{"taxonomy":"property_feature","embeddable":true,"href":"https:\/\/www.casa-and-co.com\/fr\/wp-json\/wp\/v2\/property_feature?post=32341"},{"taxonomy":"property_label","embeddable":true,"href":"https:\/\/www.casa-and-co.com\/fr\/wp-json\/wp\/v2\/property_label?post=32341"},{"taxonomy":"property_country","embeddable":true,"href":"https:\/\/www.casa-and-co.com\/fr\/wp-json\/wp\/v2\/property_country?post=32341"},{"taxonomy":"property_state","embeddable":true,"href":"https:\/\/www.casa-and-co.com\/fr\/wp-json\/wp\/v2\/property_state?post=32341"},{"taxonomy":"property_city","embeddable":true,"href":"https:\/\/www.casa-and-co.com\/fr\/wp-json\/wp\/v2\/property_city?post=32341"},{"taxonomy":"property_area","embeddable":true,"href":"https:\/\/www.casa-and-co.com\/fr\/wp-json\/wp\/v2\/property_area?post=32341"}],"curies":[{"name":"wp","href":"https:\/\/api.w.org\/{rel}","templated":true}]}}