{"id":23451,"date":"2019-08-08T16:11:13","date_gmt":"2019-08-08T16:11:13","guid":{"rendered":"https:\/\/www.casa-and-co.com\/?post_type=property&#038;p=23451"},"modified":"2025-04-29T10:46:23","modified_gmt":"2025-04-29T10:46:23","slug":"appartement-santanyi-a54","status":"publish","type":"property","link":"https:\/\/www.casa-and-co.com\/fr\/propri\u00e9t\u00e9\/appartement-santanyi-a54\/","title":{"rendered":"SANTANYI, CAP BLAU Appartement &#8211; 1\u00e8re LIGNE Ref A54"},"content":{"rendered":"<h1><strong>Appartement Santanyi 1\u00e8re ligne Cap Blau (Ref. A54)<\/strong><\/h1>\n<p>Appartement tr\u00e8s exclusif en 1\u00e8re ligne de mer \u00e0 SANTANYI, CAP BLAU Cala Figuera, dans un complexe haut standing avec vues spectaculaires sur la mer.<\/p>\n<p>Surface totale d&#8217;environ 120 m\u00b2, orient\u00e9e sud, avec v\u00e9randa d&#8217;environ 15 m\u00b2.<\/p>\n<p>Il a un grand salon &#8211; \u00a0salle \u00e0 manger avec une vue imprenable, une grande cuisine enti\u00e8rement \u00e9quip\u00e9e et un garde manger \/ buanderie, 2 chambres doubles, 2 salles de bain (1 en suite), et la v\u00e9randa sur la mer.<\/p>\n<p>Chauffage \u00e9lectrique et climatisation.<\/p>\n<p>Ascenseur et interphone.<\/p>\n<p>Place de parking priv\u00e9e d&#8217;environ 13 m\u00b2 dans un garage souterrain, et cave priv\u00e9e d&#8217;environ 12 m\u00b2.<\/p>\n<p>Il y a \u00e9galement 3 piscines ext\u00e9rieures en 1\u00e8re ligne de mer, et un SPA avec salle de fitness, piscine jacuzzi, 2 saunas, hammam.<\/p>\n<p>Supermarch\u00e9 et restaurants \u00e0 proximit\u00e9.<\/p>\n","protected":false},"excerpt":{"rendered":"<p>Appartement Santanyi 1\u00e8re ligne Cap Blau (Ref. A54) Appartement tr\u00e8s exclusif en 1\u00e8re ligne de mer \u00e0 SANTANYI, CAP BLAU Cala Figuera, dans un complexe haut standing avec vues spectaculaires sur la mer. Surface totale d&#8217;environ 120 m\u00b2, orient\u00e9e sud, avec v\u00e9randa d&#8217;environ 15 m\u00b2. Il a un grand salon &#8211; \u00a0salle \u00e0 manger avec [&hellip;]<\/p>\n","protected":false},"author":2,"featured_media":27055,"parent":0,"menu_order":47,"template":"","property_type":[339],"property_status":[76,392],"property_feature":[],"property_label":[425],"property_country":[],"property_state":[],"property_city":[181,383],"property_area":[],"class_list":["post-23451","property","type-property","status-publish","has-post-thumbnail","hentry","property_type-appartement","property_status-en-vente","property_status-vendu","property_label-vendu","property_city-cala-figuera-fr","property_city-santanyi-fr"],"property_meta":{"_wpml_word_count":["146"],"_edit_lock":["1603969208:2"],"_edit_last":["2"],"_wpml_media_duplicate":["1"],"_wpml_media_featured":["1"],"_last_translation_edit_mode":["translation-editor"],"complete_open_graph":["a:7:{s:14:\"og:description\";s:0:\"\";s:8:\"og:title\";s:0:\"\";s:7:\"og:type\";s:0:\"\";s:12:\"twitter:card\";s:7:\"summary\";s:15:\"twitter:creator\";s:0:\"\";s:19:\"twitter:description\";s:0:\"\";s:8:\"og:image\";s:0:\"\";}"],"slide_template":["default"],"_yoast_wpseo_content_score":["90"],"fave_featured":["0"],"fave_loggedintoview":["0"],"fave_agent_display_option":["author_info"],"fave_agents":["-1"],"fave_multiunit_plans_enable":["disable"],"fave_floor_plans_enable":["disable"],"fave_single_top_area":["global"],"fave_single_content_area":["global"],"fave_swimming-poolf5c61477e456a3":["3"],"fave_heatf5c751dfe209c2":["oui"],"fave_additional_features_enable":["disable"],"fave_currency_info":[""],"houzez_geolocation_lat":["39.332676047628"],"houzez_geolocation_long":["3.1670207490234"],"_yoast_wpseo_primary_property_type":[""],"_yoast_wpseo_primary_property_status":["392"],"_yoast_wpseo_primary_property_feature":[""],"_yoast_wpseo_primary_property_label":["425"],"_yoast_wpseo_primary_property_city":["383"],"_yoast_wpseo_primary_property_area":[""],"_yoast_wpseo_primary_property_state":[""],"houzez_manual_expire":["0"],"_houzez_expiration_date_status":["saved"],"_thumbnail_id":["27055"],"houzez_total_property_views":["2234"],"houzez_views_by_date":["a:61:{s:10:\"11-25-2025\";i:1;s:10:\"11-28-2025\";i:1;s:10:\"11-29-2025\";i:1;s:10:\"12-01-2025\";i:1;s:10:\"12-05-2025\";i:1;s:10:\"12-07-2025\";i:1;s:10:\"12-10-2025\";i:1;s:10:\"12-12-2025\";i:1;s:10:\"12-15-2025\";i:1;s:10:\"12-16-2025\";i:2;s:10:\"12-19-2025\";i:1;s:10:\"12-21-2025\";i:2;s:10:\"12-26-2025\";i:1;s:10:\"12-27-2025\";i:1;s:10:\"12-29-2025\";i:4;s:10:\"12-30-2025\";i:1;s:10:\"12-31-2025\";i:1;s:10:\"01-02-2026\";i:2;s:10:\"01-03-2026\";i:1;s:10:\"01-05-2026\";i:2;s:10:\"01-09-2026\";i:1;s:10:\"01-10-2026\";i:1;s:10:\"01-16-2026\";i:1;s:10:\"01-18-2026\";i:1;s:10:\"01-19-2026\";i:1;s:10:\"01-22-2026\";i:3;s:10:\"01-30-2026\";i:1;s:10:\"01-31-2026\";i:1;s:10:\"02-06-2026\";i:2;s:10:\"02-08-2026\";i:1;s:10:\"02-09-2026\";i:1;s:10:\"02-10-2026\";i:1;s:10:\"02-13-2026\";i:1;s:10:\"02-20-2026\";i:1;s:10:\"02-24-2026\";i:2;s:10:\"02-27-2026\";i:4;s:10:\"03-05-2026\";i:1;s:10:\"03-06-2026\";i:2;s:10:\"03-08-2026\";i:1;s:10:\"03-09-2026\";i:1;s:10:\"03-13-2026\";i:1;s:10:\"03-14-2026\";i:1;s:10:\"03-16-2026\";i:1;s:10:\"03-19-2026\";i:2;s:10:\"03-20-2026\";i:2;s:10:\"03-21-2026\";i:1;s:10:\"03-25-2026\";i:1;s:10:\"03-27-2026\";i:2;s:10:\"03-31-2026\";i:1;s:10:\"04-03-2026\";i:1;s:10:\"04-10-2026\";i:1;s:10:\"04-11-2026\";i:1;s:10:\"04-16-2026\";i:1;s:10:\"04-17-2026\";i:2;s:10:\"04-19-2026\";i:1;s:10:\"04-20-2026\";i:1;s:10:\"04-22-2026\";i:1;s:10:\"04-24-2026\";i:1;s:10:\"04-28-2026\";i:1;s:10:\"05-01-2026\";i:1;s:10:\"05-03-2026\";i:2;}"],"houzez_recently_viewed":["2026-05-03 09:11:39"],"_yoast_wpseo_focuskw":["Appartement Santanyi 1\u00e8re ligne"],"_yoast_wpseo_title":["Appartement Santanyi 1\u00e8re ligne | Appartement Cap Blau | Casa and Co"],"_yoast_wpseo_metadesc":["Appartement Santanyi 1\u00e8re ligne Cap Blau (Ref. A54). Appartement \u00e0 SANTANYI, CAP BLAU Cala Figuera, dans un complexe haut standing."],"_yoast_wpseo_linkdex":["56"],"_wpml_media_has_media":["1"],"fave_property_country":["ES"],"fave_property_location":["39.332676047628,3.1670207490234,13"],"_wp_attachment_metadata":[""],"fave_property_images":["27045","27049","27053"],"fave_property_agency":["-1"],"fave_property_price":["-"],"fave_property_size":["120"],"fave_property_bedrooms":["2"],"fave_property_bathrooms":["2"],"fave_property_garage":["1"],"fave_property_id":["A54"],"fave_property_map":["0"],"fave_property_map_address":["Santany\u00ed - Cala Figuera"],"fave_property_map_street_view":["hide"],"fave_prop_homeslider":["no"],"rank_math_primary_property_type":[""],"rank_math_primary_property_status":["392"],"rank_math_primary_property_feature":[""],"rank_math_primary_property_label":["425"],"rank_math_primary_property_city":["383"],"rank_math_primary_property_area":[""],"rank_math_primary_property_state":[""],"rank_math_title":["Appartement Santanyi 1\u00e8re ligne | Appartement Cap Blau | Casa and Co"],"rank_math_description":["Appartement Santanyi 1\u00e8re ligne Cap Blau (Ref. A54). Appartement \u00e0 SANTANYI, CAP BLAU Cala Figuera, dans un complexe haut standing."],"rank_math_focus_keyword":["Appartement Santanyi 1\u00e8re ligne"],"rank_math_news_sitemap_robots":["index"],"rank_math_robots":["a:1:{i:0;s:5:\"index\";}"],"rank_math_analytic_object_id":["36"],"_elementor_page_assets":["a:0:{}"]},"yoast_head":"<!-- This site is optimized with the Yoast SEO plugin v26.9 - https:\/\/yoast.com\/product\/yoast-seo-wordpress\/ -->\n<title>Appartement Santanyi 1\u00e8re ligne | Appartement Cap Blau | Casa and Co<\/title>\n<meta name=\"description\" content=\"Appartement Santanyi 1\u00e8re ligne Cap Blau (Ref. A54). Appartement \u00e0 SANTANYI, CAP BLAU Cala Figuera, dans un complexe haut standing.\" \/>\n<meta name=\"robots\" content=\"index, follow, max-snippet:-1, max-image-preview:large, max-video-preview:-1\" \/>\n<link rel=\"canonical\" href=\"https:\/\/www.casa-and-co.com\/fr\/propri\u00e9t\u00e9\/appartement-santanyi-a54\/\" \/>\n<meta property=\"og:locale\" content=\"fr_FR\" \/>\n<meta property=\"og:type\" content=\"article\" \/>\n<meta property=\"og:title\" content=\"Appartement Santanyi 1\u00e8re ligne | Appartement Cap Blau | Casa and Co\" \/>\n<meta property=\"og:description\" content=\"Appartement Santanyi 1\u00e8re ligne Cap Blau (Ref. A54). Appartement \u00e0 SANTANYI, CAP BLAU Cala Figuera, dans un complexe haut standing.\" \/>\n<meta property=\"og:url\" content=\"https:\/\/www.casa-and-co.com\/fr\/propri\u00e9t\u00e9\/appartement-santanyi-a54\/\" \/>\n<meta property=\"og:site_name\" content=\"Casa and Co\" \/>\n<meta property=\"article:modified_time\" content=\"2025-04-29T10:46:23+00:00\" \/>\n<meta property=\"og:image\" content=\"https:\/\/www.casa-and-co.com\/wp-content\/uploads\/2019\/08\/13.DSC_0731-1.jpg\" \/>\n\t<meta property=\"og:image:width\" content=\"1200\" \/>\n\t<meta property=\"og:image:height\" content=\"675\" \/>\n\t<meta property=\"og:image:type\" content=\"image\/jpeg\" \/>\n<meta name=\"twitter:card\" content=\"summary_large_image\" \/>\n<meta name=\"twitter:label1\" content=\"Dur\u00e9e de lecture estim\u00e9e\" \/>\n\t<meta name=\"twitter:data1\" content=\"1 minute\" \/>\n<script type=\"application\/ld+json\" class=\"yoast-schema-graph\">{\"@context\":\"https:\/\/schema.org\",\"@graph\":[{\"@type\":\"WebPage\",\"@id\":\"https:\/\/www.casa-and-co.com\/fr\/propri\u00e9t\u00e9\/appartement-santanyi-a54\/\",\"url\":\"https:\/\/www.casa-and-co.com\/fr\/propri\u00e9t\u00e9\/appartement-santanyi-a54\/\",\"name\":\"Appartement Santanyi 1\u00e8re ligne | Appartement Cap Blau | Casa and Co\",\"isPartOf\":{\"@id\":\"https:\/\/www.casa-and-co.com\/fr\/#website\"},\"primaryImageOfPage\":{\"@id\":\"https:\/\/www.casa-and-co.com\/fr\/propri\u00e9t\u00e9\/appartement-santanyi-a54\/#primaryimage\"},\"image\":{\"@id\":\"https:\/\/www.casa-and-co.com\/fr\/propri\u00e9t\u00e9\/appartement-santanyi-a54\/#primaryimage\"},\"thumbnailUrl\":\"https:\/\/www.casa-and-co.com\/wp-content\/uploads\/2019\/08\/13.DSC_0731-1.jpg\",\"datePublished\":\"2019-08-08T16:11:13+00:00\",\"dateModified\":\"2025-04-29T10:46:23+00:00\",\"description\":\"Appartement Santanyi 1\u00e8re ligne Cap Blau (Ref. A54). Appartement \u00e0 SANTANYI, CAP BLAU Cala Figuera, dans un complexe haut standing.\",\"breadcrumb\":{\"@id\":\"https:\/\/www.casa-and-co.com\/fr\/propri\u00e9t\u00e9\/appartement-santanyi-a54\/#breadcrumb\"},\"inLanguage\":\"fr-FR\",\"potentialAction\":[{\"@type\":\"ReadAction\",\"target\":[\"https:\/\/www.casa-and-co.com\/fr\/propri\u00e9t\u00e9\/appartement-santanyi-a54\/\"]}]},{\"@type\":\"ImageObject\",\"inLanguage\":\"fr-FR\",\"@id\":\"https:\/\/www.casa-and-co.com\/fr\/propri\u00e9t\u00e9\/appartement-santanyi-a54\/#primaryimage\",\"url\":\"https:\/\/www.casa-and-co.com\/wp-content\/uploads\/2019\/08\/13.DSC_0731-1.jpg\",\"contentUrl\":\"https:\/\/www.casa-and-co.com\/wp-content\/uploads\/2019\/08\/13.DSC_0731-1.jpg\",\"width\":1200,\"height\":675},{\"@type\":\"BreadcrumbList\",\"@id\":\"https:\/\/www.casa-and-co.com\/fr\/propri\u00e9t\u00e9\/appartement-santanyi-a54\/#breadcrumb\",\"itemListElement\":[{\"@type\":\"ListItem\",\"position\":1,\"name\":\"Portada\",\"item\":\"https:\/\/www.casa-and-co.com\/fr\/\"},{\"@type\":\"ListItem\",\"position\":2,\"name\":\"Propri\u00e9t\u00e9s\",\"item\":\"https:\/\/www.casa-and-co.com\/fr\/propri\u00e9t\u00e9\/\"},{\"@type\":\"ListItem\",\"position\":3,\"name\":\"SANTANYI, CAP BLAU Appartement &#8211; 1\u00e8re LIGNE Ref A54\"}]},{\"@type\":\"WebSite\",\"@id\":\"https:\/\/www.casa-and-co.com\/fr\/#website\",\"url\":\"https:\/\/www.casa-and-co.com\/fr\/\",\"name\":\"Casa and Co\",\"description\":\"Real Estate - Santany\u00ed - Mallorca\",\"publisher\":{\"@id\":\"https:\/\/www.casa-and-co.com\/fr\/#organization\"},\"potentialAction\":[{\"@type\":\"SearchAction\",\"target\":{\"@type\":\"EntryPoint\",\"urlTemplate\":\"https:\/\/www.casa-and-co.com\/fr\/?s={search_term_string}\"},\"query-input\":{\"@type\":\"PropertyValueSpecification\",\"valueRequired\":true,\"valueName\":\"search_term_string\"}}],\"inLanguage\":\"fr-FR\"},{\"@type\":\"Organization\",\"@id\":\"https:\/\/www.casa-and-co.com\/fr\/#organization\",\"name\":\"Casa and Co\",\"url\":\"https:\/\/www.casa-and-co.com\/fr\/\",\"logo\":{\"@type\":\"ImageObject\",\"inLanguage\":\"fr-FR\",\"@id\":\"https:\/\/www.casa-and-co.com\/fr\/#\/schema\/logo\/image\/\",\"url\":\"https:\/\/www.casa-and-co.com\/wp-content\/uploads\/2019\/08\/casa-and-co-inmobiliaria-real-estate-mallorca.png\",\"contentUrl\":\"https:\/\/www.casa-and-co.com\/wp-content\/uploads\/2019\/08\/casa-and-co-inmobiliaria-real-estate-mallorca.png\",\"width\":200,\"height\":80,\"caption\":\"Casa and Co\"},\"image\":{\"@id\":\"https:\/\/www.casa-and-co.com\/fr\/#\/schema\/logo\/image\/\"}}]}<\/script>\n<!-- \/ Yoast SEO plugin. -->","yoast_head_json":{"title":"Appartement Santanyi 1\u00e8re ligne | Appartement Cap Blau | Casa and Co","description":"Appartement Santanyi 1\u00e8re ligne Cap Blau (Ref. A54). Appartement \u00e0 SANTANYI, CAP BLAU Cala Figuera, dans un complexe haut standing.","robots":{"index":"index","follow":"follow","max-snippet":"max-snippet:-1","max-image-preview":"max-image-preview:large","max-video-preview":"max-video-preview:-1"},"canonical":"https:\/\/www.casa-and-co.com\/fr\/propri\u00e9t\u00e9\/appartement-santanyi-a54\/","og_locale":"fr_FR","og_type":"article","og_title":"Appartement Santanyi 1\u00e8re ligne | Appartement Cap Blau | Casa and Co","og_description":"Appartement Santanyi 1\u00e8re ligne Cap Blau (Ref. A54). Appartement \u00e0 SANTANYI, CAP BLAU Cala Figuera, dans un complexe haut standing.","og_url":"https:\/\/www.casa-and-co.com\/fr\/propri\u00e9t\u00e9\/appartement-santanyi-a54\/","og_site_name":"Casa and Co","article_modified_time":"2025-04-29T10:46:23+00:00","og_image":[{"width":1200,"height":675,"url":"https:\/\/www.casa-and-co.com\/wp-content\/uploads\/2019\/08\/13.DSC_0731-1.jpg","type":"image\/jpeg"}],"twitter_card":"summary_large_image","twitter_misc":{"Dur\u00e9e de lecture estim\u00e9e":"1 minute"},"schema":{"@context":"https:\/\/schema.org","@graph":[{"@type":"WebPage","@id":"https:\/\/www.casa-and-co.com\/fr\/propri\u00e9t\u00e9\/appartement-santanyi-a54\/","url":"https:\/\/www.casa-and-co.com\/fr\/propri\u00e9t\u00e9\/appartement-santanyi-a54\/","name":"Appartement Santanyi 1\u00e8re ligne | Appartement Cap Blau | Casa and Co","isPartOf":{"@id":"https:\/\/www.casa-and-co.com\/fr\/#website"},"primaryImageOfPage":{"@id":"https:\/\/www.casa-and-co.com\/fr\/propri\u00e9t\u00e9\/appartement-santanyi-a54\/#primaryimage"},"image":{"@id":"https:\/\/www.casa-and-co.com\/fr\/propri\u00e9t\u00e9\/appartement-santanyi-a54\/#primaryimage"},"thumbnailUrl":"https:\/\/www.casa-and-co.com\/wp-content\/uploads\/2019\/08\/13.DSC_0731-1.jpg","datePublished":"2019-08-08T16:11:13+00:00","dateModified":"2025-04-29T10:46:23+00:00","description":"Appartement Santanyi 1\u00e8re ligne Cap Blau (Ref. A54). Appartement \u00e0 SANTANYI, CAP BLAU Cala Figuera, dans un complexe haut standing.","breadcrumb":{"@id":"https:\/\/www.casa-and-co.com\/fr\/propri\u00e9t\u00e9\/appartement-santanyi-a54\/#breadcrumb"},"inLanguage":"fr-FR","potentialAction":[{"@type":"ReadAction","target":["https:\/\/www.casa-and-co.com\/fr\/propri\u00e9t\u00e9\/appartement-santanyi-a54\/"]}]},{"@type":"ImageObject","inLanguage":"fr-FR","@id":"https:\/\/www.casa-and-co.com\/fr\/propri\u00e9t\u00e9\/appartement-santanyi-a54\/#primaryimage","url":"https:\/\/www.casa-and-co.com\/wp-content\/uploads\/2019\/08\/13.DSC_0731-1.jpg","contentUrl":"https:\/\/www.casa-and-co.com\/wp-content\/uploads\/2019\/08\/13.DSC_0731-1.jpg","width":1200,"height":675},{"@type":"BreadcrumbList","@id":"https:\/\/www.casa-and-co.com\/fr\/propri\u00e9t\u00e9\/appartement-santanyi-a54\/#breadcrumb","itemListElement":[{"@type":"ListItem","position":1,"name":"Portada","item":"https:\/\/www.casa-and-co.com\/fr\/"},{"@type":"ListItem","position":2,"name":"Propri\u00e9t\u00e9s","item":"https:\/\/www.casa-and-co.com\/fr\/propri\u00e9t\u00e9\/"},{"@type":"ListItem","position":3,"name":"SANTANYI, CAP BLAU Appartement &#8211; 1\u00e8re LIGNE Ref A54"}]},{"@type":"WebSite","@id":"https:\/\/www.casa-and-co.com\/fr\/#website","url":"https:\/\/www.casa-and-co.com\/fr\/","name":"Casa and Co","description":"Real Estate - Santany\u00ed - Mallorca","publisher":{"@id":"https:\/\/www.casa-and-co.com\/fr\/#organization"},"potentialAction":[{"@type":"SearchAction","target":{"@type":"EntryPoint","urlTemplate":"https:\/\/www.casa-and-co.com\/fr\/?s={search_term_string}"},"query-input":{"@type":"PropertyValueSpecification","valueRequired":true,"valueName":"search_term_string"}}],"inLanguage":"fr-FR"},{"@type":"Organization","@id":"https:\/\/www.casa-and-co.com\/fr\/#organization","name":"Casa and Co","url":"https:\/\/www.casa-and-co.com\/fr\/","logo":{"@type":"ImageObject","inLanguage":"fr-FR","@id":"https:\/\/www.casa-and-co.com\/fr\/#\/schema\/logo\/image\/","url":"https:\/\/www.casa-and-co.com\/wp-content\/uploads\/2019\/08\/casa-and-co-inmobiliaria-real-estate-mallorca.png","contentUrl":"https:\/\/www.casa-and-co.com\/wp-content\/uploads\/2019\/08\/casa-and-co-inmobiliaria-real-estate-mallorca.png","width":200,"height":80,"caption":"Casa and Co"},"image":{"@id":"https:\/\/www.casa-and-co.com\/fr\/#\/schema\/logo\/image\/"}}]}},"_links":{"self":[{"href":"https:\/\/www.casa-and-co.com\/fr\/wp-json\/wp\/v2\/properties\/23451","targetHints":{"allow":["GET"]}}],"collection":[{"href":"https:\/\/www.casa-and-co.com\/fr\/wp-json\/wp\/v2\/properties"}],"about":[{"href":"https:\/\/www.casa-and-co.com\/fr\/wp-json\/wp\/v2\/types\/property"}],"author":[{"embeddable":true,"href":"https:\/\/www.casa-and-co.com\/fr\/wp-json\/wp\/v2\/users\/2"}],"version-history":[{"count":4,"href":"https:\/\/www.casa-and-co.com\/fr\/wp-json\/wp\/v2\/properties\/23451\/revisions"}],"predecessor-version":[{"id":23467,"href":"https:\/\/www.casa-and-co.com\/fr\/wp-json\/wp\/v2\/properties\/23451\/revisions\/23467"}],"wp:featuredmedia":[{"embeddable":true,"href":"https:\/\/www.casa-and-co.com\/fr\/wp-json\/wp\/v2\/media\/27055"}],"wp:attachment":[{"href":"https:\/\/www.casa-and-co.com\/fr\/wp-json\/wp\/v2\/media?parent=23451"}],"wp:term":[{"taxonomy":"property_type","embeddable":true,"href":"https:\/\/www.casa-and-co.com\/fr\/wp-json\/wp\/v2\/property_type?post=23451"},{"taxonomy":"property_status","embeddable":true,"href":"https:\/\/www.casa-and-co.com\/fr\/wp-json\/wp\/v2\/property_status?post=23451"},{"taxonomy":"property_feature","embeddable":true,"href":"https:\/\/www.casa-and-co.com\/fr\/wp-json\/wp\/v2\/property_feature?post=23451"},{"taxonomy":"property_label","embeddable":true,"href":"https:\/\/www.casa-and-co.com\/fr\/wp-json\/wp\/v2\/property_label?post=23451"},{"taxonomy":"property_country","embeddable":true,"href":"https:\/\/www.casa-and-co.com\/fr\/wp-json\/wp\/v2\/property_country?post=23451"},{"taxonomy":"property_state","embeddable":true,"href":"https:\/\/www.casa-and-co.com\/fr\/wp-json\/wp\/v2\/property_state?post=23451"},{"taxonomy":"property_city","embeddable":true,"href":"https:\/\/www.casa-and-co.com\/fr\/wp-json\/wp\/v2\/property_city?post=23451"},{"taxonomy":"property_area","embeddable":true,"href":"https:\/\/www.casa-and-co.com\/fr\/wp-json\/wp\/v2\/property_area?post=23451"}],"curies":[{"name":"wp","href":"https:\/\/api.w.org\/{rel}","templated":true}]}}