{"id":20475,"date":"2019-03-06T17:39:08","date_gmt":"2019-03-06T17:39:08","guid":{"rendered":"https:\/\/casa-and-co.com\/construction-management\/"},"modified":"2020-07-31T11:35:48","modified_gmt":"2020-07-31T11:35:48","slug":"gestion-des-travaux","status":"publish","type":"page","link":"https:\/\/www.casa-and-co.com\/fr\/gestion-des-travaux\/","title":{"rendered":"Gestion des travaux"},"content":{"rendered":"<div class=\"wpb-content-wrapper\"><p>[vc_row][vc_column][vc_empty_space height=&#8221;85&#8243;][vc_column_text]<\/p>\n<h1 class=\"postheader\">Service de gestion et direction de projets de nouvelle construction, de modification et \/ ou de r\u00e9habilitation.<\/h1>\n<p>[\/vc_column_text][vc_empty_space height=&#8221;45&#8243;][\/vc_column][\/vc_row][vc_row][vc_column width=&#8221;1\/2&#8243;][vc_column_text]<\/p>\n<h2 class=\"postheader\">Nos services de gestion des travaux sont:<\/h2>\n<div class=\"postcontent\">\n<ol>\n<li>Ann\u00e9es d&#8217;<strong>exp\u00e9rience<\/strong>\u00a0d\u2019attention personnelle aux clients.<\/li>\n<li>Conseils sur le choix de l&#8217;<strong>architecte<\/strong>\u00a0le mieux adapt\u00e9 \u00e0 vos besoins.<\/li>\n<li>Le traitement et le suivi de tous les\u00a0<strong>documents et proc\u00e9dures<\/strong>\u00a0d&#8217;obtention de tous les permis afin de commencer les travaux.<\/li>\n<li>Comparaison des diff\u00e9rents\u00a0<strong>devis fournis<\/strong>\u00a0par diverses entreprises de construction.<\/li>\n<li>N\u00e9gociation des\u00a0<strong>d\u00e9lais de livraison et conditions de paiement\u00a0<\/strong>pour un bon d\u00e9roulement des travaux.<\/li>\n<li>R\u00e9daction d&#8217;un\u00a0<strong>contrat\u00a0<\/strong>qui pr\u00e9voit une protection contre tout \u00e9ventuel d\u00e9saccord en cours de travaux.<\/li>\n<li><strong>La gestion des travaux, le suivi et la collaboration <\/strong>avec l\u2019architecte et l\u2019ing\u00e9nieur durant l&#8217;ensemble du projet de construction.<\/li>\n<li>Compteurs d&#8217;<strong>eau<\/strong>\u00a0et d&#8217;<strong>\u00e9lectricit\u00e9<\/strong>\u00a0pendant et apr\u00e8s la construction.<\/li>\n<li><strong>Rapports r\u00e9guliers<\/strong> (photo et vid\u00e9o) de l\u2019avancement des travaux et envoi au promoteur.<\/li>\n<li>Obtenir tous les\u00a0<strong>certificats de fin\u00a0<\/strong>de travaux:\n<ul>\n<li><strong>Licence de premi\u00e8re occupation.<\/strong><\/li>\n<li><strong>Certificat d&#8217;habitabilit\u00e9.<\/strong><\/li>\n<li><strong>D\u00e9claration et enregistrement au cadastre.<\/strong><\/li>\n<\/ul>\n<\/li>\n<\/ol>\n<p><a href=\"https:\/\/www.casa-and-co.com\/fr\/contact\/\">Contact Agence immobili\u00e8re Casa &amp; Co<\/a><\/p>\n<p><a href=\"https:\/\/www.google.com\/search?tbm=lcl&amp;ei=OStyXpSiJ-Go8gK57JLgBQ&amp;q=immobilien+santanyi+casa+and+co&amp;oq=immobilien+santanyi+casa+and+co&amp;gs_l=psy-ab.12..33i160k1.15460.18270.0.20165.14.14.0.0.0.0.139.1283.2j10.12.0....0...1c.1.64.psy-ab..2.12.1281...38j0i22i30k1j33i22i29i30k1.0.jahl2lBjJJo#rlfi=hd:;si:1557582898299350719;mv:[[39.35488007731903,3.1280212588370397],[39.354520122680974,3.127555741162961]]\">C.\/ Bisbe Verger 1 | 07650 | Santanyi<\/a><\/p>\n<\/div>\n<p>[\/vc_column_text][\/vc_column][vc_column width=&#8221;1\/2&#8243;][vc_gallery type=&#8221;image_grid&#8221; images=&#8221;20335,20378,20345,20340,20355,20350,20360,20368,20373&#8243; onclick=&#8221;&#8221; css_animation=&#8221;fadeIn&#8221;][\/vc_column][\/vc_row][vc_row][vc_column width=&#8221;1\/6&#8243;][\/vc_column][vc_column width=&#8221;2\/3&#8243;][vc_empty_space height=&#8221;50px&#8221;][vc_separator][vc_empty_space height=&#8221;50px&#8221;][\/vc_column][vc_column width=&#8221;1\/6&#8243;][\/vc_column][\/vc_row]<\/p>\n<\/div>","protected":false},"excerpt":{"rendered":"<p>[vc_row][vc_column][vc_empty_space height=&#8221;85&#8243;][vc_column_text] Service de gestion et direction de projets de nouvelle construction, de modification et \/ ou de r\u00e9habilitation. [\/vc_column_text][vc_empty_space height=&#8221;45&#8243;][\/vc_column][\/vc_row][vc_row][vc_column width=&#8221;1\/2&#8243;][vc_column_text] Nos services de gestion des travaux sont: Ann\u00e9es d&#8217;exp\u00e9rience\u00a0d\u2019attention personnelle aux clients. Conseils sur le choix de l&#8217;architecte\u00a0le mieux adapt\u00e9 \u00e0 vos besoins. Le traitement et le suivi de tous les\u00a0documents et proc\u00e9dures\u00a0d&#8217;obtention [&hellip;]<\/p>\n","protected":false},"author":1,"featured_media":23220,"parent":0,"menu_order":0,"comment_status":"closed","ping_status":"closed","template":"template\/template-homepage.php","meta":{"footnotes":""},"class_list":["post-20475","page","type-page","status-publish","has-post-thumbnail","hentry"],"yoast_head":"<!-- This site is optimized with the Yoast SEO plugin v26.9 - https:\/\/yoast.com\/product\/yoast-seo-wordpress\/ -->\n<title>Gestion des travaux | Permis construire Santany\u00ed | | Architecte Santany\u00ed<\/title>\n<meta name=\"description\" content=\"Casa and Co propose des services de gestion des travaux de construction \u00e0 Santany\u00ed: proc\u00e9dures et de permis de construire et architecte.\" \/>\n<meta name=\"robots\" content=\"index, follow, max-snippet:-1, max-image-preview:large, max-video-preview:-1\" \/>\n<link rel=\"canonical\" href=\"https:\/\/www.casa-and-co.com\/fr\/gestion-des-travaux\/\" \/>\n<meta property=\"og:locale\" content=\"fr_FR\" \/>\n<meta property=\"og:type\" content=\"article\" \/>\n<meta property=\"og:title\" content=\"Gestion des travaux | Permis construire Santany\u00ed | | Architecte Santany\u00ed\" \/>\n<meta property=\"og:description\" content=\"Casa and Co propose des services de gestion des travaux de construction \u00e0 Santany\u00ed: proc\u00e9dures et de permis de construire et architecte.\" \/>\n<meta property=\"og:url\" content=\"https:\/\/www.casa-and-co.com\/fr\/gestion-des-travaux\/\" \/>\n<meta property=\"og:site_name\" content=\"Casa and Co\" \/>\n<meta property=\"article:modified_time\" content=\"2020-07-31T11:35:48+00:00\" \/>\n<meta property=\"og:image\" content=\"https:\/\/www.casa-and-co.com\/wp-content\/uploads\/2019\/08\/18.PB_.jpg\" \/>\n\t<meta property=\"og:image:width\" content=\"1200\" \/>\n\t<meta property=\"og:image:height\" content=\"675\" \/>\n\t<meta property=\"og:image:type\" content=\"image\/jpeg\" \/>\n<meta name=\"twitter:card\" content=\"summary_large_image\" \/>\n<meta name=\"twitter:label1\" content=\"Dur\u00e9e de lecture estim\u00e9e\" \/>\n\t<meta name=\"twitter:data1\" content=\"1 minute\" \/>\n<script type=\"application\/ld+json\" class=\"yoast-schema-graph\">{\"@context\":\"https:\/\/schema.org\",\"@graph\":[{\"@type\":\"WebPage\",\"@id\":\"https:\/\/www.casa-and-co.com\/fr\/gestion-des-travaux\/\",\"url\":\"https:\/\/www.casa-and-co.com\/fr\/gestion-des-travaux\/\",\"name\":\"Gestion des travaux | Permis construire Santany\u00ed | | Architecte Santany\u00ed\",\"isPartOf\":{\"@id\":\"https:\/\/www.casa-and-co.com\/fr\/#website\"},\"primaryImageOfPage\":{\"@id\":\"https:\/\/www.casa-and-co.com\/fr\/gestion-des-travaux\/#primaryimage\"},\"image\":{\"@id\":\"https:\/\/www.casa-and-co.com\/fr\/gestion-des-travaux\/#primaryimage\"},\"thumbnailUrl\":\"https:\/\/www.casa-and-co.com\/wp-content\/uploads\/2019\/08\/18.PB_.jpg\",\"datePublished\":\"2019-03-06T17:39:08+00:00\",\"dateModified\":\"2020-07-31T11:35:48+00:00\",\"description\":\"Casa and Co propose des services de gestion des travaux de construction \u00e0 Santany\u00ed: proc\u00e9dures et de permis de construire et architecte.\",\"breadcrumb\":{\"@id\":\"https:\/\/www.casa-and-co.com\/fr\/gestion-des-travaux\/#breadcrumb\"},\"inLanguage\":\"fr-FR\",\"potentialAction\":[{\"@type\":\"ReadAction\",\"target\":[\"https:\/\/www.casa-and-co.com\/fr\/gestion-des-travaux\/\"]}]},{\"@type\":\"ImageObject\",\"inLanguage\":\"fr-FR\",\"@id\":\"https:\/\/www.casa-and-co.com\/fr\/gestion-des-travaux\/#primaryimage\",\"url\":\"https:\/\/www.casa-and-co.com\/wp-content\/uploads\/2019\/08\/18.PB_.jpg\",\"contentUrl\":\"https:\/\/www.casa-and-co.com\/wp-content\/uploads\/2019\/08\/18.PB_.jpg\",\"width\":1200,\"height\":675,\"caption\":\"Gestion des travaux\"},{\"@type\":\"BreadcrumbList\",\"@id\":\"https:\/\/www.casa-and-co.com\/fr\/gestion-des-travaux\/#breadcrumb\",\"itemListElement\":[{\"@type\":\"ListItem\",\"position\":1,\"name\":\"Portada\",\"item\":\"https:\/\/www.casa-and-co.com\/fr\/\"},{\"@type\":\"ListItem\",\"position\":2,\"name\":\"Gestion des travaux\"}]},{\"@type\":\"WebSite\",\"@id\":\"https:\/\/www.casa-and-co.com\/fr\/#website\",\"url\":\"https:\/\/www.casa-and-co.com\/fr\/\",\"name\":\"Casa and Co\",\"description\":\"Real Estate - Santany\u00ed - Mallorca\",\"publisher\":{\"@id\":\"https:\/\/www.casa-and-co.com\/fr\/#organization\"},\"potentialAction\":[{\"@type\":\"SearchAction\",\"target\":{\"@type\":\"EntryPoint\",\"urlTemplate\":\"https:\/\/www.casa-and-co.com\/fr\/?s={search_term_string}\"},\"query-input\":{\"@type\":\"PropertyValueSpecification\",\"valueRequired\":true,\"valueName\":\"search_term_string\"}}],\"inLanguage\":\"fr-FR\"},{\"@type\":\"Organization\",\"@id\":\"https:\/\/www.casa-and-co.com\/fr\/#organization\",\"name\":\"Casa and Co\",\"url\":\"https:\/\/www.casa-and-co.com\/fr\/\",\"logo\":{\"@type\":\"ImageObject\",\"inLanguage\":\"fr-FR\",\"@id\":\"https:\/\/www.casa-and-co.com\/fr\/#\/schema\/logo\/image\/\",\"url\":\"https:\/\/www.casa-and-co.com\/wp-content\/uploads\/2019\/08\/casa-and-co-inmobiliaria-real-estate-mallorca.png\",\"contentUrl\":\"https:\/\/www.casa-and-co.com\/wp-content\/uploads\/2019\/08\/casa-and-co-inmobiliaria-real-estate-mallorca.png\",\"width\":200,\"height\":80,\"caption\":\"Casa and Co\"},\"image\":{\"@id\":\"https:\/\/www.casa-and-co.com\/fr\/#\/schema\/logo\/image\/\"}}]}<\/script>\n<!-- \/ Yoast SEO plugin. -->","yoast_head_json":{"title":"Gestion des travaux | Permis construire Santany\u00ed | | Architecte Santany\u00ed","description":"Casa and Co propose des services de gestion des travaux de construction \u00e0 Santany\u00ed: proc\u00e9dures et de permis de construire et architecte.","robots":{"index":"index","follow":"follow","max-snippet":"max-snippet:-1","max-image-preview":"max-image-preview:large","max-video-preview":"max-video-preview:-1"},"canonical":"https:\/\/www.casa-and-co.com\/fr\/gestion-des-travaux\/","og_locale":"fr_FR","og_type":"article","og_title":"Gestion des travaux | Permis construire Santany\u00ed | | Architecte Santany\u00ed","og_description":"Casa and Co propose des services de gestion des travaux de construction \u00e0 Santany\u00ed: proc\u00e9dures et de permis de construire et architecte.","og_url":"https:\/\/www.casa-and-co.com\/fr\/gestion-des-travaux\/","og_site_name":"Casa and Co","article_modified_time":"2020-07-31T11:35:48+00:00","og_image":[{"width":1200,"height":675,"url":"https:\/\/www.casa-and-co.com\/wp-content\/uploads\/2019\/08\/18.PB_.jpg","type":"image\/jpeg"}],"twitter_card":"summary_large_image","twitter_misc":{"Dur\u00e9e de lecture estim\u00e9e":"1 minute"},"schema":{"@context":"https:\/\/schema.org","@graph":[{"@type":"WebPage","@id":"https:\/\/www.casa-and-co.com\/fr\/gestion-des-travaux\/","url":"https:\/\/www.casa-and-co.com\/fr\/gestion-des-travaux\/","name":"Gestion des travaux | Permis construire Santany\u00ed | | Architecte Santany\u00ed","isPartOf":{"@id":"https:\/\/www.casa-and-co.com\/fr\/#website"},"primaryImageOfPage":{"@id":"https:\/\/www.casa-and-co.com\/fr\/gestion-des-travaux\/#primaryimage"},"image":{"@id":"https:\/\/www.casa-and-co.com\/fr\/gestion-des-travaux\/#primaryimage"},"thumbnailUrl":"https:\/\/www.casa-and-co.com\/wp-content\/uploads\/2019\/08\/18.PB_.jpg","datePublished":"2019-03-06T17:39:08+00:00","dateModified":"2020-07-31T11:35:48+00:00","description":"Casa and Co propose des services de gestion des travaux de construction \u00e0 Santany\u00ed: proc\u00e9dures et de permis de construire et architecte.","breadcrumb":{"@id":"https:\/\/www.casa-and-co.com\/fr\/gestion-des-travaux\/#breadcrumb"},"inLanguage":"fr-FR","potentialAction":[{"@type":"ReadAction","target":["https:\/\/www.casa-and-co.com\/fr\/gestion-des-travaux\/"]}]},{"@type":"ImageObject","inLanguage":"fr-FR","@id":"https:\/\/www.casa-and-co.com\/fr\/gestion-des-travaux\/#primaryimage","url":"https:\/\/www.casa-and-co.com\/wp-content\/uploads\/2019\/08\/18.PB_.jpg","contentUrl":"https:\/\/www.casa-and-co.com\/wp-content\/uploads\/2019\/08\/18.PB_.jpg","width":1200,"height":675,"caption":"Gestion des travaux"},{"@type":"BreadcrumbList","@id":"https:\/\/www.casa-and-co.com\/fr\/gestion-des-travaux\/#breadcrumb","itemListElement":[{"@type":"ListItem","position":1,"name":"Portada","item":"https:\/\/www.casa-and-co.com\/fr\/"},{"@type":"ListItem","position":2,"name":"Gestion des travaux"}]},{"@type":"WebSite","@id":"https:\/\/www.casa-and-co.com\/fr\/#website","url":"https:\/\/www.casa-and-co.com\/fr\/","name":"Casa and Co","description":"Real Estate - Santany\u00ed - Mallorca","publisher":{"@id":"https:\/\/www.casa-and-co.com\/fr\/#organization"},"potentialAction":[{"@type":"SearchAction","target":{"@type":"EntryPoint","urlTemplate":"https:\/\/www.casa-and-co.com\/fr\/?s={search_term_string}"},"query-input":{"@type":"PropertyValueSpecification","valueRequired":true,"valueName":"search_term_string"}}],"inLanguage":"fr-FR"},{"@type":"Organization","@id":"https:\/\/www.casa-and-co.com\/fr\/#organization","name":"Casa and Co","url":"https:\/\/www.casa-and-co.com\/fr\/","logo":{"@type":"ImageObject","inLanguage":"fr-FR","@id":"https:\/\/www.casa-and-co.com\/fr\/#\/schema\/logo\/image\/","url":"https:\/\/www.casa-and-co.com\/wp-content\/uploads\/2019\/08\/casa-and-co-inmobiliaria-real-estate-mallorca.png","contentUrl":"https:\/\/www.casa-and-co.com\/wp-content\/uploads\/2019\/08\/casa-and-co-inmobiliaria-real-estate-mallorca.png","width":200,"height":80,"caption":"Casa and Co"},"image":{"@id":"https:\/\/www.casa-and-co.com\/fr\/#\/schema\/logo\/image\/"}}]}},"_links":{"self":[{"href":"https:\/\/www.casa-and-co.com\/fr\/wp-json\/wp\/v2\/pages\/20475","targetHints":{"allow":["GET"]}}],"collection":[{"href":"https:\/\/www.casa-and-co.com\/fr\/wp-json\/wp\/v2\/pages"}],"about":[{"href":"https:\/\/www.casa-and-co.com\/fr\/wp-json\/wp\/v2\/types\/page"}],"author":[{"embeddable":true,"href":"https:\/\/www.casa-and-co.com\/fr\/wp-json\/wp\/v2\/users\/1"}],"replies":[{"embeddable":true,"href":"https:\/\/www.casa-and-co.com\/fr\/wp-json\/wp\/v2\/comments?post=20475"}],"version-history":[{"count":2,"href":"https:\/\/www.casa-and-co.com\/fr\/wp-json\/wp\/v2\/pages\/20475\/revisions"}],"predecessor-version":[{"id":24991,"href":"https:\/\/www.casa-and-co.com\/fr\/wp-json\/wp\/v2\/pages\/20475\/revisions\/24991"}],"wp:featuredmedia":[{"embeddable":true,"href":"https:\/\/www.casa-and-co.com\/fr\/wp-json\/wp\/v2\/media\/23220"}],"wp:attachment":[{"href":"https:\/\/www.casa-and-co.com\/fr\/wp-json\/wp\/v2\/media?parent=20475"}],"curies":[{"name":"wp","href":"https:\/\/api.w.org\/{rel}","templated":true}]}}