{"id":37897,"date":"2025-12-02T16:01:46","date_gmt":"2025-12-02T16:01:46","guid":{"rendered":"https:\/\/www.casa-and-co.com\/?post_type=property&#038;p=37897"},"modified":"2025-12-02T16:01:46","modified_gmt":"2025-12-02T16:01:46","slug":"solares-en-santanyi-para-uso-comercial-industrial-r2-r8","status":"publish","type":"property","link":"https:\/\/www.casa-and-co.com\/es\/propiedades\/solares-en-santanyi-para-uso-comercial-industrial-r2-r8\/","title":{"rendered":"SOLARES en SANTANYI para USO COMERCIAL \/ INDUSTRIAL (R2 &#038; R8)"},"content":{"rendered":"<p>5 SOLARES en SANTANYI para USO COMERCIAL \/ INDUSTRIAL<\/p>\n<p>Solares aptos para desarrollar actividad comercial o industrial, con caseta preinstalada para contadores de servicios necesarios.<\/p>\n<p>Solares de 2.000 a 4.400<\/p>\n<p>OCUPACI\u00d3N m\u00e1xima 60%<\/p>\n<p>RETRANQUEOS delanteros 10 m, linderos y fondo 5 m<\/p>\n<p>ALTURA m\u00e1xima 11 m<\/p>\n<p>S\u00d3TANO : uso permitido como almac\u00e9n, bajo permiso especial.<\/p>\n<p>ZONA AJARDINADA m\u00ednimo 10%<\/p>\n<p>VIVIENDA : uso no permitido, salvo una vivienda posible (guarda)<\/p>\n<p>&nbsp;<\/p>\n<p><strong>Solar R8 : \u00e1rea 2.120 m\u00b2, precio 1.653.600 \u20ac<\/strong><\/p>\n<p>Solar R5 : \u00e1rea 3.298 m\u00b2, precio 2.803.300 \u20ac<\/p>\n<p>Solar R2 : \u00e1rea 3.456 m\u00b2, precio 2.695.680 \u20ac<\/p>\n<p>&nbsp;<\/p>\n<p>Y 2 solares vecinos :<\/p>\n<p>Solar R9\u00a0 :\u00a0 \u00e1rea 4.402 m\u00b2, precio 3.741.700 \u20ac<\/p>\n<p>Solar R10 : \u00e1rea 4.402 m\u00b2, precio 3.741.700 \u20ac<\/p>\n","protected":false},"excerpt":{"rendered":"<p>5 SOLARES en SANTANYI para USO COMERCIAL \/ INDUSTRIAL Solares aptos para desarrollar actividad comercial o industrial, con caseta preinstalada para contadores de servicios necesarios. Solares de 2.000 a 4.400 OCUPACI\u00d3N m\u00e1xima 60% RETRANQUEOS delanteros 10 m, linderos y fondo 5 m ALTURA m\u00e1xima 11 m S\u00d3TANO : uso permitido como almac\u00e9n, bajo permiso especial. [&hellip;]<\/p>\n","protected":false},"author":2,"featured_media":0,"parent":0,"menu_order":13,"template":"","property_type":[334,348],"property_status":[78],"property_feature":[],"property_label":[453],"property_country":[],"property_state":[],"property_city":[426],"property_area":[],"class_list":["post-37897","property","type-property","status-publish","hentry","property_type-solar-urbano","property_type-tienda-negocio","property_status-en-venta","property_label-en-venta","property_city-santanyi"],"property_meta":{"_edit_lock":["1764691301:2"],"_edit_last":["2"],"_wpml_word_count":["118"],"_wpml_location_migration_done":["1"],"_wpb_vc_js_status":["true"],"_wpb_vc_editor_type":["classic"],"houzez_manual_expire":["0"],"_houzez_expiration_date_status":["saved"],"_wpml_media_duplicate":["1"],"_wpml_media_featured":["1"],"houzez_total_property_views":["514"],"houzez_views_by_date":["a:61:{s:10:\"03-03-2026\";i:4;s:10:\"03-04-2026\";i:3;s:10:\"03-05-2026\";i:4;s:10:\"03-06-2026\";i:6;s:10:\"03-07-2026\";i:3;s:10:\"03-08-2026\";i:6;s:10:\"03-09-2026\";i:4;s:10:\"03-10-2026\";i:4;s:10:\"03-11-2026\";i:3;s:10:\"03-12-2026\";i:5;s:10:\"03-13-2026\";i:5;s:10:\"03-14-2026\";i:3;s:10:\"03-15-2026\";i:4;s:10:\"03-16-2026\";i:8;s:10:\"03-17-2026\";i:5;s:10:\"03-18-2026\";i:5;s:10:\"03-19-2026\";i:4;s:10:\"03-20-2026\";i:5;s:10:\"03-21-2026\";i:3;s:10:\"03-22-2026\";i:4;s:10:\"03-23-2026\";i:4;s:10:\"03-24-2026\";i:4;s:10:\"03-25-2026\";i:3;s:10:\"03-26-2026\";i:2;s:10:\"03-27-2026\";i:4;s:10:\"03-28-2026\";i:2;s:10:\"03-29-2026\";i:5;s:10:\"03-30-2026\";i:1;s:10:\"03-31-2026\";i:3;s:10:\"04-01-2026\";i:4;s:10:\"04-02-2026\";i:2;s:10:\"04-03-2026\";i:5;s:10:\"04-04-2026\";i:4;s:10:\"04-05-2026\";i:3;s:10:\"04-06-2026\";i:4;s:10:\"04-07-2026\";i:3;s:10:\"04-08-2026\";i:3;s:10:\"04-09-2026\";i:5;s:10:\"04-10-2026\";i:4;s:10:\"04-11-2026\";i:2;s:10:\"04-12-2026\";i:3;s:10:\"04-13-2026\";i:3;s:10:\"04-14-2026\";i:2;s:10:\"04-15-2026\";i:3;s:10:\"04-16-2026\";i:4;s:10:\"04-17-2026\";i:1;s:10:\"04-18-2026\";i:5;s:10:\"04-19-2026\";i:2;s:10:\"04-20-2026\";i:4;s:10:\"04-21-2026\";i:2;s:10:\"04-22-2026\";i:3;s:10:\"04-23-2026\";i:3;s:10:\"04-24-2026\";i:3;s:10:\"04-25-2026\";i:3;s:10:\"04-26-2026\";i:3;s:10:\"04-27-2026\";i:2;s:10:\"04-28-2026\";i:5;s:10:\"04-29-2026\";i:2;s:10:\"04-30-2026\";i:2;s:10:\"05-01-2026\";i:3;s:10:\"05-02-2026\";i:2;}"],"houzez_recently_viewed":["2026-05-02 04:37:44"],"_elementor_page_assets":["a:0:{}"]},"yoast_head":"<!-- This site is optimized with the Yoast SEO plugin v26.9 - https:\/\/yoast.com\/product\/yoast-seo-wordpress\/ -->\n<title>SOLARES en SANTANYI para USO COMERCIAL \/ INDUSTRIAL (R2 &amp; R8) - Casa and Co<\/title>\n<meta name=\"robots\" content=\"index, follow, max-snippet:-1, max-image-preview:large, max-video-preview:-1\" \/>\n<link rel=\"canonical\" href=\"https:\/\/www.casa-and-co.com\/es\/propiedades\/solares-en-santanyi-para-uso-comercial-industrial-r2-r8\/\" \/>\n<meta property=\"og:locale\" content=\"es_ES\" \/>\n<meta property=\"og:type\" content=\"article\" \/>\n<meta property=\"og:title\" content=\"SOLARES en SANTANYI para USO COMERCIAL \/ INDUSTRIAL (R2 &amp; R8) - Casa and Co\" \/>\n<meta property=\"og:description\" content=\"5 SOLARES en SANTANYI para USO COMERCIAL \/ INDUSTRIAL Solares aptos para desarrollar actividad comercial o industrial, con caseta preinstalada para contadores de servicios necesarios. Solares de 2.000 a 4.400 OCUPACI\u00d3N m\u00e1xima 60% RETRANQUEOS delanteros 10 m, linderos y fondo 5 m ALTURA m\u00e1xima 11 m S\u00d3TANO : uso permitido como almac\u00e9n, bajo permiso especial. [&hellip;]\" \/>\n<meta property=\"og:url\" content=\"https:\/\/www.casa-and-co.com\/es\/propiedades\/solares-en-santanyi-para-uso-comercial-industrial-r2-r8\/\" \/>\n<meta property=\"og:site_name\" content=\"Casa and Co\" \/>\n<meta name=\"twitter:card\" content=\"summary_large_image\" \/>\n<script type=\"application\/ld+json\" class=\"yoast-schema-graph\">{\"@context\":\"https:\/\/schema.org\",\"@graph\":[{\"@type\":\"WebPage\",\"@id\":\"https:\/\/www.casa-and-co.com\/es\/propiedades\/solares-en-santanyi-para-uso-comercial-industrial-r2-r8\/\",\"url\":\"https:\/\/www.casa-and-co.com\/es\/propiedades\/solares-en-santanyi-para-uso-comercial-industrial-r2-r8\/\",\"name\":\"SOLARES en SANTANYI para USO COMERCIAL \/ INDUSTRIAL (R2 & R8) - Casa and Co\",\"isPartOf\":{\"@id\":\"https:\/\/www.casa-and-co.com\/es\/#website\"},\"datePublished\":\"2025-12-02T16:01:46+00:00\",\"breadcrumb\":{\"@id\":\"https:\/\/www.casa-and-co.com\/es\/propiedades\/solares-en-santanyi-para-uso-comercial-industrial-r2-r8\/#breadcrumb\"},\"inLanguage\":\"es\",\"potentialAction\":[{\"@type\":\"ReadAction\",\"target\":[\"https:\/\/www.casa-and-co.com\/es\/propiedades\/solares-en-santanyi-para-uso-comercial-industrial-r2-r8\/\"]}]},{\"@type\":\"BreadcrumbList\",\"@id\":\"https:\/\/www.casa-and-co.com\/es\/propiedades\/solares-en-santanyi-para-uso-comercial-industrial-r2-r8\/#breadcrumb\",\"itemListElement\":[{\"@type\":\"ListItem\",\"position\":1,\"name\":\"Portada\",\"item\":\"https:\/\/www.casa-and-co.com\/es\/\"},{\"@type\":\"ListItem\",\"position\":2,\"name\":\"Propiedades\",\"item\":\"https:\/\/www.casa-and-co.com\/es\/propiedades\/\"},{\"@type\":\"ListItem\",\"position\":3,\"name\":\"SOLARES en SANTANYI para USO COMERCIAL \/ INDUSTRIAL (R2 &#038; R8)\"}]},{\"@type\":\"WebSite\",\"@id\":\"https:\/\/www.casa-and-co.com\/es\/#website\",\"url\":\"https:\/\/www.casa-and-co.com\/es\/\",\"name\":\"Casa and Co\",\"description\":\"Real Estate - Santany\u00ed - Mallorca\",\"publisher\":{\"@id\":\"https:\/\/www.casa-and-co.com\/es\/#organization\"},\"potentialAction\":[{\"@type\":\"SearchAction\",\"target\":{\"@type\":\"EntryPoint\",\"urlTemplate\":\"https:\/\/www.casa-and-co.com\/es\/?s={search_term_string}\"},\"query-input\":{\"@type\":\"PropertyValueSpecification\",\"valueRequired\":true,\"valueName\":\"search_term_string\"}}],\"inLanguage\":\"es\"},{\"@type\":\"Organization\",\"@id\":\"https:\/\/www.casa-and-co.com\/es\/#organization\",\"name\":\"Casa and Co\",\"url\":\"https:\/\/www.casa-and-co.com\/es\/\",\"logo\":{\"@type\":\"ImageObject\",\"inLanguage\":\"es\",\"@id\":\"https:\/\/www.casa-and-co.com\/es\/#\/schema\/logo\/image\/\",\"url\":\"https:\/\/www.casa-and-co.com\/wp-content\/uploads\/2019\/08\/casa-and-co-inmobiliaria-real-estate-mallorca.png\",\"contentUrl\":\"https:\/\/www.casa-and-co.com\/wp-content\/uploads\/2019\/08\/casa-and-co-inmobiliaria-real-estate-mallorca.png\",\"width\":200,\"height\":80,\"caption\":\"Casa and Co\"},\"image\":{\"@id\":\"https:\/\/www.casa-and-co.com\/es\/#\/schema\/logo\/image\/\"}}]}<\/script>\n<!-- \/ Yoast SEO plugin. -->","yoast_head_json":{"title":"SOLARES en SANTANYI para USO COMERCIAL \/ INDUSTRIAL (R2 & R8) - Casa and Co","robots":{"index":"index","follow":"follow","max-snippet":"max-snippet:-1","max-image-preview":"max-image-preview:large","max-video-preview":"max-video-preview:-1"},"canonical":"https:\/\/www.casa-and-co.com\/es\/propiedades\/solares-en-santanyi-para-uso-comercial-industrial-r2-r8\/","og_locale":"es_ES","og_type":"article","og_title":"SOLARES en SANTANYI para USO COMERCIAL \/ INDUSTRIAL (R2 & R8) - Casa and Co","og_description":"5 SOLARES en SANTANYI para USO COMERCIAL \/ INDUSTRIAL Solares aptos para desarrollar actividad comercial o industrial, con caseta preinstalada para contadores de servicios necesarios. Solares de 2.000 a 4.400 OCUPACI\u00d3N m\u00e1xima 60% RETRANQUEOS delanteros 10 m, linderos y fondo 5 m ALTURA m\u00e1xima 11 m S\u00d3TANO : uso permitido como almac\u00e9n, bajo permiso especial. [&hellip;]","og_url":"https:\/\/www.casa-and-co.com\/es\/propiedades\/solares-en-santanyi-para-uso-comercial-industrial-r2-r8\/","og_site_name":"Casa and Co","twitter_card":"summary_large_image","schema":{"@context":"https:\/\/schema.org","@graph":[{"@type":"WebPage","@id":"https:\/\/www.casa-and-co.com\/es\/propiedades\/solares-en-santanyi-para-uso-comercial-industrial-r2-r8\/","url":"https:\/\/www.casa-and-co.com\/es\/propiedades\/solares-en-santanyi-para-uso-comercial-industrial-r2-r8\/","name":"SOLARES en SANTANYI para USO COMERCIAL \/ INDUSTRIAL (R2 & R8) - Casa and Co","isPartOf":{"@id":"https:\/\/www.casa-and-co.com\/es\/#website"},"datePublished":"2025-12-02T16:01:46+00:00","breadcrumb":{"@id":"https:\/\/www.casa-and-co.com\/es\/propiedades\/solares-en-santanyi-para-uso-comercial-industrial-r2-r8\/#breadcrumb"},"inLanguage":"es","potentialAction":[{"@type":"ReadAction","target":["https:\/\/www.casa-and-co.com\/es\/propiedades\/solares-en-santanyi-para-uso-comercial-industrial-r2-r8\/"]}]},{"@type":"BreadcrumbList","@id":"https:\/\/www.casa-and-co.com\/es\/propiedades\/solares-en-santanyi-para-uso-comercial-industrial-r2-r8\/#breadcrumb","itemListElement":[{"@type":"ListItem","position":1,"name":"Portada","item":"https:\/\/www.casa-and-co.com\/es\/"},{"@type":"ListItem","position":2,"name":"Propiedades","item":"https:\/\/www.casa-and-co.com\/es\/propiedades\/"},{"@type":"ListItem","position":3,"name":"SOLARES en SANTANYI para USO COMERCIAL \/ INDUSTRIAL (R2 &#038; R8)"}]},{"@type":"WebSite","@id":"https:\/\/www.casa-and-co.com\/es\/#website","url":"https:\/\/www.casa-and-co.com\/es\/","name":"Casa and Co","description":"Real Estate - Santany\u00ed - Mallorca","publisher":{"@id":"https:\/\/www.casa-and-co.com\/es\/#organization"},"potentialAction":[{"@type":"SearchAction","target":{"@type":"EntryPoint","urlTemplate":"https:\/\/www.casa-and-co.com\/es\/?s={search_term_string}"},"query-input":{"@type":"PropertyValueSpecification","valueRequired":true,"valueName":"search_term_string"}}],"inLanguage":"es"},{"@type":"Organization","@id":"https:\/\/www.casa-and-co.com\/es\/#organization","name":"Casa and Co","url":"https:\/\/www.casa-and-co.com\/es\/","logo":{"@type":"ImageObject","inLanguage":"es","@id":"https:\/\/www.casa-and-co.com\/es\/#\/schema\/logo\/image\/","url":"https:\/\/www.casa-and-co.com\/wp-content\/uploads\/2019\/08\/casa-and-co-inmobiliaria-real-estate-mallorca.png","contentUrl":"https:\/\/www.casa-and-co.com\/wp-content\/uploads\/2019\/08\/casa-and-co-inmobiliaria-real-estate-mallorca.png","width":200,"height":80,"caption":"Casa and Co"},"image":{"@id":"https:\/\/www.casa-and-co.com\/es\/#\/schema\/logo\/image\/"}}]}},"_links":{"self":[{"href":"https:\/\/www.casa-and-co.com\/es\/wp-json\/wp\/v2\/properties\/37897","targetHints":{"allow":["GET"]}}],"collection":[{"href":"https:\/\/www.casa-and-co.com\/es\/wp-json\/wp\/v2\/properties"}],"about":[{"href":"https:\/\/www.casa-and-co.com\/es\/wp-json\/wp\/v2\/types\/property"}],"author":[{"embeddable":true,"href":"https:\/\/www.casa-and-co.com\/es\/wp-json\/wp\/v2\/users\/2"}],"version-history":[{"count":0,"href":"https:\/\/www.casa-and-co.com\/es\/wp-json\/wp\/v2\/properties\/37897\/revisions"}],"wp:attachment":[{"href":"https:\/\/www.casa-and-co.com\/es\/wp-json\/wp\/v2\/media?parent=37897"}],"wp:term":[{"taxonomy":"property_type","embeddable":true,"href":"https:\/\/www.casa-and-co.com\/es\/wp-json\/wp\/v2\/property_type?post=37897"},{"taxonomy":"property_status","embeddable":true,"href":"https:\/\/www.casa-and-co.com\/es\/wp-json\/wp\/v2\/property_status?post=37897"},{"taxonomy":"property_feature","embeddable":true,"href":"https:\/\/www.casa-and-co.com\/es\/wp-json\/wp\/v2\/property_feature?post=37897"},{"taxonomy":"property_label","embeddable":true,"href":"https:\/\/www.casa-and-co.com\/es\/wp-json\/wp\/v2\/property_label?post=37897"},{"taxonomy":"property_country","embeddable":true,"href":"https:\/\/www.casa-and-co.com\/es\/wp-json\/wp\/v2\/property_country?post=37897"},{"taxonomy":"property_state","embeddable":true,"href":"https:\/\/www.casa-and-co.com\/es\/wp-json\/wp\/v2\/property_state?post=37897"},{"taxonomy":"property_city","embeddable":true,"href":"https:\/\/www.casa-and-co.com\/es\/wp-json\/wp\/v2\/property_city?post=37897"},{"taxonomy":"property_area","embeddable":true,"href":"https:\/\/www.casa-and-co.com\/es\/wp-json\/wp\/v2\/property_area?post=37897"}],"curies":[{"name":"wp","href":"https:\/\/api.w.org\/{rel}","templated":true}]}}