{"id":35404,"date":"2024-10-18T11:04:58","date_gmt":"2024-10-18T11:04:58","guid":{"rendered":"https:\/\/www.casa-and-co.com\/?post_type=property&#038;p=35404"},"modified":"2025-04-29T10:26:42","modified_gmt":"2025-04-29T10:26:42","slug":"finca-de-construccion-nueva-entre-cas-concos-y-santanyi","status":"publish","type":"property","link":"https:\/\/www.casa-and-co.com\/es\/propiedades\/finca-de-construccion-nueva-entre-cas-concos-y-santanyi\/","title":{"rendered":"FINCA DE CONSTRUCCI\u00d3N NUEVA ENTRE CAS CONCOS Y SANTANYI"},"content":{"rendered":"<p>FINCA DE CONSTRUCCI\u00d3N NUEVA ENTRE CAS CONCOS Y SANTANYI<\/p>\n<p>Finca con 15.200 m\u00b2 de terreno, a 2 minutos de Cas Concos y 5 minutos de Santanyi. Ubicada en zona tranquila y con acceso asfaltado.<\/p>\n<p>CASA PRINCIPAL en planta baja de 200 m\u00b2 : espacio abierto con chimenea: sala de estar\/ comedor \/ cocina, 3 dormitorios dobles cada uno con ba\u00f1o en suite, aseo invitados;<\/p>\n<p>+ Bodega en planta s\u00f3tano.<\/p>\n<p>+ Terraza y p\u00e9rgola<\/p>\n<p>&nbsp;<\/p>\n<p>+ DEPENDENCIA 50 m\u00b2 junta a la piscina, con dormitorio, ba\u00f1o, comedor.<\/p>\n<p>+ ALMACEN 20 m\u00b2<\/p>\n<p>&nbsp;<\/p>\n<p>PLANTA S\u00d3TANO \/ Bodega 150 m\u00b2 : \u00a0aljibes, sala de m\u00e1quinas, ba\u00f1o y 2 salas trastero \/ almac\u00e9n.<\/p>\n<p>&nbsp;<\/p>\n<p>ESPACIOS EXTERIORES :<\/p>\n<p>-. PISCINA 70 m\u00b2<\/p>\n<p>-. Terraza y p\u00e9rgola 200 m\u00b2<\/p>\n<p>-. Jard\u00edn dise\u00f1ado por paisajista profesional, y con riego autom\u00e1tico.<\/p>\n<p>&nbsp;<\/p>\n<p>MATERIALES :<\/p>\n<p>FACHADAS exteriores de piedra de aspecto tradicional.<\/p>\n<p>SUELOS interiores de piedra natural, microcemento, cemento pulido.<\/p>\n<p>CARPINTER\u00cdA exterior : madera lacada.<\/p>\n<p>COCINA totalmente equipada.<\/p>\n<p>CALEFACCI\u00d3N : suelo radiante fr\u00edo \/ calor sistema Aerotermia, y aire acondicionado en dormitorios<\/p>\n<p>&nbsp;<\/p>\n<p>Finalizaci\u00f3n obra Marzo 2024<\/p>\n","protected":false},"excerpt":{"rendered":"<p>FINCA DE CONSTRUCCI\u00d3N NUEVA ENTRE CAS CONCOS Y SANTANYI Finca con 15.200 m\u00b2 de terreno, a 2 minutos de Cas Concos y 5 minutos de Santanyi. Ubicada en zona tranquila y con acceso asfaltado. CASA PRINCIPAL en planta baja de 200 m\u00b2 : espacio abierto con chimenea: sala de estar\/ comedor \/ cocina, 3 dormitorios [&hellip;]<\/p>\n","protected":false},"author":2,"featured_media":35441,"parent":0,"menu_order":24,"template":"","property_type":[318],"property_status":[78],"property_feature":[],"property_label":[453],"property_country":[],"property_state":[],"property_city":[169],"property_area":[],"class_list":["post-35404","property","type-property","status-publish","has-post-thumbnail","hentry","property_type-finca-es","property_status-en-venta","property_label-en-venta","property_city-cas-concos-santanyi-es"],"property_meta":{"_wpml_word_count":["{\"total\":192,\"to_translate\":{\"en\":192,\"fr\":192,\"de\":192}}"],"_edit_lock":["1729251776:2"],"_edit_last":["2"],"_wpml_location_migration_done":["1"],"fave_property_price":["2750000"],"fave_show_price_placeholder":["0"],"fave_property_size":["400"],"fave_property_land":["15200"],"fave_property_bedrooms":["4"],"fave_property_bathrooms":["4"],"fave_property_year":["2024"],"fave_property_id":["F144"],"fave_swimming-poolf5c61477e456a3":["70 m\u00b2"],"fave_heatf5c751dfe209c2":["si"],"fave_property_map":["1"],"fave_property_map_address":["Santanyi"],"fave_property_location":["39.354774724267,3.127761220285,18"],"houzez_geolocation_lat":["39.354774724267"],"houzez_geolocation_long":["3.127761220285"],"fave_property_map_street_view":["hide"],"fave_featured":["0"],"houzez_featured_listing_date":[""],"fave_loggedintoview":["0"],"fave_agent_display_option":["author_info"],"fave_prop_homeslider":["no"],"fave_single_top_area":["global"],"fave_single_content_area":["global"],"complete_open_graph":["a:7:{s:14:\"og:description\";s:0:\"\";s:8:\"og:title\";s:0:\"\";s:7:\"og:type\";s:0:\"\";s:12:\"twitter:card\";s:7:\"summary\";s:15:\"twitter:creator\";s:0:\"\";s:19:\"twitter:description\";s:0:\"\";s:8:\"og:image\";s:0:\"\";}"],"houzez_manual_expire":["0"],"_houzez_expiration_date_status":["saved"],"_wpml_media_duplicate":["1"],"_wpml_media_featured":["1"],"_yoast_wpseo_primary_property_type":["318"],"_yoast_wpseo_primary_property_status":["78"],"_yoast_wpseo_primary_property_feature":[""],"_yoast_wpseo_primary_property_label":["453"],"_yoast_wpseo_primary_property_country":[""],"_yoast_wpseo_primary_property_state":[""],"_yoast_wpseo_primary_property_city":["169"],"_yoast_wpseo_primary_property_area":[""],"_yoast_wpseo_content_score":["90"],"_yoast_wpseo_estimated-reading-time-minutes":["1"],"houzez_total_property_views":["1268"],"houzez_views_by_date":["a:61:{s:10:\"03-01-2026\";i:2;s:10:\"03-02-2026\";i:4;s:10:\"03-03-2026\";i:3;s:10:\"03-04-2026\";i:3;s:10:\"03-05-2026\";i:3;s:10:\"03-06-2026\";i:4;s:10:\"03-07-2026\";i:4;s:10:\"03-08-2026\";i:3;s:10:\"03-09-2026\";i:4;s:10:\"03-10-2026\";i:2;s:10:\"03-11-2026\";i:3;s:10:\"03-12-2026\";i:2;s:10:\"03-13-2026\";i:4;s:10:\"03-14-2026\";i:2;s:10:\"03-15-2026\";i:4;s:10:\"03-16-2026\";i:4;s:10:\"03-17-2026\";i:3;s:10:\"03-18-2026\";i:3;s:10:\"03-19-2026\";i:3;s:10:\"03-20-2026\";i:4;s:10:\"03-21-2026\";i:3;s:10:\"03-22-2026\";i:3;s:10:\"03-23-2026\";i:3;s:10:\"03-24-2026\";i:4;s:10:\"03-25-2026\";i:3;s:10:\"03-26-2026\";i:2;s:10:\"03-27-2026\";i:4;s:10:\"03-28-2026\";i:3;s:10:\"03-29-2026\";i:5;s:10:\"03-30-2026\";i:3;s:10:\"03-31-2026\";i:3;s:10:\"04-01-2026\";i:2;s:10:\"04-02-2026\";i:2;s:10:\"04-03-2026\";i:4;s:10:\"04-04-2026\";i:3;s:10:\"04-05-2026\";i:3;s:10:\"04-06-2026\";i:2;s:10:\"04-07-2026\";i:3;s:10:\"04-08-2026\";i:3;s:10:\"04-09-2026\";i:4;s:10:\"04-10-2026\";i:3;s:10:\"04-11-2026\";i:2;s:10:\"04-12-2026\";i:3;s:10:\"04-13-2026\";i:2;s:10:\"04-14-2026\";i:3;s:10:\"04-15-2026\";i:3;s:10:\"04-16-2026\";i:5;s:10:\"04-17-2026\";i:1;s:10:\"04-18-2026\";i:5;s:10:\"04-19-2026\";i:2;s:10:\"04-20-2026\";i:2;s:10:\"04-21-2026\";i:4;s:10:\"04-22-2026\";i:2;s:10:\"04-23-2026\";i:4;s:10:\"04-24-2026\";i:4;s:10:\"04-25-2026\";i:4;s:10:\"04-26-2026\";i:3;s:10:\"04-27-2026\";i:3;s:10:\"04-28-2026\";i:2;s:10:\"04-29-2026\";i:2;s:10:\"04-30-2026\";i:2;}"],"houzez_recently_viewed":["2026-04-30 06:20:01"],"_thumbnail_id":["35441"],"fave_property_images":["35405","35409","35413","35417","35437","35441","35445","35449","35453","35457","35461","35469","35473","35477","35481","35485","35489","35493","35497","35429"],"rank_math_primary_property_type":["318"],"rank_math_primary_property_status":["78"],"rank_math_primary_property_feature":[""],"rank_math_primary_property_label":["453"],"rank_math_primary_property_country":[""],"rank_math_primary_property_state":[""],"rank_math_primary_property_city":["169"],"rank_math_primary_property_area":[""],"rank_math_news_sitemap_robots":["index"],"rank_math_robots":["a:1:{i:0;s:5:\"index\";}"],"_elementor_page_assets":["a:0:{}"]},"yoast_head":"<!-- This site is optimized with the Yoast SEO plugin v26.9 - https:\/\/yoast.com\/product\/yoast-seo-wordpress\/ -->\n<title>FINCA DE CONSTRUCCI\u00d3N NUEVA ENTRE CAS CONCOS Y SANTANYI - Casa and Co<\/title>\n<meta name=\"robots\" content=\"index, follow, max-snippet:-1, max-image-preview:large, max-video-preview:-1\" \/>\n<link rel=\"canonical\" href=\"https:\/\/www.casa-and-co.com\/es\/propiedades\/finca-de-construccion-nueva-entre-cas-concos-y-santanyi\/\" \/>\n<meta property=\"og:locale\" content=\"es_ES\" \/>\n<meta property=\"og:type\" content=\"article\" \/>\n<meta property=\"og:title\" content=\"FINCA DE CONSTRUCCI\u00d3N NUEVA ENTRE CAS CONCOS Y SANTANYI - Casa and Co\" \/>\n<meta property=\"og:description\" content=\"FINCA DE CONSTRUCCI\u00d3N NUEVA ENTRE CAS CONCOS Y SANTANYI Finca con 15.200 m\u00b2 de terreno, a 2 minutos de Cas Concos y 5 minutos de Santanyi. Ubicada en zona tranquila y con acceso asfaltado. CASA PRINCIPAL en planta baja de 200 m\u00b2 : espacio abierto con chimenea: sala de estar\/ comedor \/ cocina, 3 dormitorios [&hellip;]\" \/>\n<meta property=\"og:url\" content=\"https:\/\/www.casa-and-co.com\/es\/propiedades\/finca-de-construccion-nueva-entre-cas-concos-y-santanyi\/\" \/>\n<meta property=\"og:site_name\" content=\"Casa and Co\" \/>\n<meta property=\"article:modified_time\" content=\"2025-04-29T10:26:42+00:00\" \/>\n<meta property=\"og:image\" content=\"https:\/\/www.casa-and-co.com\/wp-content\/uploads\/2024\/10\/DSC_5212-HDR-Editar.jpg\" \/>\n\t<meta property=\"og:image:width\" content=\"1200\" \/>\n\t<meta property=\"og:image:height\" content=\"900\" \/>\n\t<meta property=\"og:image:type\" content=\"image\/jpeg\" \/>\n<meta name=\"twitter:card\" content=\"summary_large_image\" \/>\n<meta name=\"twitter:label1\" content=\"Tiempo de lectura\" \/>\n\t<meta name=\"twitter:data1\" content=\"1 minuto\" \/>\n<script type=\"application\/ld+json\" class=\"yoast-schema-graph\">{\"@context\":\"https:\/\/schema.org\",\"@graph\":[{\"@type\":\"WebPage\",\"@id\":\"https:\/\/www.casa-and-co.com\/es\/propiedades\/finca-de-construccion-nueva-entre-cas-concos-y-santanyi\/\",\"url\":\"https:\/\/www.casa-and-co.com\/es\/propiedades\/finca-de-construccion-nueva-entre-cas-concos-y-santanyi\/\",\"name\":\"FINCA DE CONSTRUCCI\u00d3N NUEVA ENTRE CAS CONCOS Y SANTANYI - Casa and Co\",\"isPartOf\":{\"@id\":\"https:\/\/www.casa-and-co.com\/es\/#website\"},\"primaryImageOfPage\":{\"@id\":\"https:\/\/www.casa-and-co.com\/es\/propiedades\/finca-de-construccion-nueva-entre-cas-concos-y-santanyi\/#primaryimage\"},\"image\":{\"@id\":\"https:\/\/www.casa-and-co.com\/es\/propiedades\/finca-de-construccion-nueva-entre-cas-concos-y-santanyi\/#primaryimage\"},\"thumbnailUrl\":\"https:\/\/www.casa-and-co.com\/wp-content\/uploads\/2024\/10\/DSC_5212-HDR-Editar.jpg\",\"datePublished\":\"2024-10-18T11:04:58+00:00\",\"dateModified\":\"2025-04-29T10:26:42+00:00\",\"breadcrumb\":{\"@id\":\"https:\/\/www.casa-and-co.com\/es\/propiedades\/finca-de-construccion-nueva-entre-cas-concos-y-santanyi\/#breadcrumb\"},\"inLanguage\":\"es\",\"potentialAction\":[{\"@type\":\"ReadAction\",\"target\":[\"https:\/\/www.casa-and-co.com\/es\/propiedades\/finca-de-construccion-nueva-entre-cas-concos-y-santanyi\/\"]}]},{\"@type\":\"ImageObject\",\"inLanguage\":\"es\",\"@id\":\"https:\/\/www.casa-and-co.com\/es\/propiedades\/finca-de-construccion-nueva-entre-cas-concos-y-santanyi\/#primaryimage\",\"url\":\"https:\/\/www.casa-and-co.com\/wp-content\/uploads\/2024\/10\/DSC_5212-HDR-Editar.jpg\",\"contentUrl\":\"https:\/\/www.casa-and-co.com\/wp-content\/uploads\/2024\/10\/DSC_5212-HDR-Editar.jpg\",\"width\":1200,\"height\":900},{\"@type\":\"BreadcrumbList\",\"@id\":\"https:\/\/www.casa-and-co.com\/es\/propiedades\/finca-de-construccion-nueva-entre-cas-concos-y-santanyi\/#breadcrumb\",\"itemListElement\":[{\"@type\":\"ListItem\",\"position\":1,\"name\":\"Portada\",\"item\":\"https:\/\/www.casa-and-co.com\/es\/\"},{\"@type\":\"ListItem\",\"position\":2,\"name\":\"Propiedades\",\"item\":\"https:\/\/www.casa-and-co.com\/es\/propiedades\/\"},{\"@type\":\"ListItem\",\"position\":3,\"name\":\"FINCA DE CONSTRUCCI\u00d3N NUEVA ENTRE CAS CONCOS Y SANTANYI\"}]},{\"@type\":\"WebSite\",\"@id\":\"https:\/\/www.casa-and-co.com\/es\/#website\",\"url\":\"https:\/\/www.casa-and-co.com\/es\/\",\"name\":\"Casa and Co\",\"description\":\"Real Estate - Santany\u00ed - Mallorca\",\"publisher\":{\"@id\":\"https:\/\/www.casa-and-co.com\/es\/#organization\"},\"potentialAction\":[{\"@type\":\"SearchAction\",\"target\":{\"@type\":\"EntryPoint\",\"urlTemplate\":\"https:\/\/www.casa-and-co.com\/es\/?s={search_term_string}\"},\"query-input\":{\"@type\":\"PropertyValueSpecification\",\"valueRequired\":true,\"valueName\":\"search_term_string\"}}],\"inLanguage\":\"es\"},{\"@type\":\"Organization\",\"@id\":\"https:\/\/www.casa-and-co.com\/es\/#organization\",\"name\":\"Casa and Co\",\"url\":\"https:\/\/www.casa-and-co.com\/es\/\",\"logo\":{\"@type\":\"ImageObject\",\"inLanguage\":\"es\",\"@id\":\"https:\/\/www.casa-and-co.com\/es\/#\/schema\/logo\/image\/\",\"url\":\"https:\/\/www.casa-and-co.com\/wp-content\/uploads\/2019\/08\/casa-and-co-inmobiliaria-real-estate-mallorca.png\",\"contentUrl\":\"https:\/\/www.casa-and-co.com\/wp-content\/uploads\/2019\/08\/casa-and-co-inmobiliaria-real-estate-mallorca.png\",\"width\":200,\"height\":80,\"caption\":\"Casa and Co\"},\"image\":{\"@id\":\"https:\/\/www.casa-and-co.com\/es\/#\/schema\/logo\/image\/\"}}]}<\/script>\n<!-- \/ Yoast SEO plugin. -->","yoast_head_json":{"title":"FINCA DE CONSTRUCCI\u00d3N NUEVA ENTRE CAS CONCOS Y SANTANYI - Casa and Co","robots":{"index":"index","follow":"follow","max-snippet":"max-snippet:-1","max-image-preview":"max-image-preview:large","max-video-preview":"max-video-preview:-1"},"canonical":"https:\/\/www.casa-and-co.com\/es\/propiedades\/finca-de-construccion-nueva-entre-cas-concos-y-santanyi\/","og_locale":"es_ES","og_type":"article","og_title":"FINCA DE CONSTRUCCI\u00d3N NUEVA ENTRE CAS CONCOS Y SANTANYI - Casa and Co","og_description":"FINCA DE CONSTRUCCI\u00d3N NUEVA ENTRE CAS CONCOS Y SANTANYI Finca con 15.200 m\u00b2 de terreno, a 2 minutos de Cas Concos y 5 minutos de Santanyi. Ubicada en zona tranquila y con acceso asfaltado. CASA PRINCIPAL en planta baja de 200 m\u00b2 : espacio abierto con chimenea: sala de estar\/ comedor \/ cocina, 3 dormitorios [&hellip;]","og_url":"https:\/\/www.casa-and-co.com\/es\/propiedades\/finca-de-construccion-nueva-entre-cas-concos-y-santanyi\/","og_site_name":"Casa and Co","article_modified_time":"2025-04-29T10:26:42+00:00","og_image":[{"width":1200,"height":900,"url":"https:\/\/www.casa-and-co.com\/wp-content\/uploads\/2024\/10\/DSC_5212-HDR-Editar.jpg","type":"image\/jpeg"}],"twitter_card":"summary_large_image","twitter_misc":{"Tiempo de lectura":"1 minuto"},"schema":{"@context":"https:\/\/schema.org","@graph":[{"@type":"WebPage","@id":"https:\/\/www.casa-and-co.com\/es\/propiedades\/finca-de-construccion-nueva-entre-cas-concos-y-santanyi\/","url":"https:\/\/www.casa-and-co.com\/es\/propiedades\/finca-de-construccion-nueva-entre-cas-concos-y-santanyi\/","name":"FINCA DE CONSTRUCCI\u00d3N NUEVA ENTRE CAS CONCOS Y SANTANYI - Casa and Co","isPartOf":{"@id":"https:\/\/www.casa-and-co.com\/es\/#website"},"primaryImageOfPage":{"@id":"https:\/\/www.casa-and-co.com\/es\/propiedades\/finca-de-construccion-nueva-entre-cas-concos-y-santanyi\/#primaryimage"},"image":{"@id":"https:\/\/www.casa-and-co.com\/es\/propiedades\/finca-de-construccion-nueva-entre-cas-concos-y-santanyi\/#primaryimage"},"thumbnailUrl":"https:\/\/www.casa-and-co.com\/wp-content\/uploads\/2024\/10\/DSC_5212-HDR-Editar.jpg","datePublished":"2024-10-18T11:04:58+00:00","dateModified":"2025-04-29T10:26:42+00:00","breadcrumb":{"@id":"https:\/\/www.casa-and-co.com\/es\/propiedades\/finca-de-construccion-nueva-entre-cas-concos-y-santanyi\/#breadcrumb"},"inLanguage":"es","potentialAction":[{"@type":"ReadAction","target":["https:\/\/www.casa-and-co.com\/es\/propiedades\/finca-de-construccion-nueva-entre-cas-concos-y-santanyi\/"]}]},{"@type":"ImageObject","inLanguage":"es","@id":"https:\/\/www.casa-and-co.com\/es\/propiedades\/finca-de-construccion-nueva-entre-cas-concos-y-santanyi\/#primaryimage","url":"https:\/\/www.casa-and-co.com\/wp-content\/uploads\/2024\/10\/DSC_5212-HDR-Editar.jpg","contentUrl":"https:\/\/www.casa-and-co.com\/wp-content\/uploads\/2024\/10\/DSC_5212-HDR-Editar.jpg","width":1200,"height":900},{"@type":"BreadcrumbList","@id":"https:\/\/www.casa-and-co.com\/es\/propiedades\/finca-de-construccion-nueva-entre-cas-concos-y-santanyi\/#breadcrumb","itemListElement":[{"@type":"ListItem","position":1,"name":"Portada","item":"https:\/\/www.casa-and-co.com\/es\/"},{"@type":"ListItem","position":2,"name":"Propiedades","item":"https:\/\/www.casa-and-co.com\/es\/propiedades\/"},{"@type":"ListItem","position":3,"name":"FINCA DE CONSTRUCCI\u00d3N NUEVA ENTRE CAS CONCOS Y SANTANYI"}]},{"@type":"WebSite","@id":"https:\/\/www.casa-and-co.com\/es\/#website","url":"https:\/\/www.casa-and-co.com\/es\/","name":"Casa and Co","description":"Real Estate - Santany\u00ed - Mallorca","publisher":{"@id":"https:\/\/www.casa-and-co.com\/es\/#organization"},"potentialAction":[{"@type":"SearchAction","target":{"@type":"EntryPoint","urlTemplate":"https:\/\/www.casa-and-co.com\/es\/?s={search_term_string}"},"query-input":{"@type":"PropertyValueSpecification","valueRequired":true,"valueName":"search_term_string"}}],"inLanguage":"es"},{"@type":"Organization","@id":"https:\/\/www.casa-and-co.com\/es\/#organization","name":"Casa and Co","url":"https:\/\/www.casa-and-co.com\/es\/","logo":{"@type":"ImageObject","inLanguage":"es","@id":"https:\/\/www.casa-and-co.com\/es\/#\/schema\/logo\/image\/","url":"https:\/\/www.casa-and-co.com\/wp-content\/uploads\/2019\/08\/casa-and-co-inmobiliaria-real-estate-mallorca.png","contentUrl":"https:\/\/www.casa-and-co.com\/wp-content\/uploads\/2019\/08\/casa-and-co-inmobiliaria-real-estate-mallorca.png","width":200,"height":80,"caption":"Casa and Co"},"image":{"@id":"https:\/\/www.casa-and-co.com\/es\/#\/schema\/logo\/image\/"}}]}},"_links":{"self":[{"href":"https:\/\/www.casa-and-co.com\/es\/wp-json\/wp\/v2\/properties\/35404","targetHints":{"allow":["GET"]}}],"collection":[{"href":"https:\/\/www.casa-and-co.com\/es\/wp-json\/wp\/v2\/properties"}],"about":[{"href":"https:\/\/www.casa-and-co.com\/es\/wp-json\/wp\/v2\/types\/property"}],"author":[{"embeddable":true,"href":"https:\/\/www.casa-and-co.com\/es\/wp-json\/wp\/v2\/users\/2"}],"version-history":[{"count":1,"href":"https:\/\/www.casa-and-co.com\/es\/wp-json\/wp\/v2\/properties\/35404\/revisions"}],"predecessor-version":[{"id":35501,"href":"https:\/\/www.casa-and-co.com\/es\/wp-json\/wp\/v2\/properties\/35404\/revisions\/35501"}],"wp:featuredmedia":[{"embeddable":true,"href":"https:\/\/www.casa-and-co.com\/es\/wp-json\/wp\/v2\/media\/35441"}],"wp:attachment":[{"href":"https:\/\/www.casa-and-co.com\/es\/wp-json\/wp\/v2\/media?parent=35404"}],"wp:term":[{"taxonomy":"property_type","embeddable":true,"href":"https:\/\/www.casa-and-co.com\/es\/wp-json\/wp\/v2\/property_type?post=35404"},{"taxonomy":"property_status","embeddable":true,"href":"https:\/\/www.casa-and-co.com\/es\/wp-json\/wp\/v2\/property_status?post=35404"},{"taxonomy":"property_feature","embeddable":true,"href":"https:\/\/www.casa-and-co.com\/es\/wp-json\/wp\/v2\/property_feature?post=35404"},{"taxonomy":"property_label","embeddable":true,"href":"https:\/\/www.casa-and-co.com\/es\/wp-json\/wp\/v2\/property_label?post=35404"},{"taxonomy":"property_country","embeddable":true,"href":"https:\/\/www.casa-and-co.com\/es\/wp-json\/wp\/v2\/property_country?post=35404"},{"taxonomy":"property_state","embeddable":true,"href":"https:\/\/www.casa-and-co.com\/es\/wp-json\/wp\/v2\/property_state?post=35404"},{"taxonomy":"property_city","embeddable":true,"href":"https:\/\/www.casa-and-co.com\/es\/wp-json\/wp\/v2\/property_city?post=35404"},{"taxonomy":"property_area","embeddable":true,"href":"https:\/\/www.casa-and-co.com\/es\/wp-json\/wp\/v2\/property_area?post=35404"}],"curies":[{"name":"wp","href":"https:\/\/api.w.org\/{rel}","templated":true}]}}