{"id":32586,"date":"2023-06-16T10:54:38","date_gmt":"2023-06-16T10:54:38","guid":{"rendered":"https:\/\/www.casa-and-co.com\/?post_type=property&#038;p=32586"},"modified":"2025-04-29T10:27:00","modified_gmt":"2025-04-29T10:27:00","slug":"moderna-casa-de-pueblo-en-ses-salines-ref-h146","status":"publish","type":"property","link":"https:\/\/www.casa-and-co.com\/es\/propiedades\/moderna-casa-de-pueblo-en-ses-salines-ref-h146\/","title":{"rendered":"MODERNA CASA DE PUEBLO en SES SALINES                      Ref H146"},"content":{"rendered":"<p>MODERNA CASA DE PUEBLO en SES SALINES \u00a0\u00a0\u00a0\u00a0\u00a0\u00a0\u00a0\u00a0\u00a0\u00a0\u00a0\u00a0\u00a0\u00a0\u00a0\u00a0\u00a0\u00a0\u00a0\u00a0 Ref H146<\/p>\n<p>Esta casa de pueblo de estilo moderno se encuentra en la popular zona de Ses Salines, a tan solo 12 minutos en coche de la pintoresca costa de Colonia San Jordi y de la hermosa playa natural de Es Trenc.<\/p>\n<p>Los restaurantes, bares y tiendas est\u00e1n a poca distancia a pie.<\/p>\n<p>En una tranquila calle lateral en las afueras del sur, le esperan 168 m\u00b2 de espacio habitable construidos en diferentes niveles:<\/p>\n<p>Zona de entrada, cocina abierta totalmente equipada y con barra, y zona de comedor con grandes ventanales de puertas correderas y acceso directo al patio ajardinado con buen gusto (que tambi\u00e9n ofrece espacio para la construcci\u00f3n de una peque\u00f1a piscina);<\/p>\n<p>En un nivel superior hay una sala de estar llena de luz con una gran altura bajo techo y terraza-balc\u00f3n orientada al sur, con grandes puertas cristaleras que abarcan todo el ancho de la sala. Incluso se puede ver un poco de costa y la isla de Cabrera a lo lejos.<\/p>\n<p>En total, 3 dormitorios dobles (1 abajo y 2 arriba) con armarios empotrados, y 2 ba\u00f1os;<\/p>\n<p>En el siguiente nivel hay espacio tipo altillo para despacho, y salida a la azotea (con cuarto lavander\u00eda )<\/p>\n<p>Y abajo en frente de la casa: un espacio de estacionamiento para 1 a 2 autos.<\/p>\n<p>Calefacci\u00f3n por suelo radiante y aire acondicionado, mantienen un clima interior agradable durante todo el a\u00f1o.<\/p>\n<p>Se vende amueblado.<\/p>\n","protected":false},"excerpt":{"rendered":"<p>MODERNA CASA DE PUEBLO en SES SALINES \u00a0\u00a0\u00a0\u00a0\u00a0\u00a0\u00a0\u00a0\u00a0\u00a0\u00a0\u00a0\u00a0\u00a0\u00a0\u00a0\u00a0\u00a0\u00a0\u00a0 Ref H146 Esta casa de pueblo de estilo moderno se encuentra en la popular zona de Ses Salines, a tan solo 12 minutos en coche de la pintoresca costa de Colonia San Jordi y de la hermosa playa natural de Es Trenc. Los restaurantes, bares y tiendas [&hellip;]<\/p>\n","protected":false},"author":2,"featured_media":32643,"parent":0,"menu_order":85,"template":"","property_type":[326],"property_status":[78],"property_feature":[],"property_label":[453],"property_country":[],"property_state":[],"property_city":[105],"property_area":[],"class_list":["post-32586","property","type-property","status-publish","has-post-thumbnail","hentry","property_type-casa-de-pueblo","property_status-en-venta","property_label-en-venta","property_city-ses-salines-es"],"property_meta":{"_wpml_word_count":["{\"total\":269,\"to_translate\":{\"en\":269,\"fr\":269,\"de\":269}}"],"_edit_lock":["1687421557:2"],"_edit_last":["2"],"_wpml_media_featured":["1"],"_wpml_media_duplicate":["1"],"_wpml_location_migration_done":["1"],"_thumbnail_id":["32643"],"complete_open_graph":["a:7:{s:14:\"og:description\";s:0:\"\";s:8:\"og:title\";s:0:\"\";s:7:\"og:type\";s:0:\"\";s:12:\"twitter:card\";s:7:\"summary\";s:15:\"twitter:creator\";s:0:\"\";s:19:\"twitter:description\";s:0:\"\";s:8:\"og:image\";s:0:\"\";}"],"_yoast_wpseo_content_score":["90"],"_yoast_wpseo_estimated-reading-time-minutes":["2"],"_yoast_wpseo_wordproof_timestamp":[""],"fave_property_price":["657000"],"fave_property_size":["178"],"fave_property_land":["112"],"fave_property_bedrooms":["3"],"fave_property_bathrooms":["2"],"fave_property_garage":["1-2"],"fave_property_year":["2009"],"fave_property_id":["H146"],"fave_heatf5c751dfe209c2":["si"],"fave_property_map":["1"],"fave_property_map_address":["Ses Salines"],"fave_property_location":["39.33887796094,3.0499032453182,14"],"houzez_geolocation_lat":["39.33887796094"],"houzez_geolocation_long":["3.0499032453182"],"fave_property_map_street_view":["hide"],"fave_featured":["0"],"fave_loggedintoview":["0"],"fave_agent_display_option":["author_info"],"fave_prop_homeslider":["no"],"fave_single_top_area":["global"],"fave_single_content_area":["global"],"_wpml_media_has_media":["1"],"houzez_manual_expire":["0"],"_houzez_expiration_date_status":["saved"],"_yoast_wpseo_primary_property_type":["326"],"_yoast_wpseo_primary_property_status":["78"],"_yoast_wpseo_primary_property_feature":[""],"_yoast_wpseo_primary_property_label":["453"],"_yoast_wpseo_primary_property_country":[""],"_yoast_wpseo_primary_property_state":[""],"_yoast_wpseo_primary_property_city":["105"],"_yoast_wpseo_primary_property_area":[""],"fave_swimming-poolf5c61477e456a3":["posible"],"houzez_total_property_views":["1740"],"houzez_views_by_date":["a:61:{s:10:\"02-28-2026\";i:2;s:10:\"03-01-2026\";i:3;s:10:\"03-02-2026\";i:3;s:10:\"03-03-2026\";i:4;s:10:\"03-04-2026\";i:3;s:10:\"03-05-2026\";i:4;s:10:\"03-06-2026\";i:3;s:10:\"03-07-2026\";i:3;s:10:\"03-08-2026\";i:4;s:10:\"03-09-2026\";i:2;s:10:\"03-10-2026\";i:3;s:10:\"03-11-2026\";i:3;s:10:\"03-12-2026\";i:2;s:10:\"03-13-2026\";i:4;s:10:\"03-14-2026\";i:4;s:10:\"03-15-2026\";i:3;s:10:\"03-16-2026\";i:5;s:10:\"03-17-2026\";i:3;s:10:\"03-18-2026\";i:2;s:10:\"03-19-2026\";i:3;s:10:\"03-20-2026\";i:5;s:10:\"03-21-2026\";i:3;s:10:\"03-22-2026\";i:3;s:10:\"03-23-2026\";i:3;s:10:\"03-24-2026\";i:2;s:10:\"03-25-2026\";i:5;s:10:\"03-26-2026\";i:3;s:10:\"03-27-2026\";i:5;s:10:\"03-28-2026\";i:3;s:10:\"03-29-2026\";i:5;s:10:\"03-30-2026\";i:1;s:10:\"03-31-2026\";i:3;s:10:\"04-01-2026\";i:2;s:10:\"04-02-2026\";i:4;s:10:\"04-03-2026\";i:3;s:10:\"04-04-2026\";i:3;s:10:\"04-05-2026\";i:5;s:10:\"04-06-2026\";i:2;s:10:\"04-07-2026\";i:3;s:10:\"04-08-2026\";i:4;s:10:\"04-09-2026\";i:2;s:10:\"04-10-2026\";i:4;s:10:\"04-11-2026\";i:2;s:10:\"04-12-2026\";i:3;s:10:\"04-13-2026\";i:4;s:10:\"04-14-2026\";i:2;s:10:\"04-15-2026\";i:3;s:10:\"04-16-2026\";i:5;s:10:\"04-17-2026\";i:2;s:10:\"04-18-2026\";i:4;s:10:\"04-19-2026\";i:3;s:10:\"04-20-2026\";i:3;s:10:\"04-21-2026\";i:2;s:10:\"04-22-2026\";i:3;s:10:\"04-23-2026\";i:4;s:10:\"04-24-2026\";i:4;s:10:\"04-25-2026\";i:3;s:10:\"04-26-2026\";i:2;s:10:\"04-27-2026\";i:3;s:10:\"04-28-2026\";i:3;s:10:\"04-29-2026\";i:2;}"],"houzez_recently_viewed":["2026-04-29 03:21:57"],"fave_property_images":["32591","32595","32599","32603","32607","32611","32615","32619","32627","32631","32635","32639","32671","32643","32647","32651","32655","32659","32663","32667","32675","32623","32587"],"rank_math_primary_property_type":["326"],"rank_math_primary_property_status":["78"],"rank_math_primary_property_feature":[""],"rank_math_primary_property_label":["453"],"rank_math_primary_property_country":[""],"rank_math_primary_property_state":[""],"rank_math_primary_property_city":["105"],"rank_math_primary_property_area":[""],"rank_math_news_sitemap_robots":["index"],"rank_math_robots":["a:1:{i:0;s:5:\"index\";}"],"_elementor_page_assets":["a:0:{}"]},"yoast_head":"<!-- This site is optimized with the Yoast SEO plugin v26.9 - https:\/\/yoast.com\/product\/yoast-seo-wordpress\/ -->\n<title>MODERNA CASA DE PUEBLO en SES SALINES           Ref H146 - Casa and Co<\/title>\n<meta name=\"robots\" content=\"index, follow, max-snippet:-1, max-image-preview:large, max-video-preview:-1\" \/>\n<link rel=\"canonical\" href=\"https:\/\/www.casa-and-co.com\/es\/propiedades\/moderna-casa-de-pueblo-en-ses-salines-ref-h146\/\" \/>\n<meta property=\"og:locale\" content=\"es_ES\" \/>\n<meta property=\"og:type\" content=\"article\" \/>\n<meta property=\"og:title\" content=\"MODERNA CASA DE PUEBLO en SES SALINES           Ref H146 - Casa and Co\" \/>\n<meta property=\"og:description\" content=\"MODERNA CASA DE PUEBLO en SES SALINES \u00a0\u00a0\u00a0\u00a0\u00a0\u00a0\u00a0\u00a0\u00a0\u00a0\u00a0\u00a0\u00a0\u00a0\u00a0\u00a0\u00a0\u00a0\u00a0\u00a0 Ref H146 Esta casa de pueblo de estilo moderno se encuentra en la popular zona de Ses Salines, a tan solo 12 minutos en coche de la pintoresca costa de Colonia San Jordi y de la hermosa playa natural de Es Trenc. Los restaurantes, bares y tiendas [&hellip;]\" \/>\n<meta property=\"og:url\" content=\"https:\/\/www.casa-and-co.com\/es\/propiedades\/moderna-casa-de-pueblo-en-ses-salines-ref-h146\/\" \/>\n<meta property=\"og:site_name\" content=\"Casa and Co\" \/>\n<meta property=\"article:modified_time\" content=\"2025-04-29T10:27:00+00:00\" \/>\n<meta property=\"og:image\" content=\"https:\/\/www.casa-and-co.com\/wp-content\/uploads\/2023\/06\/20230614_181337.jpg\" \/>\n\t<meta property=\"og:image:width\" content=\"1200\" \/>\n\t<meta property=\"og:image:height\" content=\"900\" \/>\n\t<meta property=\"og:image:type\" content=\"image\/jpeg\" \/>\n<meta name=\"twitter:card\" content=\"summary_large_image\" \/>\n<meta name=\"twitter:label1\" content=\"Tiempo de lectura\" \/>\n\t<meta name=\"twitter:data1\" content=\"2 minutos\" \/>\n<script type=\"application\/ld+json\" class=\"yoast-schema-graph\">{\"@context\":\"https:\/\/schema.org\",\"@graph\":[{\"@type\":\"WebPage\",\"@id\":\"https:\/\/www.casa-and-co.com\/es\/propiedades\/moderna-casa-de-pueblo-en-ses-salines-ref-h146\/\",\"url\":\"https:\/\/www.casa-and-co.com\/es\/propiedades\/moderna-casa-de-pueblo-en-ses-salines-ref-h146\/\",\"name\":\"MODERNA CASA DE PUEBLO en SES SALINES Ref H146 - Casa and Co\",\"isPartOf\":{\"@id\":\"https:\/\/www.casa-and-co.com\/es\/#website\"},\"primaryImageOfPage\":{\"@id\":\"https:\/\/www.casa-and-co.com\/es\/propiedades\/moderna-casa-de-pueblo-en-ses-salines-ref-h146\/#primaryimage\"},\"image\":{\"@id\":\"https:\/\/www.casa-and-co.com\/es\/propiedades\/moderna-casa-de-pueblo-en-ses-salines-ref-h146\/#primaryimage\"},\"thumbnailUrl\":\"https:\/\/www.casa-and-co.com\/wp-content\/uploads\/2023\/06\/20230614_181337.jpg\",\"datePublished\":\"2023-06-16T10:54:38+00:00\",\"dateModified\":\"2025-04-29T10:27:00+00:00\",\"breadcrumb\":{\"@id\":\"https:\/\/www.casa-and-co.com\/es\/propiedades\/moderna-casa-de-pueblo-en-ses-salines-ref-h146\/#breadcrumb\"},\"inLanguage\":\"es\",\"potentialAction\":[{\"@type\":\"ReadAction\",\"target\":[\"https:\/\/www.casa-and-co.com\/es\/propiedades\/moderna-casa-de-pueblo-en-ses-salines-ref-h146\/\"]}]},{\"@type\":\"ImageObject\",\"inLanguage\":\"es\",\"@id\":\"https:\/\/www.casa-and-co.com\/es\/propiedades\/moderna-casa-de-pueblo-en-ses-salines-ref-h146\/#primaryimage\",\"url\":\"https:\/\/www.casa-and-co.com\/wp-content\/uploads\/2023\/06\/20230614_181337.jpg\",\"contentUrl\":\"https:\/\/www.casa-and-co.com\/wp-content\/uploads\/2023\/06\/20230614_181337.jpg\",\"width\":1200,\"height\":900},{\"@type\":\"BreadcrumbList\",\"@id\":\"https:\/\/www.casa-and-co.com\/es\/propiedades\/moderna-casa-de-pueblo-en-ses-salines-ref-h146\/#breadcrumb\",\"itemListElement\":[{\"@type\":\"ListItem\",\"position\":1,\"name\":\"Portada\",\"item\":\"https:\/\/www.casa-and-co.com\/es\/\"},{\"@type\":\"ListItem\",\"position\":2,\"name\":\"Propiedades\",\"item\":\"https:\/\/www.casa-and-co.com\/es\/propiedades\/\"},{\"@type\":\"ListItem\",\"position\":3,\"name\":\"MODERNA CASA DE PUEBLO en SES SALINES Ref H146\"}]},{\"@type\":\"WebSite\",\"@id\":\"https:\/\/www.casa-and-co.com\/es\/#website\",\"url\":\"https:\/\/www.casa-and-co.com\/es\/\",\"name\":\"Casa and Co\",\"description\":\"Real Estate - Santany\u00ed - Mallorca\",\"publisher\":{\"@id\":\"https:\/\/www.casa-and-co.com\/es\/#organization\"},\"potentialAction\":[{\"@type\":\"SearchAction\",\"target\":{\"@type\":\"EntryPoint\",\"urlTemplate\":\"https:\/\/www.casa-and-co.com\/es\/?s={search_term_string}\"},\"query-input\":{\"@type\":\"PropertyValueSpecification\",\"valueRequired\":true,\"valueName\":\"search_term_string\"}}],\"inLanguage\":\"es\"},{\"@type\":\"Organization\",\"@id\":\"https:\/\/www.casa-and-co.com\/es\/#organization\",\"name\":\"Casa and Co\",\"url\":\"https:\/\/www.casa-and-co.com\/es\/\",\"logo\":{\"@type\":\"ImageObject\",\"inLanguage\":\"es\",\"@id\":\"https:\/\/www.casa-and-co.com\/es\/#\/schema\/logo\/image\/\",\"url\":\"https:\/\/www.casa-and-co.com\/wp-content\/uploads\/2019\/08\/casa-and-co-inmobiliaria-real-estate-mallorca.png\",\"contentUrl\":\"https:\/\/www.casa-and-co.com\/wp-content\/uploads\/2019\/08\/casa-and-co-inmobiliaria-real-estate-mallorca.png\",\"width\":200,\"height\":80,\"caption\":\"Casa and Co\"},\"image\":{\"@id\":\"https:\/\/www.casa-and-co.com\/es\/#\/schema\/logo\/image\/\"}}]}<\/script>\n<!-- \/ Yoast SEO plugin. -->","yoast_head_json":{"title":"MODERNA CASA DE PUEBLO en SES SALINES           Ref H146 - Casa and Co","robots":{"index":"index","follow":"follow","max-snippet":"max-snippet:-1","max-image-preview":"max-image-preview:large","max-video-preview":"max-video-preview:-1"},"canonical":"https:\/\/www.casa-and-co.com\/es\/propiedades\/moderna-casa-de-pueblo-en-ses-salines-ref-h146\/","og_locale":"es_ES","og_type":"article","og_title":"MODERNA CASA DE PUEBLO en SES SALINES           Ref H146 - Casa and Co","og_description":"MODERNA CASA DE PUEBLO en SES SALINES \u00a0\u00a0\u00a0\u00a0\u00a0\u00a0\u00a0\u00a0\u00a0\u00a0\u00a0\u00a0\u00a0\u00a0\u00a0\u00a0\u00a0\u00a0\u00a0\u00a0 Ref H146 Esta casa de pueblo de estilo moderno se encuentra en la popular zona de Ses Salines, a tan solo 12 minutos en coche de la pintoresca costa de Colonia San Jordi y de la hermosa playa natural de Es Trenc. Los restaurantes, bares y tiendas [&hellip;]","og_url":"https:\/\/www.casa-and-co.com\/es\/propiedades\/moderna-casa-de-pueblo-en-ses-salines-ref-h146\/","og_site_name":"Casa and Co","article_modified_time":"2025-04-29T10:27:00+00:00","og_image":[{"width":1200,"height":900,"url":"https:\/\/www.casa-and-co.com\/wp-content\/uploads\/2023\/06\/20230614_181337.jpg","type":"image\/jpeg"}],"twitter_card":"summary_large_image","twitter_misc":{"Tiempo de lectura":"2 minutos"},"schema":{"@context":"https:\/\/schema.org","@graph":[{"@type":"WebPage","@id":"https:\/\/www.casa-and-co.com\/es\/propiedades\/moderna-casa-de-pueblo-en-ses-salines-ref-h146\/","url":"https:\/\/www.casa-and-co.com\/es\/propiedades\/moderna-casa-de-pueblo-en-ses-salines-ref-h146\/","name":"MODERNA CASA DE PUEBLO en SES SALINES Ref H146 - Casa and Co","isPartOf":{"@id":"https:\/\/www.casa-and-co.com\/es\/#website"},"primaryImageOfPage":{"@id":"https:\/\/www.casa-and-co.com\/es\/propiedades\/moderna-casa-de-pueblo-en-ses-salines-ref-h146\/#primaryimage"},"image":{"@id":"https:\/\/www.casa-and-co.com\/es\/propiedades\/moderna-casa-de-pueblo-en-ses-salines-ref-h146\/#primaryimage"},"thumbnailUrl":"https:\/\/www.casa-and-co.com\/wp-content\/uploads\/2023\/06\/20230614_181337.jpg","datePublished":"2023-06-16T10:54:38+00:00","dateModified":"2025-04-29T10:27:00+00:00","breadcrumb":{"@id":"https:\/\/www.casa-and-co.com\/es\/propiedades\/moderna-casa-de-pueblo-en-ses-salines-ref-h146\/#breadcrumb"},"inLanguage":"es","potentialAction":[{"@type":"ReadAction","target":["https:\/\/www.casa-and-co.com\/es\/propiedades\/moderna-casa-de-pueblo-en-ses-salines-ref-h146\/"]}]},{"@type":"ImageObject","inLanguage":"es","@id":"https:\/\/www.casa-and-co.com\/es\/propiedades\/moderna-casa-de-pueblo-en-ses-salines-ref-h146\/#primaryimage","url":"https:\/\/www.casa-and-co.com\/wp-content\/uploads\/2023\/06\/20230614_181337.jpg","contentUrl":"https:\/\/www.casa-and-co.com\/wp-content\/uploads\/2023\/06\/20230614_181337.jpg","width":1200,"height":900},{"@type":"BreadcrumbList","@id":"https:\/\/www.casa-and-co.com\/es\/propiedades\/moderna-casa-de-pueblo-en-ses-salines-ref-h146\/#breadcrumb","itemListElement":[{"@type":"ListItem","position":1,"name":"Portada","item":"https:\/\/www.casa-and-co.com\/es\/"},{"@type":"ListItem","position":2,"name":"Propiedades","item":"https:\/\/www.casa-and-co.com\/es\/propiedades\/"},{"@type":"ListItem","position":3,"name":"MODERNA CASA DE PUEBLO en SES SALINES Ref H146"}]},{"@type":"WebSite","@id":"https:\/\/www.casa-and-co.com\/es\/#website","url":"https:\/\/www.casa-and-co.com\/es\/","name":"Casa and Co","description":"Real Estate - Santany\u00ed - Mallorca","publisher":{"@id":"https:\/\/www.casa-and-co.com\/es\/#organization"},"potentialAction":[{"@type":"SearchAction","target":{"@type":"EntryPoint","urlTemplate":"https:\/\/www.casa-and-co.com\/es\/?s={search_term_string}"},"query-input":{"@type":"PropertyValueSpecification","valueRequired":true,"valueName":"search_term_string"}}],"inLanguage":"es"},{"@type":"Organization","@id":"https:\/\/www.casa-and-co.com\/es\/#organization","name":"Casa and Co","url":"https:\/\/www.casa-and-co.com\/es\/","logo":{"@type":"ImageObject","inLanguage":"es","@id":"https:\/\/www.casa-and-co.com\/es\/#\/schema\/logo\/image\/","url":"https:\/\/www.casa-and-co.com\/wp-content\/uploads\/2019\/08\/casa-and-co-inmobiliaria-real-estate-mallorca.png","contentUrl":"https:\/\/www.casa-and-co.com\/wp-content\/uploads\/2019\/08\/casa-and-co-inmobiliaria-real-estate-mallorca.png","width":200,"height":80,"caption":"Casa and Co"},"image":{"@id":"https:\/\/www.casa-and-co.com\/es\/#\/schema\/logo\/image\/"}}]}},"_links":{"self":[{"href":"https:\/\/www.casa-and-co.com\/es\/wp-json\/wp\/v2\/properties\/32586","targetHints":{"allow":["GET"]}}],"collection":[{"href":"https:\/\/www.casa-and-co.com\/es\/wp-json\/wp\/v2\/properties"}],"about":[{"href":"https:\/\/www.casa-and-co.com\/es\/wp-json\/wp\/v2\/types\/property"}],"author":[{"embeddable":true,"href":"https:\/\/www.casa-and-co.com\/es\/wp-json\/wp\/v2\/users\/2"}],"version-history":[{"count":1,"href":"https:\/\/www.casa-and-co.com\/es\/wp-json\/wp\/v2\/properties\/32586\/revisions"}],"predecessor-version":[{"id":32679,"href":"https:\/\/www.casa-and-co.com\/es\/wp-json\/wp\/v2\/properties\/32586\/revisions\/32679"}],"wp:featuredmedia":[{"embeddable":true,"href":"https:\/\/www.casa-and-co.com\/es\/wp-json\/wp\/v2\/media\/32643"}],"wp:attachment":[{"href":"https:\/\/www.casa-and-co.com\/es\/wp-json\/wp\/v2\/media?parent=32586"}],"wp:term":[{"taxonomy":"property_type","embeddable":true,"href":"https:\/\/www.casa-and-co.com\/es\/wp-json\/wp\/v2\/property_type?post=32586"},{"taxonomy":"property_status","embeddable":true,"href":"https:\/\/www.casa-and-co.com\/es\/wp-json\/wp\/v2\/property_status?post=32586"},{"taxonomy":"property_feature","embeddable":true,"href":"https:\/\/www.casa-and-co.com\/es\/wp-json\/wp\/v2\/property_feature?post=32586"},{"taxonomy":"property_label","embeddable":true,"href":"https:\/\/www.casa-and-co.com\/es\/wp-json\/wp\/v2\/property_label?post=32586"},{"taxonomy":"property_country","embeddable":true,"href":"https:\/\/www.casa-and-co.com\/es\/wp-json\/wp\/v2\/property_country?post=32586"},{"taxonomy":"property_state","embeddable":true,"href":"https:\/\/www.casa-and-co.com\/es\/wp-json\/wp\/v2\/property_state?post=32586"},{"taxonomy":"property_city","embeddable":true,"href":"https:\/\/www.casa-and-co.com\/es\/wp-json\/wp\/v2\/property_city?post=32586"},{"taxonomy":"property_area","embeddable":true,"href":"https:\/\/www.casa-and-co.com\/es\/wp-json\/wp\/v2\/property_area?post=32586"}],"curies":[{"name":"wp","href":"https:\/\/api.w.org\/{rel}","templated":true}]}}