{"id":32211,"date":"2023-04-26T09:10:18","date_gmt":"2023-04-26T09:10:18","guid":{"rendered":"https:\/\/www.casa-and-co.com\/?post_type=property&#038;p=32211"},"modified":"2025-04-29T10:27:06","modified_gmt":"2025-04-29T10:27:06","slug":"finca-mallorquina-con-caracter-en-santanyi-a-500-m-del-centro-con-piscina-y-licencia-alquiler-turistico-para-8-personas-ref-f147","status":"publish","type":"property","link":"https:\/\/www.casa-and-co.com\/es\/propiedades\/finca-mallorquina-con-caracter-en-santanyi-a-500-m-del-centro-con-piscina-y-licencia-alquiler-turistico-para-8-personas-ref-f147\/","title":{"rendered":"FINCA MALLORQUINA con car\u00e1cter en SANTANYI, a 500 m del centro. Con piscina y licencia alquiler tur\u00edstico para 8 personas. (REF. F147)"},"content":{"rendered":"<p>FINCA MALLORQUINA con car\u00e1cter en SANTANYI, a 500 m del centro.\u00a0 \u00a0 \u00a0(REF. F147)<\/p>\n<p>Con piscina y licencia alquiler tur\u00edstico para 8 personas.<\/p>\n<p>&nbsp;<\/p>\n<p>DATOS<br \/>\nsuperficie terreno de 26.617 m2<\/p>\n<p>Consta de una vivienda unifamiliar aislada con piscina, con una superficie en dos plantas de unos 515m2<br \/>\nLicencia para ampliar la construcci\u00f3n en 150 m\u00b2<\/p>\n<p>&nbsp;<\/p>\n<p>&nbsp;<\/p>\n<p>Paredes exteriores e interiores en piedra.<br \/>\nPiscina de 82 m2 de espejo de agua.<br \/>\nTerrazas de 520 m2<\/p>\n<p>Porches 160 m2<br \/>\nZona jard\u00edn con 1.800 m2 de c\u00e9sped.<br \/>\nSala de m\u00e1quinas subterr\u00e1nea 55 m2<br \/>\nReformada \u00edntegramente en el a\u00f1o 2.000.<\/p>\n<p>DISTRIBUCI\u00d3N :<\/p>\n<p>&nbsp;<\/p>\n<p>PLANTA BAJA de unos 235 m\u00b2 :<\/p>\n<p>Entrada, sala de estar y comedor, cocina grande equipada, un dormitorio con ba\u00f1o en-suite, 1 cuarto ropero lavander\u00eda, trastero, ba\u00f1o invitados.<\/p>\n<p>+ porches 160 m\u00b2<\/p>\n<p>PLANTA PISO de unos 120 m\u00b2 :<\/p>\n<p>3 dormitorios dobles, y 2 ba\u00f1os (uno de los dormitorios con ba\u00f1o en suite)<\/p>\n<p>Y terraza.<\/p>\n<p>&nbsp;<\/p>\n<p>OTROS\u2026:<br \/>\nConexi\u00f3n el\u00e9ctrica.<br \/>\nPozo de agua dulce legalizado.<br \/>\n1 aljibe de gran capacidad para riego jard\u00edn<br \/>\n1 aljibe para almacenamiento agua hogar<br \/>\nCalefacci\u00f3n central (radiadores) Gasoil.<br \/>\nPiscina por hidrolisis de sal.<br \/>\nPosibilidad suprimir torre el\u00e9ctrica (coste aprox 130.000 \u20ac)<\/p>\n<p>Zona tranquila y privada.<br \/>\nSituada a 8 minutos del mercado (caminando)<\/p>\n<p>&nbsp;<\/p>\n","protected":false},"excerpt":{"rendered":"<p>FINCA MALLORQUINA con car\u00e1cter en SANTANYI, a 500 m del centro.\u00a0 \u00a0 \u00a0(REF. F147) Con piscina y licencia alquiler tur\u00edstico para 8 personas. &nbsp; DATOS superficie terreno de 26.617 m2 Consta de una vivienda unifamiliar aislada con piscina, con una superficie en dos plantas de unos 515m2 Licencia para ampliar la construcci\u00f3n en 150 m\u00b2 [&hellip;]<\/p>\n","protected":false},"author":2,"featured_media":32236,"parent":0,"menu_order":23,"template":"","property_type":[318],"property_status":[78],"property_feature":[],"property_label":[453],"property_country":[],"property_state":[],"property_city":[426],"property_area":[],"class_list":["post-32211","property","type-property","status-publish","has-post-thumbnail","hentry","property_type-finca-es","property_status-en-venta","property_label-en-venta","property_city-santanyi"],"property_meta":{"_wpml_word_count":["{\"total\":263,\"to_translate\":{\"en\":263,\"fr\":263,\"de\":263}}"],"_edit_lock":["1682514325:2"],"_edit_last":["2"],"_wpml_media_featured":["1"],"_wpml_media_duplicate":["1"],"_wpml_location_migration_done":["1"],"_thumbnail_id":["32236"],"complete_open_graph":["a:7:{s:14:\"og:description\";s:0:\"\";s:8:\"og:title\";s:0:\"\";s:7:\"og:type\";s:0:\"\";s:12:\"twitter:card\";s:7:\"summary\";s:15:\"twitter:creator\";s:0:\"\";s:19:\"twitter:description\";s:0:\"\";s:8:\"og:image\";s:0:\"\";}"],"_yoast_wpseo_content_score":["90"],"_yoast_wpseo_estimated-reading-time-minutes":["1"],"_yoast_wpseo_wordproof_timestamp":[""],"fave_property_price":["3750000"],"fave_property_size":["515"],"fave_property_land":["26617"],"fave_property_bedrooms":["4"],"fave_property_bathrooms":["4"],"fave_property_id":["F147"],"fave_swimming-poolf5c61477e456a3":["82 m\u00b2"],"fave_heatf5c751dfe209c2":["si"],"fave_property_map":["1"],"fave_property_map_address":["Santanyi"],"fave_property_location":["39.354641987449,3.1277131898136,15"],"houzez_geolocation_lat":["39.354641987449"],"houzez_geolocation_long":["3.1277131898136"],"fave_property_map_street_view":["hide"],"fave_featured":["0"],"fave_loggedintoview":["0"],"fave_agent_display_option":["author_info"],"fave_prop_homeslider":["no"],"fave_single_top_area":["global"],"fave_single_content_area":["global"],"_wpml_media_has_media":["1"],"houzez_manual_expire":["0"],"_houzez_expiration_date_status":["saved"],"_yoast_wpseo_primary_property_type":["318"],"_yoast_wpseo_primary_property_status":["78"],"_yoast_wpseo_primary_property_feature":[""],"_yoast_wpseo_primary_property_label":["453"],"_yoast_wpseo_primary_property_country":[""],"_yoast_wpseo_primary_property_state":[""],"_yoast_wpseo_primary_property_city":["426"],"_yoast_wpseo_primary_property_area":[""],"fave_property_images":["32187","32179","32251","32167","32151","32228","32224","32220","32143","32147","32216","32203","32207","32232","32212","32195","32191","32183","32171","32159","32155"],"houzez_total_property_views":["1755"],"houzez_views_by_date":["a:61:{s:10:\"02-28-2026\";i:3;s:10:\"03-01-2026\";i:3;s:10:\"03-02-2026\";i:2;s:10:\"03-03-2026\";i:2;s:10:\"03-04-2026\";i:2;s:10:\"03-05-2026\";i:2;s:10:\"03-06-2026\";i:3;s:10:\"03-07-2026\";i:2;s:10:\"03-08-2026\";i:2;s:10:\"03-09-2026\";i:2;s:10:\"03-10-2026\";i:2;s:10:\"03-11-2026\";i:2;s:10:\"03-12-2026\";i:2;s:10:\"03-13-2026\";i:3;s:10:\"03-14-2026\";i:3;s:10:\"03-15-2026\";i:2;s:10:\"03-16-2026\";i:6;s:10:\"03-17-2026\";i:4;s:10:\"03-18-2026\";i:2;s:10:\"03-19-2026\";i:2;s:10:\"03-20-2026\";i:3;s:10:\"03-21-2026\";i:3;s:10:\"03-22-2026\";i:3;s:10:\"03-23-2026\";i:3;s:10:\"03-24-2026\";i:3;s:10:\"03-25-2026\";i:4;s:10:\"03-26-2026\";i:3;s:10:\"03-27-2026\";i:5;s:10:\"03-28-2026\";i:3;s:10:\"03-29-2026\";i:5;s:10:\"03-30-2026\";i:1;s:10:\"03-31-2026\";i:4;s:10:\"04-01-2026\";i:4;s:10:\"04-02-2026\";i:3;s:10:\"04-03-2026\";i:5;s:10:\"04-04-2026\";i:4;s:10:\"04-05-2026\";i:5;s:10:\"04-06-2026\";i:6;s:10:\"04-07-2026\";i:4;s:10:\"04-08-2026\";i:5;s:10:\"04-09-2026\";i:6;s:10:\"04-10-2026\";i:5;s:10:\"04-11-2026\";i:5;s:10:\"04-12-2026\";i:3;s:10:\"04-13-2026\";i:2;s:10:\"04-14-2026\";i:2;s:10:\"04-15-2026\";i:2;s:10:\"04-16-2026\";i:4;s:10:\"04-17-2026\";i:1;s:10:\"04-18-2026\";i:4;s:10:\"04-19-2026\";i:2;s:10:\"04-20-2026\";i:1;s:10:\"04-21-2026\";i:2;s:10:\"04-22-2026\";i:3;s:10:\"04-23-2026\";i:2;s:10:\"04-24-2026\";i:4;s:10:\"04-25-2026\";i:3;s:10:\"04-26-2026\";i:2;s:10:\"04-27-2026\";i:2;s:10:\"04-28-2026\";i:3;s:10:\"04-29-2026\";i:2;}"],"houzez_recently_viewed":["2026-04-29 03:21:44"],"rank_math_primary_property_type":["318"],"rank_math_primary_property_status":["78"],"rank_math_primary_property_feature":[""],"rank_math_primary_property_label":["453"],"rank_math_primary_property_country":[""],"rank_math_primary_property_state":[""],"rank_math_primary_property_city":["426"],"rank_math_primary_property_area":[""],"rank_math_news_sitemap_robots":["index"],"rank_math_robots":["a:1:{i:0;s:5:\"index\";}"],"_elementor_page_assets":["a:0:{}"]},"yoast_head":"<!-- This site is optimized with the Yoast SEO plugin v26.9 - https:\/\/yoast.com\/product\/yoast-seo-wordpress\/ -->\n<title>FINCA MALLORQUINA con car\u00e1cter en SANTANYI, a 500 m del centro. Con piscina y licencia alquiler tur\u00edstico para 8 personas. (REF. F147) - Casa and Co<\/title>\n<meta name=\"robots\" content=\"index, follow, max-snippet:-1, max-image-preview:large, max-video-preview:-1\" \/>\n<link rel=\"canonical\" href=\"https:\/\/www.casa-and-co.com\/es\/propiedades\/finca-mallorquina-con-caracter-en-santanyi-a-500-m-del-centro-con-piscina-y-licencia-alquiler-turistico-para-8-personas-ref-f147\/\" \/>\n<meta property=\"og:locale\" content=\"es_ES\" \/>\n<meta property=\"og:type\" content=\"article\" \/>\n<meta property=\"og:title\" content=\"FINCA MALLORQUINA con car\u00e1cter en SANTANYI, a 500 m del centro. Con piscina y licencia alquiler tur\u00edstico para 8 personas. (REF. F147) - Casa and Co\" \/>\n<meta property=\"og:description\" content=\"FINCA MALLORQUINA con car\u00e1cter en SANTANYI, a 500 m del centro.\u00a0 \u00a0 \u00a0(REF. F147) Con piscina y licencia alquiler tur\u00edstico para 8 personas. &nbsp; DATOS superficie terreno de 26.617 m2 Consta de una vivienda unifamiliar aislada con piscina, con una superficie en dos plantas de unos 515m2 Licencia para ampliar la construcci\u00f3n en 150 m\u00b2 [&hellip;]\" \/>\n<meta property=\"og:url\" content=\"https:\/\/www.casa-and-co.com\/es\/propiedades\/finca-mallorquina-con-caracter-en-santanyi-a-500-m-del-centro-con-piscina-y-licencia-alquiler-turistico-para-8-personas-ref-f147\/\" \/>\n<meta property=\"og:site_name\" content=\"Casa and Co\" \/>\n<meta property=\"article:modified_time\" content=\"2025-04-29T10:27:06+00:00\" \/>\n<meta property=\"og:image\" content=\"https:\/\/www.casa-and-co.com\/wp-content\/uploads\/2023\/04\/20230406_110922-1.jpg\" \/>\n\t<meta property=\"og:image:width\" content=\"1500\" \/>\n\t<meta property=\"og:image:height\" content=\"1125\" \/>\n\t<meta property=\"og:image:type\" content=\"image\/jpeg\" \/>\n<meta name=\"twitter:card\" content=\"summary_large_image\" \/>\n<meta name=\"twitter:label1\" content=\"Tiempo de lectura\" \/>\n\t<meta name=\"twitter:data1\" content=\"1 minuto\" \/>\n<script type=\"application\/ld+json\" class=\"yoast-schema-graph\">{\"@context\":\"https:\/\/schema.org\",\"@graph\":[{\"@type\":\"WebPage\",\"@id\":\"https:\/\/www.casa-and-co.com\/es\/propiedades\/finca-mallorquina-con-caracter-en-santanyi-a-500-m-del-centro-con-piscina-y-licencia-alquiler-turistico-para-8-personas-ref-f147\/\",\"url\":\"https:\/\/www.casa-and-co.com\/es\/propiedades\/finca-mallorquina-con-caracter-en-santanyi-a-500-m-del-centro-con-piscina-y-licencia-alquiler-turistico-para-8-personas-ref-f147\/\",\"name\":\"FINCA MALLORQUINA con car\u00e1cter en SANTANYI, a 500 m del centro. Con piscina y licencia alquiler tur\u00edstico para 8 personas. (REF. F147) - Casa and Co\",\"isPartOf\":{\"@id\":\"https:\/\/www.casa-and-co.com\/es\/#website\"},\"primaryImageOfPage\":{\"@id\":\"https:\/\/www.casa-and-co.com\/es\/propiedades\/finca-mallorquina-con-caracter-en-santanyi-a-500-m-del-centro-con-piscina-y-licencia-alquiler-turistico-para-8-personas-ref-f147\/#primaryimage\"},\"image\":{\"@id\":\"https:\/\/www.casa-and-co.com\/es\/propiedades\/finca-mallorquina-con-caracter-en-santanyi-a-500-m-del-centro-con-piscina-y-licencia-alquiler-turistico-para-8-personas-ref-f147\/#primaryimage\"},\"thumbnailUrl\":\"https:\/\/www.casa-and-co.com\/wp-content\/uploads\/2023\/04\/20230406_110922-1.jpg\",\"datePublished\":\"2023-04-26T09:10:18+00:00\",\"dateModified\":\"2025-04-29T10:27:06+00:00\",\"breadcrumb\":{\"@id\":\"https:\/\/www.casa-and-co.com\/es\/propiedades\/finca-mallorquina-con-caracter-en-santanyi-a-500-m-del-centro-con-piscina-y-licencia-alquiler-turistico-para-8-personas-ref-f147\/#breadcrumb\"},\"inLanguage\":\"es\",\"potentialAction\":[{\"@type\":\"ReadAction\",\"target\":[\"https:\/\/www.casa-and-co.com\/es\/propiedades\/finca-mallorquina-con-caracter-en-santanyi-a-500-m-del-centro-con-piscina-y-licencia-alquiler-turistico-para-8-personas-ref-f147\/\"]}]},{\"@type\":\"ImageObject\",\"inLanguage\":\"es\",\"@id\":\"https:\/\/www.casa-and-co.com\/es\/propiedades\/finca-mallorquina-con-caracter-en-santanyi-a-500-m-del-centro-con-piscina-y-licencia-alquiler-turistico-para-8-personas-ref-f147\/#primaryimage\",\"url\":\"https:\/\/www.casa-and-co.com\/wp-content\/uploads\/2023\/04\/20230406_110922-1.jpg\",\"contentUrl\":\"https:\/\/www.casa-and-co.com\/wp-content\/uploads\/2023\/04\/20230406_110922-1.jpg\",\"width\":1500,\"height\":1125},{\"@type\":\"BreadcrumbList\",\"@id\":\"https:\/\/www.casa-and-co.com\/es\/propiedades\/finca-mallorquina-con-caracter-en-santanyi-a-500-m-del-centro-con-piscina-y-licencia-alquiler-turistico-para-8-personas-ref-f147\/#breadcrumb\",\"itemListElement\":[{\"@type\":\"ListItem\",\"position\":1,\"name\":\"Portada\",\"item\":\"https:\/\/www.casa-and-co.com\/es\/\"},{\"@type\":\"ListItem\",\"position\":2,\"name\":\"Propiedades\",\"item\":\"https:\/\/www.casa-and-co.com\/es\/propiedades\/\"},{\"@type\":\"ListItem\",\"position\":3,\"name\":\"FINCA MALLORQUINA con car\u00e1cter en SANTANYI, a 500 m del centro. Con piscina y licencia alquiler tur\u00edstico para 8 personas. (REF. F147)\"}]},{\"@type\":\"WebSite\",\"@id\":\"https:\/\/www.casa-and-co.com\/es\/#website\",\"url\":\"https:\/\/www.casa-and-co.com\/es\/\",\"name\":\"Casa and Co\",\"description\":\"Real Estate - Santany\u00ed - Mallorca\",\"publisher\":{\"@id\":\"https:\/\/www.casa-and-co.com\/es\/#organization\"},\"potentialAction\":[{\"@type\":\"SearchAction\",\"target\":{\"@type\":\"EntryPoint\",\"urlTemplate\":\"https:\/\/www.casa-and-co.com\/es\/?s={search_term_string}\"},\"query-input\":{\"@type\":\"PropertyValueSpecification\",\"valueRequired\":true,\"valueName\":\"search_term_string\"}}],\"inLanguage\":\"es\"},{\"@type\":\"Organization\",\"@id\":\"https:\/\/www.casa-and-co.com\/es\/#organization\",\"name\":\"Casa and Co\",\"url\":\"https:\/\/www.casa-and-co.com\/es\/\",\"logo\":{\"@type\":\"ImageObject\",\"inLanguage\":\"es\",\"@id\":\"https:\/\/www.casa-and-co.com\/es\/#\/schema\/logo\/image\/\",\"url\":\"https:\/\/www.casa-and-co.com\/wp-content\/uploads\/2019\/08\/casa-and-co-inmobiliaria-real-estate-mallorca.png\",\"contentUrl\":\"https:\/\/www.casa-and-co.com\/wp-content\/uploads\/2019\/08\/casa-and-co-inmobiliaria-real-estate-mallorca.png\",\"width\":200,\"height\":80,\"caption\":\"Casa and Co\"},\"image\":{\"@id\":\"https:\/\/www.casa-and-co.com\/es\/#\/schema\/logo\/image\/\"}}]}<\/script>\n<!-- \/ Yoast SEO plugin. -->","yoast_head_json":{"title":"FINCA MALLORQUINA con car\u00e1cter en SANTANYI, a 500 m del centro. Con piscina y licencia alquiler tur\u00edstico para 8 personas. (REF. F147) - Casa and Co","robots":{"index":"index","follow":"follow","max-snippet":"max-snippet:-1","max-image-preview":"max-image-preview:large","max-video-preview":"max-video-preview:-1"},"canonical":"https:\/\/www.casa-and-co.com\/es\/propiedades\/finca-mallorquina-con-caracter-en-santanyi-a-500-m-del-centro-con-piscina-y-licencia-alquiler-turistico-para-8-personas-ref-f147\/","og_locale":"es_ES","og_type":"article","og_title":"FINCA MALLORQUINA con car\u00e1cter en SANTANYI, a 500 m del centro. Con piscina y licencia alquiler tur\u00edstico para 8 personas. (REF. F147) - Casa and Co","og_description":"FINCA MALLORQUINA con car\u00e1cter en SANTANYI, a 500 m del centro.\u00a0 \u00a0 \u00a0(REF. F147) Con piscina y licencia alquiler tur\u00edstico para 8 personas. &nbsp; DATOS superficie terreno de 26.617 m2 Consta de una vivienda unifamiliar aislada con piscina, con una superficie en dos plantas de unos 515m2 Licencia para ampliar la construcci\u00f3n en 150 m\u00b2 [&hellip;]","og_url":"https:\/\/www.casa-and-co.com\/es\/propiedades\/finca-mallorquina-con-caracter-en-santanyi-a-500-m-del-centro-con-piscina-y-licencia-alquiler-turistico-para-8-personas-ref-f147\/","og_site_name":"Casa and Co","article_modified_time":"2025-04-29T10:27:06+00:00","og_image":[{"width":1500,"height":1125,"url":"https:\/\/www.casa-and-co.com\/wp-content\/uploads\/2023\/04\/20230406_110922-1.jpg","type":"image\/jpeg"}],"twitter_card":"summary_large_image","twitter_misc":{"Tiempo de lectura":"1 minuto"},"schema":{"@context":"https:\/\/schema.org","@graph":[{"@type":"WebPage","@id":"https:\/\/www.casa-and-co.com\/es\/propiedades\/finca-mallorquina-con-caracter-en-santanyi-a-500-m-del-centro-con-piscina-y-licencia-alquiler-turistico-para-8-personas-ref-f147\/","url":"https:\/\/www.casa-and-co.com\/es\/propiedades\/finca-mallorquina-con-caracter-en-santanyi-a-500-m-del-centro-con-piscina-y-licencia-alquiler-turistico-para-8-personas-ref-f147\/","name":"FINCA MALLORQUINA con car\u00e1cter en SANTANYI, a 500 m del centro. Con piscina y licencia alquiler tur\u00edstico para 8 personas. (REF. F147) - Casa and Co","isPartOf":{"@id":"https:\/\/www.casa-and-co.com\/es\/#website"},"primaryImageOfPage":{"@id":"https:\/\/www.casa-and-co.com\/es\/propiedades\/finca-mallorquina-con-caracter-en-santanyi-a-500-m-del-centro-con-piscina-y-licencia-alquiler-turistico-para-8-personas-ref-f147\/#primaryimage"},"image":{"@id":"https:\/\/www.casa-and-co.com\/es\/propiedades\/finca-mallorquina-con-caracter-en-santanyi-a-500-m-del-centro-con-piscina-y-licencia-alquiler-turistico-para-8-personas-ref-f147\/#primaryimage"},"thumbnailUrl":"https:\/\/www.casa-and-co.com\/wp-content\/uploads\/2023\/04\/20230406_110922-1.jpg","datePublished":"2023-04-26T09:10:18+00:00","dateModified":"2025-04-29T10:27:06+00:00","breadcrumb":{"@id":"https:\/\/www.casa-and-co.com\/es\/propiedades\/finca-mallorquina-con-caracter-en-santanyi-a-500-m-del-centro-con-piscina-y-licencia-alquiler-turistico-para-8-personas-ref-f147\/#breadcrumb"},"inLanguage":"es","potentialAction":[{"@type":"ReadAction","target":["https:\/\/www.casa-and-co.com\/es\/propiedades\/finca-mallorquina-con-caracter-en-santanyi-a-500-m-del-centro-con-piscina-y-licencia-alquiler-turistico-para-8-personas-ref-f147\/"]}]},{"@type":"ImageObject","inLanguage":"es","@id":"https:\/\/www.casa-and-co.com\/es\/propiedades\/finca-mallorquina-con-caracter-en-santanyi-a-500-m-del-centro-con-piscina-y-licencia-alquiler-turistico-para-8-personas-ref-f147\/#primaryimage","url":"https:\/\/www.casa-and-co.com\/wp-content\/uploads\/2023\/04\/20230406_110922-1.jpg","contentUrl":"https:\/\/www.casa-and-co.com\/wp-content\/uploads\/2023\/04\/20230406_110922-1.jpg","width":1500,"height":1125},{"@type":"BreadcrumbList","@id":"https:\/\/www.casa-and-co.com\/es\/propiedades\/finca-mallorquina-con-caracter-en-santanyi-a-500-m-del-centro-con-piscina-y-licencia-alquiler-turistico-para-8-personas-ref-f147\/#breadcrumb","itemListElement":[{"@type":"ListItem","position":1,"name":"Portada","item":"https:\/\/www.casa-and-co.com\/es\/"},{"@type":"ListItem","position":2,"name":"Propiedades","item":"https:\/\/www.casa-and-co.com\/es\/propiedades\/"},{"@type":"ListItem","position":3,"name":"FINCA MALLORQUINA con car\u00e1cter en SANTANYI, a 500 m del centro. Con piscina y licencia alquiler tur\u00edstico para 8 personas. (REF. F147)"}]},{"@type":"WebSite","@id":"https:\/\/www.casa-and-co.com\/es\/#website","url":"https:\/\/www.casa-and-co.com\/es\/","name":"Casa and Co","description":"Real Estate - Santany\u00ed - Mallorca","publisher":{"@id":"https:\/\/www.casa-and-co.com\/es\/#organization"},"potentialAction":[{"@type":"SearchAction","target":{"@type":"EntryPoint","urlTemplate":"https:\/\/www.casa-and-co.com\/es\/?s={search_term_string}"},"query-input":{"@type":"PropertyValueSpecification","valueRequired":true,"valueName":"search_term_string"}}],"inLanguage":"es"},{"@type":"Organization","@id":"https:\/\/www.casa-and-co.com\/es\/#organization","name":"Casa and Co","url":"https:\/\/www.casa-and-co.com\/es\/","logo":{"@type":"ImageObject","inLanguage":"es","@id":"https:\/\/www.casa-and-co.com\/es\/#\/schema\/logo\/image\/","url":"https:\/\/www.casa-and-co.com\/wp-content\/uploads\/2019\/08\/casa-and-co-inmobiliaria-real-estate-mallorca.png","contentUrl":"https:\/\/www.casa-and-co.com\/wp-content\/uploads\/2019\/08\/casa-and-co-inmobiliaria-real-estate-mallorca.png","width":200,"height":80,"caption":"Casa and Co"},"image":{"@id":"https:\/\/www.casa-and-co.com\/es\/#\/schema\/logo\/image\/"}}]}},"_links":{"self":[{"href":"https:\/\/www.casa-and-co.com\/es\/wp-json\/wp\/v2\/properties\/32211","targetHints":{"allow":["GET"]}}],"collection":[{"href":"https:\/\/www.casa-and-co.com\/es\/wp-json\/wp\/v2\/properties"}],"about":[{"href":"https:\/\/www.casa-and-co.com\/es\/wp-json\/wp\/v2\/types\/property"}],"author":[{"embeddable":true,"href":"https:\/\/www.casa-and-co.com\/es\/wp-json\/wp\/v2\/users\/2"}],"version-history":[{"count":1,"href":"https:\/\/www.casa-and-co.com\/es\/wp-json\/wp\/v2\/properties\/32211\/revisions"}],"predecessor-version":[{"id":32244,"href":"https:\/\/www.casa-and-co.com\/es\/wp-json\/wp\/v2\/properties\/32211\/revisions\/32244"}],"wp:featuredmedia":[{"embeddable":true,"href":"https:\/\/www.casa-and-co.com\/es\/wp-json\/wp\/v2\/media\/32236"}],"wp:attachment":[{"href":"https:\/\/www.casa-and-co.com\/es\/wp-json\/wp\/v2\/media?parent=32211"}],"wp:term":[{"taxonomy":"property_type","embeddable":true,"href":"https:\/\/www.casa-and-co.com\/es\/wp-json\/wp\/v2\/property_type?post=32211"},{"taxonomy":"property_status","embeddable":true,"href":"https:\/\/www.casa-and-co.com\/es\/wp-json\/wp\/v2\/property_status?post=32211"},{"taxonomy":"property_feature","embeddable":true,"href":"https:\/\/www.casa-and-co.com\/es\/wp-json\/wp\/v2\/property_feature?post=32211"},{"taxonomy":"property_label","embeddable":true,"href":"https:\/\/www.casa-and-co.com\/es\/wp-json\/wp\/v2\/property_label?post=32211"},{"taxonomy":"property_country","embeddable":true,"href":"https:\/\/www.casa-and-co.com\/es\/wp-json\/wp\/v2\/property_country?post=32211"},{"taxonomy":"property_state","embeddable":true,"href":"https:\/\/www.casa-and-co.com\/es\/wp-json\/wp\/v2\/property_state?post=32211"},{"taxonomy":"property_city","embeddable":true,"href":"https:\/\/www.casa-and-co.com\/es\/wp-json\/wp\/v2\/property_city?post=32211"},{"taxonomy":"property_area","embeddable":true,"href":"https:\/\/www.casa-and-co.com\/es\/wp-json\/wp\/v2\/property_area?post=32211"}],"curies":[{"name":"wp","href":"https:\/\/api.w.org\/{rel}","templated":true}]}}